{"id":31854,"date":"2021-04-13T21:06:45","date_gmt":"2021-04-13T19:06:45","guid":{"rendered":"https:\/\/aigal.ch\/?page_id=31854"},"modified":"2024-05-29T18:23:41","modified_gmt":"2024-05-29T16:23:41","slug":"photographe-mariage-nyon","status":"publish","type":"page","link":"https:\/\/aigal.ch\/en\/photographe-mariage-nyon\/","title":{"rendered":"Photographe de mariage \u00e0 Nyon"},"content":{"rendered":"\t\t<div data-elementor-type=\"wp-page\" data-elementor-id=\"31854\" class=\"elementor elementor-31854\" data-elementor-post-type=\"page\">\n\t\t\t\t<div class=\"elementor-element elementor-element-d2b3958 e-con-full e-flex e-con e-parent\" data-id=\"d2b3958\" data-element_type=\"container\" data-e-type=\"container\">\n\t\t\t\t<div class=\"elementor-element elementor-element-df78013 elementor-widget elementor-widget-template\" data-id=\"df78013\" data-element_type=\"widget\" data-e-type=\"widget\" data-widget_type=\"template.default\">\n\t\t\t\t<div class=\"elementor-widget-container\">\n\t\t\t\t\t\t\t<div class=\"elementor-template\">\n\t\t\t\t\t<div data-elementor-type=\"page\" data-elementor-id=\"37625\" class=\"elementor elementor-37625\" data-elementor-post-type=\"elementor_library\">\n\t\t\t\t<div class=\"elementor-element elementor-element-140ed29 e-flex e-con-boxed e-con e-parent\" data-id=\"140ed29\" data-element_type=\"container\" data-e-type=\"container\">\n\t\t\t\t\t<div class=\"e-con-inner\">\n\t\t<div class=\"elementor-element elementor-element-6a844a5 e-con-full e-flex e-con e-child\" data-id=\"6a844a5\" data-element_type=\"container\" data-e-type=\"container\">\n\t\t\t\t<div class=\"elementor-element elementor-element-6ba7d82 elementor-widget__width-auto elementor-widget elementor-widget-heading\" data-id=\"6ba7d82\" data-element_type=\"widget\" data-e-type=\"widget\" data-widget_type=\"heading.default\">\n\t\t\t\t<div class=\"elementor-widget-container\">\n\t\t\t\t\t<h1 class=\"elementor-heading-title elementor-size-default\">Photographe de mariage  \u00e0 Nyon<\/h1>\t\t\t\t<\/div>\n\t\t\t\t<\/div>\n\t\t\t\t<div class=\"elementor-element elementor-element-e6f976c elementor-widget__width-auto elementor-widget elementor-widget-heading\" data-id=\"e6f976c\" data-element_type=\"widget\" data-e-type=\"widget\" data-widget_type=\"heading.default\">\n\t\t\t\t<div class=\"elementor-widget-container\">\n\t\t\t\t\t<p class=\"elementor-heading-title elementor-size-default\">pour les<\/p>\t\t\t\t<\/div>\n\t\t\t\t<\/div>\n\t\t\t\t<div class=\"elementor-element elementor-element-3d2490f elementor-widget__width-auto elementor-widget elementor-widget-heading\" data-id=\"3d2490f\" data-element_type=\"widget\" data-e-type=\"widget\" data-widget_type=\"heading.default\">\n\t\t\t\t<div class=\"elementor-widget-container\">\n\t\t\t\t\t<p class=\"elementor-heading-title elementor-size-default\">romantiques modernes<\/p>\t\t\t\t<\/div>\n\t\t\t\t<\/div>\n\t\t\t\t<div class=\"elementor-element elementor-element-26369fa elementor-widget__width-inherit elementor-widget elementor-widget-text-editor\" data-id=\"26369fa\" data-element_type=\"widget\" data-e-type=\"widget\" data-widget_type=\"text-editor.default\">\n\t\t\t\t<div class=\"elementor-widget-container\">\n\t\t\t\t\t\t\t\t\t<p>Photographe de mariage \u00e0 Nyon, je transformerai chaque moment pr\u00e9cieux de votre grand jour en souvenirs intemporels.<\/p>\n<p>Faites confiance \u00e0 ma passion et \u00e0 mon expertise pour immortaliser chaque sourire, chaque regard et chaque \u00e9motion. Ensemble, nous r\u00e9aliserons un reportage photo de mariage qui raconte votre histoire d&rsquo;amour de la mani\u00e8re la plus authentique et artistique possible.<\/p>\n<p>Id\u00e9alement situ\u00e9e sur les rives du lac L\u00e9man et entour\u00e9e de magnifiques paysages, Nyon est un endroit id\u00e9al pour illustrer vos belles photos de mariage.<\/p>\n<p>Il y a plusieurs endroits pittoresques pour prendre des photos \u00e0 Nyon, tels que la vieille ville avec ses rues pav\u00e9es, la promenade du lac avec sa vue sur le lac et les Alpes, le ch\u00e2teau de Nyon avec ses jardins, ou encore les vignobles environnants qui offrent une vue sur les montagnes et le lac.<\/p>\n<p>Je capture l&rsquo;essence de votre amour et la beaut\u00e9 de votre c\u00e9l\u00e9bration, je me r\u00e9jouis de vous photographier \u00e0 Nyon \ud83d\ude42<\/p>\n\t\t\t\t\t\t\t\t<\/div>\n\t\t\t\t<\/div>\n\t\t\t\t<\/div>\n\t\t\t\t<div class=\"elementor-element elementor-element-4ae481d elementor-widget__width-initial elementor-widget-mobile__width-inherit elementor-widget elementor-widget-image\" data-id=\"4ae481d\" data-element_type=\"widget\" data-e-type=\"widget\" data-widget_type=\"image.default\">\n\t\t\t\t<div class=\"elementor-widget-container\">\n\t\t\t\t\t\t\t\t\t\t\t\t\t\t\t<img decoding=\"async\" width=\"683\" height=\"1024\" src=\"https:\/\/aigal.ch\/wp-content\/uploads\/2023\/03\/Mariage_Nyon_04694.jpg\" class=\"attachment-large size-large wp-image-35368\" alt=\"\" srcset=\"https:\/\/aigal.ch\/wp-content\/uploads\/2023\/03\/Mariage_Nyon_04694.jpg 1366w, https:\/\/aigal.ch\/wp-content\/uploads\/2023\/03\/Mariage_Nyon_04694-683x1024.jpg 683w, https:\/\/aigal.ch\/wp-content\/uploads\/2023\/03\/Mariage_Nyon_04694-200x300.jpg 200w, https:\/\/aigal.ch\/wp-content\/uploads\/2023\/03\/Mariage_Nyon_04694-768x1151.jpg 768w, https:\/\/aigal.ch\/wp-content\/uploads\/2023\/03\/Mariage_Nyon_04694-1025x1536.jpg 1025w, https:\/\/aigal.ch\/wp-content\/uploads\/2023\/03\/Mariage_Nyon_04694-8x12.jpg 8w\" sizes=\"(max-width: 683px) 100vw, 683px\" title=\"\">\t\t\t\t\t\t\t\t\t\t\t\t\t\t\t<\/div>\n\t\t\t\t<\/div>\n\t\t\t\t<div class=\"elementor-element elementor-element-77fd96dd elementor-widget__width-inherit elementor-widget elementor-widget-gallery\" data-id=\"77fd96dd\" data-element_type=\"widget\" data-e-type=\"widget\" data-settings=\"{&quot;overlay_description&quot;:&quot;caption&quot;,&quot;columns&quot;:3,&quot;gap&quot;:{&quot;unit&quot;:&quot;px&quot;,&quot;size&quot;:20,&quot;sizes&quot;:[]},&quot;columns_mobile&quot;:3,&quot;columns_tablet&quot;:3,&quot;aspect_ratio&quot;:&quot;9:16&quot;,&quot;lazyload&quot;:&quot;yes&quot;,&quot;gallery_layout&quot;:&quot;grid&quot;,&quot;gap_tablet&quot;:{&quot;unit&quot;:&quot;px&quot;,&quot;size&quot;:10,&quot;sizes&quot;:[]},&quot;gap_mobile&quot;:{&quot;unit&quot;:&quot;px&quot;,&quot;size&quot;:10,&quot;sizes&quot;:[]},&quot;overlay_background&quot;:&quot;yes&quot;,&quot;content_hover_animation&quot;:&quot;fade-in&quot;}\" data-widget_type=\"gallery.default\">\n\t\t\t\t<div class=\"elementor-widget-container\">\n\t\t\t\t\t\t\t<div class=\"elementor-gallery__container\">\n\t\t\t\t\t\t\t<div class=\"e-gallery-item elementor-gallery-item elementor-animated-content\">\n\t\t\t\t\t<div class=\"e-gallery-image elementor-gallery-item__image\" data-thumbnail=\"https:\/\/aigal.ch\/wp-content\/uploads\/2022\/05\/R3_05360.jpg\" data-width=\"683\" data-height=\"1024\" aria-label=\"Photographe mariage Prilly Vaud Hotel du Leman\" role=\"img\" ><\/div>\n\t\t\t\t\t\t\t\t\t\t\t<div class=\"elementor-gallery-item__overlay\"><\/div>\n\t\t\t\t\t\t\t\t\t\t\t\t\t\t\t<div class=\"elementor-gallery-item__content\">\n\t\t\t\t\t\t\t\t\t\t\t\t\t\t<div class=\"elementor-gallery-item__description\">\n\t\t\t\t\t\t\t\t\t\t\t\t\t\t\t\t\t\tMariage \u00e0 Prilly Vaud Hotel du Leman\t\t\t\t\t\t\t\t<\/div>\n\t\t\t\t\t\t\t\t\t\t\t\t<\/div>\n\t\t\t\t\t\t\t\t\t<\/div>\n\t\t\t\t\t\t\t<div class=\"e-gallery-item elementor-gallery-item elementor-animated-content\">\n\t\t\t\t\t<div class=\"e-gallery-image elementor-gallery-item__image\" data-thumbnail=\"https:\/\/aigal.ch\/wp-content\/uploads\/2025\/08\/250524-Aigal_08491-683x1024.jpg\" data-width=\"683\" data-height=\"1024\" aria-label=\"Photographe mariage Gen\u00e8ve au restaurant Il Mirtillo\" role=\"img\" ><\/div>\n\t\t\t\t\t\t\t\t\t\t\t<div class=\"elementor-gallery-item__overlay\"><\/div>\n\t\t\t\t\t\t\t\t\t\t\t\t\t\t\t<div class=\"elementor-gallery-item__content\">\n\t\t\t\t\t\t\t\t\t\t\t\t\t\t<div class=\"elementor-gallery-item__description\">\n\t\t\t\t\t\t\t\t\t\t\t\t\t\t\t\t\t\tPhotographe mariage au restaurant Il Mirtillo \u00e0 Gen\u00e8ve\t\t\t\t\t\t\t\t<\/div>\n\t\t\t\t\t\t\t\t\t\t\t\t<\/div>\n\t\t\t\t\t\t\t\t\t<\/div>\n\t\t\t\t\t\t\t<div class=\"e-gallery-item elementor-gallery-item elementor-animated-content\">\n\t\t\t\t\t<div class=\"e-gallery-image elementor-gallery-item__image\" data-thumbnail=\"https:\/\/aigal.ch\/wp-content\/uploads\/2025\/08\/250524-Aigal_08509-683x1024.jpg\" data-width=\"683\" data-height=\"1024\" aria-label=\"Photographe mariage Gen\u00e8ve au restaurant Il Mirtillo\" role=\"img\" ><\/div>\n\t\t\t\t\t\t\t\t\t\t\t<div class=\"elementor-gallery-item__overlay\"><\/div>\n\t\t\t\t\t\t\t\t\t\t\t\t\t\t\t<div class=\"elementor-gallery-item__content\">\n\t\t\t\t\t\t\t\t\t\t\t\t\t\t<div class=\"elementor-gallery-item__description\">\n\t\t\t\t\t\t\t\t\t\t\t\t\t\t\t\t\t\tPhotographe mariage au restaurant Il Mirtillo \u00e0 Gen\u00e8ve\t\t\t\t\t\t\t\t<\/div>\n\t\t\t\t\t\t\t\t\t\t\t\t<\/div>\n\t\t\t\t\t\t\t\t\t<\/div>\n\t\t\t\t\t\t\t<div class=\"e-gallery-item elementor-gallery-item elementor-animated-content\">\n\t\t\t\t\t<div class=\"e-gallery-image elementor-gallery-item__image\" data-thumbnail=\"https:\/\/aigal.ch\/wp-content\/uploads\/2023\/05\/1755_IMG_6250.jpg\" data-width=\"683\" data-height=\"1024\" aria-label=\"Photographe Mariage asiatique Bourgogne Ch\u00e2teau de Vallery\" role=\"img\" ><\/div>\n\t\t\t\t\t\t\t\t\t\t\t<div class=\"elementor-gallery-item__overlay\"><\/div>\n\t\t\t\t\t\t\t\t\t\t\t\t\t\t\t<div class=\"elementor-gallery-item__content\">\n\t\t\t\t\t\t\t\t\t\t\t\t\t\t<div class=\"elementor-gallery-item__description\">\n\t\t\t\t\t\t\t\t\t\t\t\t\t\t\t\t\t\tMariage au Ch\u00e2teau de Vallery en Bourgogne\t\t\t\t\t\t\t\t<\/div>\n\t\t\t\t\t\t\t\t\t\t\t\t<\/div>\n\t\t\t\t\t\t\t\t\t<\/div>\n\t\t\t\t\t\t\t<div class=\"e-gallery-item elementor-gallery-item elementor-animated-content\">\n\t\t\t\t\t<div class=\"e-gallery-image elementor-gallery-item__image\" data-thumbnail=\"https:\/\/aigal.ch\/wp-content\/uploads\/2024\/03\/Aigal_230731170530_03389.jpg\" data-width=\"683\" data-height=\"1024\" aria-label=\"Photo d&#039;un elopement dans les Alpes Suisses\" role=\"img\" ><\/div>\n\t\t\t\t\t\t\t\t\t\t\t<div class=\"elementor-gallery-item__overlay\"><\/div>\n\t\t\t\t\t\t\t\t\t\t\t\t\t\t\t<div class=\"elementor-gallery-item__content\">\n\t\t\t\t\t\t\t\t\t\t\t<\/div>\n\t\t\t\t\t\t\t\t\t<\/div>\n\t\t\t\t\t\t\t<div class=\"e-gallery-item elementor-gallery-item elementor-animated-content\">\n\t\t\t\t\t<div class=\"e-gallery-image elementor-gallery-item__image\" data-thumbnail=\"https:\/\/aigal.ch\/wp-content\/uploads\/2024\/05\/AigalWedding_02679.jpg\" data-width=\"683\" data-height=\"1024\" aria-label=\"\" role=\"img\" ><\/div>\n\t\t\t\t\t\t\t\t\t\t\t<div class=\"elementor-gallery-item__overlay\"><\/div>\n\t\t\t\t\t\t\t\t\t\t\t\t\t\t\t<div class=\"elementor-gallery-item__content\">\n\t\t\t\t\t\t\t\t\t\t\t<\/div>\n\t\t\t\t\t\t\t\t\t<\/div>\n\t\t\t\t\t\t\t<div class=\"e-gallery-item elementor-gallery-item elementor-animated-content\">\n\t\t\t\t\t<div class=\"e-gallery-image elementor-gallery-item__image\" data-thumbnail=\"https:\/\/aigal.ch\/wp-content\/uploads\/2024\/05\/1_00257.jpg\" data-width=\"683\" data-height=\"1024\" aria-label=\"\" role=\"img\" ><\/div>\n\t\t\t\t\t\t\t\t\t\t\t<div class=\"elementor-gallery-item__overlay\"><\/div>\n\t\t\t\t\t\t\t\t\t\t\t\t\t\t\t<div class=\"elementor-gallery-item__content\">\n\t\t\t\t\t\t\t\t\t\t\t<\/div>\n\t\t\t\t\t\t\t\t\t<\/div>\n\t\t\t\t\t\t\t<div class=\"e-gallery-item elementor-gallery-item elementor-animated-content\">\n\t\t\t\t\t<div class=\"e-gallery-image elementor-gallery-item__image\" data-thumbnail=\"https:\/\/aigal.ch\/wp-content\/uploads\/2024\/05\/1_6206.jpg\" data-width=\"800\" data-height=\"534\" aria-label=\"\" role=\"img\" ><\/div>\n\t\t\t\t\t\t\t\t\t\t\t<div class=\"elementor-gallery-item__overlay\"><\/div>\n\t\t\t\t\t\t\t\t\t\t\t\t\t\t\t<div class=\"elementor-gallery-item__content\">\n\t\t\t\t\t\t\t\t\t\t\t<\/div>\n\t\t\t\t\t\t\t\t\t<\/div>\n\t\t\t\t\t\t\t<div class=\"e-gallery-item elementor-gallery-item elementor-animated-content\">\n\t\t\t\t\t<div class=\"e-gallery-image elementor-gallery-item__image\" data-thumbnail=\"https:\/\/aigal.ch\/wp-content\/uploads\/2025\/07\/Aigal_141701_02757-683x1024.jpg\" data-width=\"683\" data-height=\"1024\" aria-label=\"Mariage au Domaine du Grand Malagny \u00e0 Gen\u00e8ve\" role=\"img\" ><\/div>\n\t\t\t\t\t\t\t\t\t\t\t<div class=\"elementor-gallery-item__overlay\"><\/div>\n\t\t\t\t\t\t\t\t\t\t\t\t\t\t\t<div class=\"elementor-gallery-item__content\">\n\t\t\t\t\t\t\t\t\t\t\t<\/div>\n\t\t\t\t\t\t\t\t\t<\/div>\n\t\t\t\t\t<\/div>\n\t\t\t\t\t<\/div>\n\t\t\t\t<\/div>\n\t\t\t\t\t<\/div>\n\t\t\t\t<\/div>\n\t\t<div class=\"elementor-element elementor-element-625999d e-con-full e-flex e-con e-child\" data-id=\"625999d\" data-element_type=\"container\" data-e-type=\"container\" data-settings=\"{&quot;background_background&quot;:&quot;classic&quot;}\">\n\t\t\t\t<div class=\"elementor-element elementor-element-e43d5e4 elementor-widget__width-initial elementor-widget-mobile__width-inherit elementor-arrows-position-inside elementor-widget elementor-widget-n-carousel\" data-id=\"e43d5e4\" data-element_type=\"widget\" data-e-type=\"widget\" data-settings=\"{&quot;carousel_items&quot;:[{&quot;slide_title&quot;:&quot;Diapositive N\\u00b01&quot;,&quot;_id&quot;:&quot;8e02677&quot;},{&quot;slide_title&quot;:&quot;Diapositive N\\u00b02&quot;,&quot;_id&quot;:&quot;16bfbc1&quot;},{&quot;slide_title&quot;:&quot;Diapositive N\\u00b03&quot;,&quot;_id&quot;:&quot;f3c4122&quot;},{&quot;slide_title&quot;:&quot;Diapositive N\\u00b04&quot;,&quot;_id&quot;:&quot;caf8a33&quot;},{&quot;slide_title&quot;:&quot;Diapositive N\\u00b05&quot;,&quot;_id&quot;:&quot;2052301&quot;},{&quot;slide_title&quot;:&quot;Diapositive N\\u00b06&quot;,&quot;_id&quot;:&quot;41710a5&quot;}],&quot;slides_to_show&quot;:&quot;1&quot;,&quot;slides_to_scroll&quot;:&quot;1&quot;,&quot;slides_to_show_tablet&quot;:&quot;1&quot;,&quot;slides_to_scroll_tablet&quot;:&quot;1&quot;,&quot;slides_to_show_mobile&quot;:&quot;1&quot;,&quot;infinite&quot;:&quot;yes&quot;,&quot;speed&quot;:500,&quot;offset_sides&quot;:&quot;none&quot;,&quot;arrows&quot;:&quot;yes&quot;,&quot;image_spacing_custom&quot;:{&quot;unit&quot;:&quot;px&quot;,&quot;size&quot;:10,&quot;sizes&quot;:[]},&quot;image_spacing_custom_tablet&quot;:{&quot;unit&quot;:&quot;px&quot;,&quot;size&quot;:&quot;&quot;,&quot;sizes&quot;:[]},&quot;image_spacing_custom_mobile&quot;:{&quot;unit&quot;:&quot;px&quot;,&quot;size&quot;:&quot;&quot;,&quot;sizes&quot;:[]}}\" data-widget_type=\"nested-carousel.default\">\n\t\t\t\t<div class=\"elementor-widget-container\">\n\t\t\t\t\t\t\t<div class=\"e-n-carousel swiper\" role=\"region\" aria-roledescription=\"carousel\" aria-label=\"Carousel\" dir=\"ltr\">\n\t\t\t<div class=\"swiper-wrapper\" aria-live=\"polite\">\n\t\t\t\t\t\t\t\t\t\t<div class=\"swiper-slide\" data-slide=\"1\" role=\"group\" aria-roledescription=\"slide\" aria-label=\"1 sur 6\">\n\t\t\t\t\t\t\t<div class=\"elementor-element elementor-element-4f154e5 e-con-full e-flex e-con e-child\" data-id=\"4f154e5\" data-element_type=\"container\" data-e-type=\"container\" data-settings=\"{&quot;background_background&quot;:&quot;classic&quot;}\">\n\t\t\t\t<div class=\"elementor-element elementor-element-a8db34f elementor-widget elementor-widget-heading\" data-id=\"a8db34f\" data-element_type=\"widget\" data-e-type=\"widget\" data-widget_type=\"heading.default\">\n\t\t\t\t<div class=\"elementor-widget-container\">\n\t\t\t\t\t<h2 class=\"elementor-heading-title elementor-size-default\">Processus<\/h2>\t\t\t\t<\/div>\n\t\t\t\t<\/div>\n\t\t\t\t<div class=\"elementor-element elementor-element-60cd8fa elementor-widget elementor-widget-icon-box\" data-id=\"60cd8fa\" data-element_type=\"widget\" data-e-type=\"widget\" data-widget_type=\"icon-box.default\">\n\t\t\t\t<div class=\"elementor-widget-container\">\n\t\t\t\t\t\t\t<div class=\"elementor-icon-box-wrapper\">\n\n\t\t\t\n\t\t\t\t\t\t<div class=\"elementor-icon-box-content\">\n\n\t\t\t\t\t\t\t\t\t<h2 class=\"elementor-icon-box-title\">\n\t\t\t\t\t\t<span  >\n\t\t\t\t\t\t\t01. Renseignements\t\t\t\t\t\t<\/span>\n\t\t\t\t\t<\/h2>\n\t\t\t\t\n\t\t\t\t\t\t\t\t\t<p class=\"elementor-icon-box-description\">\n\t\t\t\t\t\tPour connaitre nos disponibilit\u00e9s \u00e0 la date de votre grand jour, remplissez simplement notre formulaire de demande. Nous avons h\u00e2te d\u2019en savoir plus sur votre mariage !\t\t\t\t\t<\/p>\n\t\t\t\t\n\t\t\t<\/div>\n\t\t\t\n\t\t<\/div>\n\t\t\t\t\t\t<\/div>\n\t\t\t\t<\/div>\n\t\t\t\t<\/div>\n\t\t\t\t\t\t\t\t<\/div>\n\t\t\t\t\t\t\t\t\t\t\t<div class=\"swiper-slide\" data-slide=\"2\" role=\"group\" aria-roledescription=\"slide\" aria-label=\"2 sur 6\">\n\t\t\t\t\t\t\t<div class=\"elementor-element elementor-element-3b395fd e-con-full e-flex e-con e-child\" data-id=\"3b395fd\" data-element_type=\"container\" data-e-type=\"container\" data-settings=\"{&quot;background_background&quot;:&quot;classic&quot;}\">\n\t\t\t\t<div class=\"elementor-element elementor-element-0c8b931 elementor-widget elementor-widget-heading\" data-id=\"0c8b931\" data-element_type=\"widget\" data-e-type=\"widget\" data-widget_type=\"heading.default\">\n\t\t\t\t<div class=\"elementor-widget-container\">\n\t\t\t\t\t<h2 class=\"elementor-heading-title elementor-size-default\">Processus<\/h2>\t\t\t\t<\/div>\n\t\t\t\t<\/div>\n\t\t\t\t<div class=\"elementor-element elementor-element-c25ac6e elementor-widget elementor-widget-icon-box\" data-id=\"c25ac6e\" data-element_type=\"widget\" data-e-type=\"widget\" data-widget_type=\"icon-box.default\">\n\t\t\t\t<div class=\"elementor-widget-container\">\n\t\t\t\t\t\t\t<div class=\"elementor-icon-box-wrapper\">\n\n\t\t\t\n\t\t\t\t\t\t<div class=\"elementor-icon-box-content\">\n\n\t\t\t\t\t\t\t\t\t<h2 class=\"elementor-icon-box-title\">\n\t\t\t\t\t\t<span  >\n\t\t\t\t\t\t\t02. Premiers \u00c9changes\t\t\t\t\t\t<\/span>\n\t\t\t\t\t<\/h2>\n\t\t\t\t\n\t\t\t\t\t\t\t\t\t<p class=\"elementor-icon-box-description\">\n\t\t\t\t\t\tNous pourrons \u00e9changer par mail, t\u00e9l\u00e9phone ou autour d'un caf\u00e9 des d\u00e9tails de votre journ\u00e9e et de la couverture id\u00e9ale. Je vous pr\u00e9senterai \u00e9galement mes services et vous pourrez ainsi recevoir un devis personnalis\u00e9.\t\t\t\t\t<\/p>\n\t\t\t\t\n\t\t\t<\/div>\n\t\t\t\n\t\t<\/div>\n\t\t\t\t\t\t<\/div>\n\t\t\t\t<\/div>\n\t\t\t\t<\/div>\n\t\t\t\t\t\t\t\t<\/div>\n\t\t\t\t\t\t\t\t\t\t\t<div class=\"swiper-slide\" data-slide=\"3\" role=\"group\" aria-roledescription=\"slide\" aria-label=\"3 sur 6\">\n\t\t\t\t\t\t\t<div class=\"elementor-element elementor-element-26cb676 e-con-full e-flex e-con e-child\" data-id=\"26cb676\" data-element_type=\"container\" data-e-type=\"container\" data-settings=\"{&quot;background_background&quot;:&quot;classic&quot;}\">\n\t\t\t\t<div class=\"elementor-element elementor-element-de3a035 elementor-widget elementor-widget-heading\" data-id=\"de3a035\" data-element_type=\"widget\" data-e-type=\"widget\" data-widget_type=\"heading.default\">\n\t\t\t\t<div class=\"elementor-widget-container\">\n\t\t\t\t\t<h2 class=\"elementor-heading-title elementor-size-default\">Processus<\/h2>\t\t\t\t<\/div>\n\t\t\t\t<\/div>\n\t\t\t\t<div class=\"elementor-element elementor-element-0398f4c elementor-widget elementor-widget-icon-box\" data-id=\"0398f4c\" data-element_type=\"widget\" data-e-type=\"widget\" data-widget_type=\"icon-box.default\">\n\t\t\t\t<div class=\"elementor-widget-container\">\n\t\t\t\t\t\t\t<div class=\"elementor-icon-box-wrapper\">\n\n\t\t\t\n\t\t\t\t\t\t<div class=\"elementor-icon-box-content\">\n\n\t\t\t\t\t\t\t\t\t<h2 class=\"elementor-icon-box-title\">\n\t\t\t\t\t\t<span  >\n\t\t\t\t\t\t\t03. R\u00e9servation\t\t\t\t\t\t<\/span>\n\t\t\t\t\t<\/h2>\n\t\t\t\t\n\t\t\t\t\t\t\t\t\t<p class=\"elementor-icon-box-description\">\n\t\t\t\t\t\tSi ma proposition de tarif vous convient, je r\u00e9serverai votre date et vous pourrez effectuer un premier acompte de 30 % du devis.\t\t\t\t\t<\/p>\n\t\t\t\t\n\t\t\t<\/div>\n\t\t\t\n\t\t<\/div>\n\t\t\t\t\t\t<\/div>\n\t\t\t\t<\/div>\n\t\t\t\t<\/div>\n\t\t\t\t\t\t\t\t<\/div>\n\t\t\t\t\t\t\t\t\t\t\t<div class=\"swiper-slide\" data-slide=\"4\" role=\"group\" aria-roledescription=\"slide\" aria-label=\"4 sur 6\">\n\t\t\t\t\t\t\t<div class=\"elementor-element elementor-element-72ca840 e-con-full e-flex e-con e-child\" data-id=\"72ca840\" data-element_type=\"container\" data-e-type=\"container\" data-settings=\"{&quot;background_background&quot;:&quot;classic&quot;}\">\n\t\t\t\t<div class=\"elementor-element elementor-element-d167feb elementor-widget elementor-widget-heading\" data-id=\"d167feb\" data-element_type=\"widget\" data-e-type=\"widget\" data-widget_type=\"heading.default\">\n\t\t\t\t<div class=\"elementor-widget-container\">\n\t\t\t\t\t<h2 class=\"elementor-heading-title elementor-size-default\">Processus<\/h2>\t\t\t\t<\/div>\n\t\t\t\t<\/div>\n\t\t\t\t<div class=\"elementor-element elementor-element-608c23e elementor-widget elementor-widget-icon-box\" data-id=\"608c23e\" data-element_type=\"widget\" data-e-type=\"widget\" data-widget_type=\"icon-box.default\">\n\t\t\t\t<div class=\"elementor-widget-container\">\n\t\t\t\t\t\t\t<div class=\"elementor-icon-box-wrapper\">\n\n\t\t\t\n\t\t\t\t\t\t<div class=\"elementor-icon-box-content\">\n\n\t\t\t\t\t\t\t\t\t<h2 class=\"elementor-icon-box-title\">\n\t\t\t\t\t\t<span  >\n\t\t\t\t\t\t\t04. Planning Sur-Mesure\t\t\t\t\t\t<\/span>\n\t\t\t\t\t<\/h2>\n\t\t\t\t\n\t\t\t\t\t\t\t\t\t<p class=\"elementor-icon-box-description\">\n\t\t\t\t\t\tJe me tiendrai \u00e0 votre disposition pour vous aider \u00e0 planifier un planning qui vous correspond. Avant le jour J, nous aurons un appel de suivi pour les derniers d\u00e9tails. En attendant, je serai enti\u00e8rement disponible pour vous aider !\t\t\t\t\t<\/p>\n\t\t\t\t\n\t\t\t<\/div>\n\t\t\t\n\t\t<\/div>\n\t\t\t\t\t\t<\/div>\n\t\t\t\t<\/div>\n\t\t\t\t<\/div>\n\t\t\t\t\t\t\t\t<\/div>\n\t\t\t\t\t\t\t\t\t\t\t<div class=\"swiper-slide\" data-slide=\"5\" role=\"group\" aria-roledescription=\"slide\" aria-label=\"5 sur 6\">\n\t\t\t\t\t\t\t<div class=\"elementor-element elementor-element-7a86ce9 e-con-full e-flex e-con e-child\" data-id=\"7a86ce9\" data-element_type=\"container\" data-e-type=\"container\" data-settings=\"{&quot;background_background&quot;:&quot;classic&quot;}\">\n\t\t\t\t<div class=\"elementor-element elementor-element-28fa09d elementor-widget elementor-widget-heading\" data-id=\"28fa09d\" data-element_type=\"widget\" data-e-type=\"widget\" data-widget_type=\"heading.default\">\n\t\t\t\t<div class=\"elementor-widget-container\">\n\t\t\t\t\t<h2 class=\"elementor-heading-title elementor-size-default\">Processus<\/h2>\t\t\t\t<\/div>\n\t\t\t\t<\/div>\n\t\t\t\t<div class=\"elementor-element elementor-element-ff11b8f elementor-widget elementor-widget-icon-box\" data-id=\"ff11b8f\" data-element_type=\"widget\" data-e-type=\"widget\" data-widget_type=\"icon-box.default\">\n\t\t\t\t<div class=\"elementor-widget-container\">\n\t\t\t\t\t\t\t<div class=\"elementor-icon-box-wrapper\">\n\n\t\t\t\n\t\t\t\t\t\t<div class=\"elementor-icon-box-content\">\n\n\t\t\t\t\t\t\t\t\t<h2 class=\"elementor-icon-box-title\">\n\t\t\t\t\t\t<span  >\n\t\t\t\t\t\t\t05. Votre mariage\t\t\t\t\t\t<\/span>\n\t\t\t\t\t<\/h2>\n\t\t\t\t\n\t\t\t\t\t\t\t\t\t<p class=\"elementor-icon-box-description\">\n\t\t\t\t\t\tLe grand moment\u2026 enfin ! Je vous accompagnerai tout au long de votre journ\u00e9e, en veillant \u00e0 capturer tous les grands et petits instants, tout en c\u00e9l\u00e9brant avec vous !\t\t\t\t\t<\/p>\n\t\t\t\t\n\t\t\t<\/div>\n\t\t\t\n\t\t<\/div>\n\t\t\t\t\t\t<\/div>\n\t\t\t\t<\/div>\n\t\t\t\t<\/div>\n\t\t\t\t\t\t\t\t<\/div>\n\t\t\t\t\t\t\t\t\t\t\t<div class=\"swiper-slide\" data-slide=\"6\" role=\"group\" aria-roledescription=\"slide\" aria-label=\"6 sur 6\">\n\t\t\t\t\t\t\t<div class=\"elementor-element elementor-element-ee28ddb e-con-full e-flex e-con e-child\" data-id=\"ee28ddb\" data-element_type=\"container\" data-e-type=\"container\" data-settings=\"{&quot;background_background&quot;:&quot;classic&quot;}\">\n\t\t\t\t<div class=\"elementor-element elementor-element-959ff25 elementor-widget elementor-widget-heading\" data-id=\"959ff25\" data-element_type=\"widget\" data-e-type=\"widget\" data-widget_type=\"heading.default\">\n\t\t\t\t<div class=\"elementor-widget-container\">\n\t\t\t\t\t<h2 class=\"elementor-heading-title elementor-size-default\">Processus<\/h2>\t\t\t\t<\/div>\n\t\t\t\t<\/div>\n\t\t\t\t<div class=\"elementor-element elementor-element-e2a8c8e elementor-widget elementor-widget-icon-box\" data-id=\"e2a8c8e\" data-element_type=\"widget\" data-e-type=\"widget\" data-widget_type=\"icon-box.default\">\n\t\t\t\t<div class=\"elementor-widget-container\">\n\t\t\t\t\t\t\t<div class=\"elementor-icon-box-wrapper\">\n\n\t\t\t\n\t\t\t\t\t\t<div class=\"elementor-icon-box-content\">\n\n\t\t\t\t\t\t\t\t\t<h2 class=\"elementor-icon-box-title\">\n\t\t\t\t\t\t<span  >\n\t\t\t\t\t\t\t06. Vos photos\t\t\t\t\t\t<\/span>\n\t\t\t\t\t<\/h2>\n\t\t\t\t\n\t\t\t\t\t\t\t\t\t<p class=\"elementor-icon-box-description\">\n\t\t\t\t\t\tVous recevrez un aper\u00e7u de vos photos quelques jours apr\u00e8s le mariage dans une galerie en ligne. Et un mois apr\u00e8s le mariage, vous d\u00e9couvrirez tout les souvenirs de cette magnifique journ\u00e9e !\t\t\t\t\t<\/p>\n\t\t\t\t\n\t\t\t<\/div>\n\t\t\t\n\t\t<\/div>\n\t\t\t\t\t\t<\/div>\n\t\t\t\t<\/div>\n\t\t\t\t<\/div>\n\t\t\t\t\t\t\t\t<\/div>\n\t\t\t\t\t\t\t\t<\/div>\n\t\t<\/div>\n\t\t\t\t\t<div class=\"elementor-swiper-button elementor-swiper-button-prev\" role=\"button\" tabindex=\"0\" aria-label=\"Pr\u00e9c\u00e9dent\">\n\t\t\t\t<svg aria-hidden=\"true\" class=\"e-font-icon-svg e-fas-angle-left\" viewBox=\"0 0 256 512\" xmlns=\"http:\/\/www.w3.org\/2000\/svg\"><path d=\"M31.7 239l136-136c9.4-9.4 24.6-9.4 33.9 0l22.6 22.6c9.4 9.4 9.4 24.6 0 33.9L127.9 256l96.4 96.4c9.4 9.4 9.4 24.6 0 33.9L201.7 409c-9.4 9.4-24.6 9.4-33.9 0l-136-136c-9.5-9.4-9.5-24.6-.1-34z\"><\/path><\/svg>\t\t\t<\/div>\n\t\t\t<div class=\"elementor-swiper-button elementor-swiper-button-next\" role=\"button\" tabindex=\"0\" aria-label=\"Suivant\">\n\t\t\t\t<svg aria-hidden=\"true\" class=\"e-font-icon-svg e-eicon-chevron-right\" viewBox=\"0 0 1000 1000\" xmlns=\"http:\/\/www.w3.org\/2000\/svg\"><path d=\"M696 533C708 521 713 504 713 487 713 471 708 454 696 446L400 146C388 133 375 125 354 125 338 125 325 129 313 142 300 154 292 171 292 187 292 204 296 221 308 233L563 492 304 771C292 783 288 800 288 817 288 833 296 850 308 863 321 871 338 875 354 875 371 875 388 867 400 854L696 533Z\"><\/path><\/svg>\t\t\t<\/div>\n\t\t\t\t\t\t<\/div>\n\t\t\t\t<\/div>\n\t\t\t\t<\/div>\n\t\t<div class=\"elementor-element elementor-element-1a3ff2c e-flex e-con-boxed e-con e-parent\" data-id=\"1a3ff2c\" data-element_type=\"container\" data-e-type=\"container\" id=\"mariages\" data-settings=\"{&quot;background_motion_fx_devices&quot;:[&quot;desktop&quot;,&quot;tablet&quot;,&quot;mobile&quot;]}\">\n\t\t\t\t\t<div class=\"e-con-inner\">\n\t\t\t\t<div class=\"elementor-element elementor-element-232adc0 elementor-widget__width-inherit elementor-widget elementor-widget-heading\" data-id=\"232adc0\" data-element_type=\"widget\" data-e-type=\"widget\" id=\"tarifs\" data-widget_type=\"heading.default\">\n\t\t\t\t<div class=\"elementor-widget-container\">\n\t\t\t\t\t<h2 class=\"elementor-heading-title elementor-size-default\">Prestations  \u00e0 Nyon<\/h2>\t\t\t\t<\/div>\n\t\t\t\t<\/div>\n\t\t<div class=\"elementor-element elementor-element-11bfa41 e-con-full e-flex e-con e-child\" data-id=\"11bfa41\" data-element_type=\"container\" data-e-type=\"container\">\n\t\t\t\t<div class=\"elementor-element elementor-element-8b07358 elementor-widget__width-inherit elementor-widget elementor-widget-heading\" data-id=\"8b07358\" data-element_type=\"widget\" data-e-type=\"widget\" data-widget_type=\"heading.default\">\n\t\t\t\t<div class=\"elementor-widget-container\">\n\t\t\t\t\t<h1 class=\"elementor-heading-title elementor-size-default\">Forfait 2h \"Civil\"<\/h1>\t\t\t\t<\/div>\n\t\t\t\t<\/div>\n\t\t\t\t<div class=\"elementor-element elementor-element-8cf352c elementor-widget__width-inherit elementor-widget elementor-widget-heading\" data-id=\"8cf352c\" data-element_type=\"widget\" data-e-type=\"widget\" data-widget_type=\"heading.default\">\n\t\t\t\t<div class=\"elementor-widget-container\">\n\t\t\t\t\t<h1 class=\"elementor-heading-title elementor-size-default\">500 CHF<\/h1>\t\t\t\t<\/div>\n\t\t\t\t<\/div>\n\t\t\t\t<div class=\"elementor-element elementor-element-4409734 elementor-list-item-link-inline elementor-widget__width-inherit elementor-icon-list--layout-traditional elementor-widget elementor-widget-icon-list\" data-id=\"4409734\" data-element_type=\"widget\" data-e-type=\"widget\" data-widget_type=\"icon-list.default\">\n\t\t\t\t<div class=\"elementor-widget-container\">\n\t\t\t\t\t\t\t<ul class=\"elementor-icon-list-items\">\n\t\t\t\t\t\t\t<li class=\"elementor-icon-list-item\">\n\t\t\t\t\t\t\t\t\t\t<span class=\"elementor-icon-list-text\">Reportage photo 2h en semaine id\u00e9al pour la c\u00e9r\u00e9monie, les photos de couple et le cocktail.<\/span>\n\t\t\t\t\t\t\t\t\t<\/li>\n\t\t\t\t\t\t\t\t<li class=\"elementor-icon-list-item\">\n\t\t\t\t\t\t\t\t\t\t<span class=\"elementor-icon-list-text\">300 photos soigneusement \u00e9dit\u00e9es ou plus.<\/span>\n\t\t\t\t\t\t\t\t\t<\/li>\n\t\t\t\t\t\t\t\t<li class=\"elementor-icon-list-item\">\n\t\t\t\t\t\t\t\t\t\t<span class=\"elementor-icon-list-text\">Vos photos disponibles dans une galerie en ligne prot\u00e9g\u00e9e par mot de passe, photos disponibles au t\u00e9l\u00e9chargement gratuitement<\/span>\n\t\t\t\t\t\t\t\t\t<\/li>\n\t\t\t\t\t\t\t\t<li class=\"elementor-icon-list-item\">\n\t\t\t\t\t\t\t\t\t\t<span class=\"elementor-icon-list-text\">Une visioconf\u00e9rence pour organiser votre mariage.<\/span>\n\t\t\t\t\t\t\t\t\t<\/li>\n\t\t\t\t\t\t<\/ul>\n\t\t\t\t\t\t<\/div>\n\t\t\t\t<\/div>\n\t\t\t\t<div class=\"elementor-element elementor-element-574386d elementor-widget__width-inherit elementor-widget elementor-widget-heading\" data-id=\"574386d\" data-element_type=\"widget\" data-e-type=\"widget\" data-widget_type=\"heading.default\">\n\t\t\t\t<div class=\"elementor-widget-container\">\n\t\t\t\t\t<p class=\"elementor-heading-title elementor-size-default\">Tarif TTC, TVA \u00e0 8,1% incluse.<\/p>\t\t\t\t<\/div>\n\t\t\t\t<\/div>\n\t\t\t\t<div class=\"elementor-element elementor-element-b254c8c elementor-align-center elementor-widget elementor-widget-button\" data-id=\"b254c8c\" data-element_type=\"widget\" data-e-type=\"widget\" data-widget_type=\"button.default\">\n\t\t\t\t<div class=\"elementor-widget-container\">\n\t\t\t\t\t\t\t\t\t<div class=\"elementor-button-wrapper\">\n\t\t\t\t\t<a class=\"elementor-button elementor-button-link elementor-size-sm\" href=\"mailto:info@aigal.ch\">\n\t\t\t\t\t\t<span class=\"elementor-button-content-wrapper\">\n\t\t\t\t\t\t\t\t\t<span class=\"elementor-button-text\">Contacter<\/span>\n\t\t\t\t\t<\/span>\n\t\t\t\t\t<\/a>\n\t\t\t\t<\/div>\n\t\t\t\t\t\t\t\t<\/div>\n\t\t\t\t<\/div>\n\t\t\t\t<\/div>\n\t\t<div class=\"elementor-element elementor-element-1d16096 e-con-full e-flex e-con e-child\" data-id=\"1d16096\" data-element_type=\"container\" data-e-type=\"container\">\n\t\t\t\t<div class=\"elementor-element elementor-element-2fdb143 elementor-widget__width-inherit elementor-widget elementor-widget-heading\" data-id=\"2fdb143\" data-element_type=\"widget\" data-e-type=\"widget\" data-widget_type=\"heading.default\">\n\t\t\t\t<div class=\"elementor-widget-container\">\n\t\t\t\t\t<h1 class=\"elementor-heading-title elementor-size-default\">Forfait 10h \"Platine\"<\/h1>\t\t\t\t<\/div>\n\t\t\t\t<\/div>\n\t\t\t\t<div class=\"elementor-element elementor-element-71d1fc3 elementor-widget__width-inherit elementor-widget elementor-widget-heading\" data-id=\"71d1fc3\" data-element_type=\"widget\" data-e-type=\"widget\" data-widget_type=\"heading.default\">\n\t\t\t\t<div class=\"elementor-widget-container\">\n\t\t\t\t\t<h1 class=\"elementor-heading-title elementor-size-default\">2000 CHF<\/h1>\t\t\t\t<\/div>\n\t\t\t\t<\/div>\n\t\t\t\t<div class=\"elementor-element elementor-element-da2f023 elementor-list-item-link-inline elementor-widget__width-inherit elementor-icon-list--layout-traditional elementor-widget elementor-widget-icon-list\" data-id=\"da2f023\" data-element_type=\"widget\" data-e-type=\"widget\" data-widget_type=\"icon-list.default\">\n\t\t\t\t<div class=\"elementor-widget-container\">\n\t\t\t\t\t\t\t<ul class=\"elementor-icon-list-items\">\n\t\t\t\t\t\t\t<li class=\"elementor-icon-list-item\">\n\t\t\t\t\t\t\t\t\t\t<span class=\"elementor-icon-list-text\">Reportage photo complet comprenant les pr\u00e9paratifs jusqu'\u00e0 la fin de soir\u00e9e soit 10h de pr\u00e9sence.<\/span>\n\t\t\t\t\t\t\t\t\t<\/li>\n\t\t\t\t\t\t\t\t<li class=\"elementor-icon-list-item\">\n\t\t\t\t\t\t\t\t\t\t<span class=\"elementor-icon-list-text\">800 photos soigneusement \u00e9dit\u00e9es ou plus !<\/span>\n\t\t\t\t\t\t\t\t\t<\/li>\n\t\t\t\t\t\t\t\t<li class=\"elementor-icon-list-item\">\n\t\t\t\t\t\t\t\t\t\t<span class=\"elementor-icon-list-text\">Vos photos disponibles dans une galerie en ligne prot\u00e9g\u00e9e par mot de passe, photos disponibles au t\u00e9l\u00e9chargement gratuitement.<\/span>\n\t\t\t\t\t\t\t\t\t<\/li>\n\t\t\t\t\t\t\t\t<li class=\"elementor-icon-list-item\">\n\t\t\t\t\t\t\t\t\t\t<span class=\"elementor-icon-list-text\">Votre cl\u00e9 USB en bois contenant toutes les photos et souvenirs de votre belle journ\u00e9e.<\/span>\n\t\t\t\t\t\t\t\t\t<\/li>\n\t\t\t\t\t\t\t\t<li class=\"elementor-icon-list-item\">\n\t\t\t\t\t\t\t\t\t\t<span class=\"elementor-icon-list-text\">Un appel pour faire connaissance et des visioconf\u00e9rences pour la pr\u00e9paration de votre mariage.<\/span>\n\t\t\t\t\t\t\t\t\t<\/li>\n\t\t\t\t\t\t<\/ul>\n\t\t\t\t\t\t<\/div>\n\t\t\t\t<\/div>\n\t\t\t\t<div class=\"elementor-element elementor-element-f0f9086 elementor-widget__width-inherit elementor-widget elementor-widget-heading\" data-id=\"f0f9086\" data-element_type=\"widget\" data-e-type=\"widget\" data-widget_type=\"heading.default\">\n\t\t\t\t<div class=\"elementor-widget-container\">\n\t\t\t\t\t<p class=\"elementor-heading-title elementor-size-default\">Tarif TTC, TVA \u00e0 8,1% incluse.<\/p>\t\t\t\t<\/div>\n\t\t\t\t<\/div>\n\t\t\t\t<div class=\"elementor-element elementor-element-0245e90 elementor-align-center elementor-widget elementor-widget-button\" data-id=\"0245e90\" data-element_type=\"widget\" data-e-type=\"widget\" data-widget_type=\"button.default\">\n\t\t\t\t<div class=\"elementor-widget-container\">\n\t\t\t\t\t\t\t\t\t<div class=\"elementor-button-wrapper\">\n\t\t\t\t\t<a class=\"elementor-button elementor-button-link elementor-size-sm\" href=\"mailto:info@aigal.ch\">\n\t\t\t\t\t\t<span class=\"elementor-button-content-wrapper\">\n\t\t\t\t\t\t\t\t\t<span class=\"elementor-button-text\">Contacter<\/span>\n\t\t\t\t\t<\/span>\n\t\t\t\t\t<\/a>\n\t\t\t\t<\/div>\n\t\t\t\t\t\t\t\t<\/div>\n\t\t\t\t<\/div>\n\t\t\t\t<\/div>\n\t\t<div class=\"elementor-element elementor-element-55abf05 e-con-full e-flex e-con e-child\" data-id=\"55abf05\" data-element_type=\"container\" data-e-type=\"container\">\n\t\t\t\t<div class=\"elementor-element elementor-element-43b85d7 elementor-widget__width-inherit elementor-widget elementor-widget-heading\" data-id=\"43b85d7\" data-element_type=\"widget\" data-e-type=\"widget\" data-widget_type=\"heading.default\">\n\t\t\t\t<div class=\"elementor-widget-container\">\n\t\t\t\t\t<h1 class=\"elementor-heading-title elementor-size-default\">Heure suppl\u00e9mentaire<\/h1>\t\t\t\t<\/div>\n\t\t\t\t<\/div>\n\t\t\t\t<div class=\"elementor-element elementor-element-0935a72 elementor-widget__width-inherit elementor-widget elementor-widget-heading\" data-id=\"0935a72\" data-element_type=\"widget\" data-e-type=\"widget\" data-widget_type=\"heading.default\">\n\t\t\t\t<div class=\"elementor-widget-container\">\n\t\t\t\t\t<h1 class=\"elementor-heading-title elementor-size-default\">200 CHF<\/h1>\t\t\t\t<\/div>\n\t\t\t\t<\/div>\n\t\t\t\t<div class=\"elementor-element elementor-element-d71f50f elementor-list-item-link-inline elementor-widget__width-inherit elementor-icon-list--layout-traditional elementor-widget elementor-widget-icon-list\" data-id=\"d71f50f\" data-element_type=\"widget\" data-e-type=\"widget\" data-widget_type=\"icon-list.default\">\n\t\t\t\t<div class=\"elementor-widget-container\">\n\t\t\t\t\t\t\t<ul class=\"elementor-icon-list-items\">\n\t\t\t\t\t\t\t<li class=\"elementor-icon-list-item\">\n\t\t\t\t\t\t\t\t\t\t<span class=\"elementor-icon-list-text\">Tarif pour 1h de reportage.<\/span>\n\t\t\t\t\t\t\t\t\t<\/li>\n\t\t\t\t\t\t<\/ul>\n\t\t\t\t\t\t<\/div>\n\t\t\t\t<\/div>\n\t\t\t\t<div class=\"elementor-element elementor-element-addfa19 elementor-widget__width-inherit elementor-widget elementor-widget-heading\" data-id=\"addfa19\" data-element_type=\"widget\" data-e-type=\"widget\" data-widget_type=\"heading.default\">\n\t\t\t\t<div class=\"elementor-widget-container\">\n\t\t\t\t\t<p class=\"elementor-heading-title elementor-size-default\">Tarif TTC, TVA \u00e0 8,1% incluse.<\/p>\t\t\t\t<\/div>\n\t\t\t\t<\/div>\n\t\t\t\t<div class=\"elementor-element elementor-element-9c7ee5f elementor-align-center elementor-widget elementor-widget-button\" data-id=\"9c7ee5f\" data-element_type=\"widget\" data-e-type=\"widget\" data-widget_type=\"button.default\">\n\t\t\t\t<div class=\"elementor-widget-container\">\n\t\t\t\t\t\t\t\t\t<div class=\"elementor-button-wrapper\">\n\t\t\t\t\t<a class=\"elementor-button elementor-button-link elementor-size-sm\" href=\"mailto:info@aigal.ch\">\n\t\t\t\t\t\t<span class=\"elementor-button-content-wrapper\">\n\t\t\t\t\t\t\t\t\t<span class=\"elementor-button-text\">Contacter<\/span>\n\t\t\t\t\t<\/span>\n\t\t\t\t\t<\/a>\n\t\t\t\t<\/div>\n\t\t\t\t\t\t\t\t<\/div>\n\t\t\t\t<\/div>\n\t\t\t\t<\/div>\n\t\t\t\t<div class=\"elementor-element elementor-element-97dc3ad elementor-widget__width-inherit elementor-widget elementor-widget-heading\" data-id=\"97dc3ad\" data-element_type=\"widget\" data-e-type=\"widget\" data-widget_type=\"heading.default\">\n\t\t\t\t<div class=\"elementor-widget-container\">\n\t\t\t\t\t<h2 class=\"elementor-heading-title elementor-size-large\">Nos options<\/h2>\t\t\t\t<\/div>\n\t\t\t\t<\/div>\n\t\t\t\t<div class=\"elementor-element elementor-element-a47388f elementor-widget-tablet__width-initial elementor-widget__width-inherit elementor-widget elementor-widget-n-accordion\" data-id=\"a47388f\" data-element_type=\"widget\" data-e-type=\"widget\" data-settings=\"{&quot;max_items_expended&quot;:&quot;multiple&quot;,&quot;default_state&quot;:&quot;expanded&quot;,&quot;n_accordion_animation_duration&quot;:{&quot;unit&quot;:&quot;ms&quot;,&quot;size&quot;:400,&quot;sizes&quot;:[]}}\" data-widget_type=\"nested-accordion.default\">\n\t\t\t\t<div class=\"elementor-widget-container\">\n\t\t\t\t\t\t\t<div class=\"e-n-accordion\" aria-label=\"Accordion. Open links with Enter or Space, close with Escape, and navigate with Arrow Keys\">\n\t\t\t\t\t\t<details id=\"e-n-accordion-item-1720\" class=\"e-n-accordion-item\" open>\n\t\t\t\t<summary class=\"e-n-accordion-item-title\" data-accordion-index=\"1\" tabindex=\"0\" aria-expanded=\"true\" aria-controls=\"e-n-accordion-item-1720\" >\n\t\t\t\t\t<span class='e-n-accordion-item-title-header'><p class=\"e-n-accordion-item-title-text\"> Second photographe <\/p><\/span>\n\t\t\t\t\t\t\t<span class='e-n-accordion-item-title-icon'>\n\t\t\t<span class='e-opened' ><svg aria-hidden=\"true\" class=\"e-font-icon-svg e-fas-chevron-up\" viewBox=\"0 0 448 512\" xmlns=\"http:\/\/www.w3.org\/2000\/svg\"><path d=\"M240.971 130.524l194.343 194.343c9.373 9.373 9.373 24.569 0 33.941l-22.667 22.667c-9.357 9.357-24.522 9.375-33.901.04L224 227.495 69.255 381.516c-9.379 9.335-24.544 9.317-33.901-.04l-22.667-22.667c-9.373-9.373-9.373-24.569 0-33.941L207.03 130.525c9.372-9.373 24.568-9.373 33.941-.001z\"><\/path><\/svg><\/span>\n\t\t\t<span class='e-closed'><svg aria-hidden=\"true\" class=\"e-font-icon-svg e-fas-chevron-right\" viewBox=\"0 0 320 512\" xmlns=\"http:\/\/www.w3.org\/2000\/svg\"><path d=\"M285.476 272.971L91.132 467.314c-9.373 9.373-24.569 9.373-33.941 0l-22.667-22.667c-9.357-9.357-9.375-24.522-.04-33.901L188.505 256 34.484 101.255c-9.335-9.379-9.317-24.544.04-33.901l22.667-22.667c9.373-9.373 24.569-9.373 33.941 0L285.475 239.03c9.373 9.372 9.373 24.568.001 33.941z\"><\/path><\/svg><\/span>\n\t\t<\/span>\n\n\t\t\t\t\t\t<\/summary>\n\t\t\t\t<div role=\"region\" aria-labelledby=\"e-n-accordion-item-1720\" class=\"elementor-element elementor-element-f578412 e-con-full e-flex e-con e-child\" data-id=\"f578412\" data-element_type=\"container\" data-e-type=\"container\">\n\t\t\t\t<div class=\"elementor-element elementor-element-0dc385e elementor-widget elementor-widget-text-editor\" data-id=\"0dc385e\" data-element_type=\"widget\" data-e-type=\"widget\" data-widget_type=\"text-editor.default\">\n\t\t\t\t<div class=\"elementor-widget-container\">\n\t\t\t\t\t\t\t\t\t<p>Assurez-vous de ne manquer aucun moment pr\u00e9cieux de votre journ\u00e9e sp\u00e9ciale avec notre second photographe de mariage, capturant chaque angle et chaque \u00e9motion pour des souvenirs encore plus complets et m\u00e9morables.<\/p>\t\t\t\t\t\t\t\t<\/div>\n\t\t\t\t<\/div>\n\t\t\t\t<\/div>\n\t\t\t\t\t<\/details>\n\t\t\t\t\t\t<details id=\"e-n-accordion-item-1721\" class=\"e-n-accordion-item\" >\n\t\t\t\t<summary class=\"e-n-accordion-item-title\" data-accordion-index=\"2\" tabindex=\"-1\" aria-expanded=\"false\" aria-controls=\"e-n-accordion-item-1721\" >\n\t\t\t\t\t<span class='e-n-accordion-item-title-header'><p class=\"e-n-accordion-item-title-text\"> Le livre photo <\/p><\/span>\n\t\t\t\t\t\t\t<span class='e-n-accordion-item-title-icon'>\n\t\t\t<span class='e-opened' ><svg aria-hidden=\"true\" class=\"e-font-icon-svg e-fas-chevron-up\" viewBox=\"0 0 448 512\" xmlns=\"http:\/\/www.w3.org\/2000\/svg\"><path d=\"M240.971 130.524l194.343 194.343c9.373 9.373 9.373 24.569 0 33.941l-22.667 22.667c-9.357 9.357-24.522 9.375-33.901.04L224 227.495 69.255 381.516c-9.379 9.335-24.544 9.317-33.901-.04l-22.667-22.667c-9.373-9.373-9.373-24.569 0-33.941L207.03 130.525c9.372-9.373 24.568-9.373 33.941-.001z\"><\/path><\/svg><\/span>\n\t\t\t<span class='e-closed'><svg aria-hidden=\"true\" class=\"e-font-icon-svg e-fas-chevron-right\" viewBox=\"0 0 320 512\" xmlns=\"http:\/\/www.w3.org\/2000\/svg\"><path d=\"M285.476 272.971L91.132 467.314c-9.373 9.373-24.569 9.373-33.941 0l-22.667-22.667c-9.357-9.357-9.375-24.522-.04-33.901L188.505 256 34.484 101.255c-9.335-9.379-9.317-24.544.04-33.901l22.667-22.667c9.373-9.373 24.569-9.373 33.941 0L285.475 239.03c9.373 9.372 9.373 24.568.001 33.941z\"><\/path><\/svg><\/span>\n\t\t<\/span>\n\n\t\t\t\t\t\t<\/summary>\n\t\t\t\t<div role=\"region\" aria-labelledby=\"e-n-accordion-item-1721\" class=\"elementor-element elementor-element-86e0d16 e-con-full e-flex e-con e-child\" data-id=\"86e0d16\" data-element_type=\"container\" data-e-type=\"container\">\n\t\t\t\t<div class=\"elementor-element elementor-element-8c33e66 elementor-widget elementor-widget-text-editor\" data-id=\"8c33e66\" data-element_type=\"widget\" data-e-type=\"widget\" data-widget_type=\"text-editor.default\">\n\t\t\t\t<div class=\"elementor-widget-container\">\n\t\t\t\t\t\t\t\t\t<p>Revivez chaque instant de votre journ\u00e9e sp\u00e9ciale avec notre livre photo de mariage, une \u00e9l\u00e9gante collection de souvenirs intemporels que vous ch\u00e9rirez pour toujours.<\/p>\t\t\t\t\t\t\t\t<\/div>\n\t\t\t\t<\/div>\n\t\t\t\t<\/div>\n\t\t\t\t\t<\/details>\n\t\t\t\t\t\t<details id=\"e-n-accordion-item-1722\" class=\"e-n-accordion-item\" >\n\t\t\t\t<summary class=\"e-n-accordion-item-title\" data-accordion-index=\"3\" tabindex=\"-1\" aria-expanded=\"false\" aria-controls=\"e-n-accordion-item-1722\" >\n\t\t\t\t\t<span class='e-n-accordion-item-title-header'><p class=\"e-n-accordion-item-title-text\"> Heure suppl\u00e9mentaire <\/p><\/span>\n\t\t\t\t\t\t\t<span class='e-n-accordion-item-title-icon'>\n\t\t\t<span class='e-opened' ><svg aria-hidden=\"true\" class=\"e-font-icon-svg e-fas-chevron-up\" viewBox=\"0 0 448 512\" xmlns=\"http:\/\/www.w3.org\/2000\/svg\"><path d=\"M240.971 130.524l194.343 194.343c9.373 9.373 9.373 24.569 0 33.941l-22.667 22.667c-9.357 9.357-24.522 9.375-33.901.04L224 227.495 69.255 381.516c-9.379 9.335-24.544 9.317-33.901-.04l-22.667-22.667c-9.373-9.373-9.373-24.569 0-33.941L207.03 130.525c9.372-9.373 24.568-9.373 33.941-.001z\"><\/path><\/svg><\/span>\n\t\t\t<span class='e-closed'><svg aria-hidden=\"true\" class=\"e-font-icon-svg e-fas-chevron-right\" viewBox=\"0 0 320 512\" xmlns=\"http:\/\/www.w3.org\/2000\/svg\"><path d=\"M285.476 272.971L91.132 467.314c-9.373 9.373-24.569 9.373-33.941 0l-22.667-22.667c-9.357-9.357-9.375-24.522-.04-33.901L188.505 256 34.484 101.255c-9.335-9.379-9.317-24.544.04-33.901l22.667-22.667c9.373-9.373 24.569-9.373 33.941 0L285.475 239.03c9.373 9.372 9.373 24.568.001 33.941z\"><\/path><\/svg><\/span>\n\t\t<\/span>\n\n\t\t\t\t\t\t<\/summary>\n\t\t\t\t<div role=\"region\" aria-labelledby=\"e-n-accordion-item-1722\" class=\"elementor-element elementor-element-56a1625 e-con-full e-flex e-con e-child\" data-id=\"56a1625\" data-element_type=\"container\" data-e-type=\"container\">\n\t\t\t\t<div class=\"elementor-element elementor-element-0685803 elementor-widget elementor-widget-text-editor\" data-id=\"0685803\" data-element_type=\"widget\" data-e-type=\"widget\" data-widget_type=\"text-editor.default\">\n\t\t\t\t<div class=\"elementor-widget-container\">\n\t\t\t\t\t\t\t\t\tProlongez la magie de votre journ\u00e9e sp\u00e9ciale en ajoutant une heure suppl\u00e9mentaire de reportage photo, pour capturer encore plus de moments pr\u00e9cieux et inoubliables.\t\t\t\t\t\t\t\t<\/div>\n\t\t\t\t<\/div>\n\t\t\t\t<\/div>\n\t\t\t\t\t<\/details>\n\t\t\t\t\t<\/div>\n\t\t\t\t\t\t<\/div>\n\t\t\t\t<\/div>\n\t\t\t\t<div class=\"elementor-element elementor-element-70a5c6f elementor-widget elementor-widget-heading\" data-id=\"70a5c6f\" data-element_type=\"widget\" data-e-type=\"widget\" data-widget_type=\"heading.default\">\n\t\t\t\t<div class=\"elementor-widget-container\">\n\t\t\t\t\t<h2 class=\"elementor-heading-title elementor-size-default\">Derniers mariages<\/h2>\t\t\t\t<\/div>\n\t\t\t\t<\/div>\n\t\t\t\t<div class=\"elementor-element elementor-element-ef20f22 elementor-widget__width-inherit elementor-widget elementor-widget-loop-carousel\" data-id=\"ef20f22\" data-element_type=\"widget\" data-e-type=\"widget\" data-settings=\"{&quot;template_id&quot;:37252,&quot;slides_to_show_tablet&quot;:&quot;3&quot;,&quot;slides_to_show_mobile&quot;:&quot;2&quot;,&quot;slides_to_scroll&quot;:&quot;3&quot;,&quot;image_spacing_custom&quot;:{&quot;unit&quot;:&quot;px&quot;,&quot;size&quot;:20,&quot;sizes&quot;:[]},&quot;_skin&quot;:&quot;post&quot;,&quot;slides_to_show&quot;:&quot;3&quot;,&quot;edit_handle_selector&quot;:&quot;.elementor-loop-container&quot;,&quot;autoplay&quot;:&quot;yes&quot;,&quot;autoplay_speed&quot;:5000,&quot;pause_on_hover&quot;:&quot;yes&quot;,&quot;pause_on_interaction&quot;:&quot;yes&quot;,&quot;infinite&quot;:&quot;yes&quot;,&quot;speed&quot;:500,&quot;offset_sides&quot;:&quot;none&quot;,&quot;image_spacing_custom_tablet&quot;:{&quot;unit&quot;:&quot;px&quot;,&quot;size&quot;:&quot;&quot;,&quot;sizes&quot;:[]},&quot;image_spacing_custom_mobile&quot;:{&quot;unit&quot;:&quot;px&quot;,&quot;size&quot;:&quot;&quot;,&quot;sizes&quot;:[]}}\" data-widget_type=\"loop-carousel.post\">\n\t\t\t\t<div class=\"elementor-widget-container\">\n\t\t\t\t\t\t\t<div class=\"swiper elementor-loop-container elementor-grid\" role=\"list\" dir=\"ltr\">\n\t\t\t\t<div class=\"swiper-wrapper\" aria-live=\"off\">\n\t\t<style id=\"loop-37252\">.elementor-37252 .elementor-element.elementor-element-fcfe08c{--display:flex;--min-height:0px;--gap:0em 0em;--row-gap:0em;--column-gap:0em;border-style:none;--border-style:none;--padding-top:0em;--padding-bottom:0em;--padding-left:0em;--padding-right:0em;}.elementor-37252 .elementor-element.elementor-element-fcfe08c:hover{border-style:none;}.elementor-37252 .elementor-element.elementor-element-fcfe08c, .elementor-37252 .elementor-element.elementor-element-fcfe08c::before{--border-transition:0.3s;}.elementor-37252 .elementor-element.elementor-element-1fda60f{text-align:center;}.elementor-37252 .elementor-element.elementor-element-1fda60f img{width:40vw;height:40vh;object-fit:cover;object-position:top center;}.elementor-37252 .elementor-element.elementor-element-1fda60f.elementor-element{--flex-grow:0;--flex-shrink:0;}.elementor-37252 .elementor-element.elementor-element-40e6bae{text-align:center;}.elementor-37252 .elementor-element.elementor-element-40e6bae .elementor-heading-title{font-family:var( --e-global-typography-text-font-family ), Sans-serif;font-size:var( --e-global-typography-text-font-size );letter-spacing:var( --e-global-typography-text-letter-spacing );}.elementor-37252 .elementor-element.elementor-element-40e6bae > .elementor-widget-container{padding:1rem 0.5rem 1rem 0.5rem;}@media(max-width:1024px){.elementor-37252 .elementor-element.elementor-element-1fda60f img{height:30vh;}.elementor-37252 .elementor-element.elementor-element-40e6bae .elementor-heading-title{font-size:var( --e-global-typography-text-font-size );letter-spacing:var( --e-global-typography-text-letter-spacing );}}@media(min-width:768px){.elementor-37252 .elementor-element.elementor-element-fcfe08c{--width:100%;}}@media(max-width:767px){.elementor-37252 .elementor-element.elementor-element-fcfe08c{--gap:0em 0em;--row-gap:0em;--column-gap:0em;--padding-top:1rem;--padding-bottom:1rem;--padding-left:1rem;--padding-right:1rem;}.elementor-37252 .elementor-element.elementor-element-1fda60f img{width:100%;max-width:100%;height:200px;object-fit:cover;}.elementor-37252 .elementor-element.elementor-element-1fda60f.elementor-element{--flex-grow:0;--flex-shrink:0;}.elementor-37252 .elementor-element.elementor-element-40e6bae .elementor-heading-title{font-size:var( --e-global-typography-text-font-size );letter-spacing:var( --e-global-typography-text-letter-spacing );}.elementor-37252 .elementor-element.elementor-element-40e6bae > .elementor-widget-container{padding:1rem 0rem 0rem 0rem;}}<\/style>\t\t<div data-elementor-type=\"loop-item\" data-elementor-id=\"37252\" class=\"elementor elementor-37252 swiper-slide e-loop-item e-loop-item-48273 post-48273 post type-post status-publish format-standard has-post-thumbnail hentry category-mariage category-lieux-de-reception-mariage category-civil\" data-elementor-post-type=\"elementor_library\" role=\"group\" aria-roledescription=\"slide\" data-custom-edit-handle=\"1\">\n\t\t\t<div class=\"elementor-element elementor-element-fcfe08c e-con-full e-flex e-con e-parent\" data-id=\"fcfe08c\" data-element_type=\"container\" data-e-type=\"container\" data-settings=\"{&quot;animation&quot;:&quot;none&quot;}\">\n\t\t\t\t<div class=\"elementor-element elementor-element-1fda60f elementor-widget elementor-widget-theme-post-featured-image elementor-widget-image\" data-id=\"1fda60f\" data-element_type=\"widget\" data-e-type=\"widget\" data-widget_type=\"theme-post-featured-image.default\">\n\t\t\t\t<div class=\"elementor-widget-container\">\n\t\t\t\t\t\t\t\t\t\t\t\t\t\t\t\t<a href=\"https:\/\/aigal.ch\/en\/photographe-mariage-original-tram-historique-geneve-agmt\/\">\n\t\t\t\t\t\t\t<img decoding=\"async\" src=\"https:\/\/aigal.ch\/wp-content\/uploads\/elementor\/thumbs\/Aigal_131242_00852-scaled-raxcuy11bdvkz5vcu748gjt4o6119t9kghhlzlc6ps.jpg\" title=\"Aigal_131242_00852\" alt=\"Mariage tram historique Gen\u00e8ve\" loading=\"lazy\" \/>\t\t\t\t\t\t\t\t<\/a>\n\t\t\t\t\t\t\t\t\t\t\t\t\t\t\t<\/div>\n\t\t\t\t<\/div>\n\t\t\t\t<div class=\"elementor-element elementor-element-40e6bae elementor-widget elementor-widget-heading\" data-id=\"40e6bae\" data-element_type=\"widget\" data-e-type=\"widget\" data-widget_type=\"heading.default\">\n\t\t\t\t<div class=\"elementor-widget-container\">\n\t\t\t\t\t<p class=\"elementor-heading-title elementor-size-default\"><a href=\"https:\/\/aigal.ch\/en\/photographe-mariage-original-tram-historique-geneve-agmt\/\">Surpenez vos invit\u00e9s avec un tram historique \u00e0 Gen\u00e8ve<\/a><\/p>\t\t\t\t<\/div>\n\t\t\t\t<\/div>\n\t\t\t\t<\/div>\n\t\t\t\t<\/div>\n\t\t\t\t<div data-elementor-type=\"loop-item\" data-elementor-id=\"37252\" class=\"elementor elementor-37252 swiper-slide e-loop-item e-loop-item-48110 post-48110 post type-post status-publish format-standard has-post-thumbnail hentry category-mariage category-lieux-de-reception-mariage category-civil tag-eynard tag-geneve tag-mariage-civil tag-palais tag-suisse\" data-elementor-post-type=\"elementor_library\" role=\"group\" aria-roledescription=\"slide\" data-custom-edit-handle=\"1\">\n\t\t\t<div class=\"elementor-element elementor-element-fcfe08c e-con-full e-flex e-con e-parent\" data-id=\"fcfe08c\" data-element_type=\"container\" data-e-type=\"container\" data-settings=\"{&quot;animation&quot;:&quot;none&quot;}\">\n\t\t\t\t<div class=\"elementor-element elementor-element-1fda60f elementor-widget elementor-widget-theme-post-featured-image elementor-widget-image\" data-id=\"1fda60f\" data-element_type=\"widget\" data-e-type=\"widget\" data-widget_type=\"theme-post-featured-image.default\">\n\t\t\t\t<div class=\"elementor-widget-container\">\n\t\t\t\t\t\t\t\t\t\t\t\t\t\t\t\t<a href=\"https:\/\/aigal.ch\/en\/salles-particulieres-a-geneve-mariage-au-palais-eynard\/\">\n\t\t\t\t\t\t\t<img decoding=\"async\" src=\"https:\/\/aigal.ch\/wp-content\/uploads\/elementor\/thumbs\/Aigal_211454_00967-scaled-rax3b2ql3b59mpcysk3naboh7kwzc24n6hovlf730g.jpg\" title=\"Aigal_211454_00967\" alt=\"Mariage civil au Palais Eynard \u00e0 Gen\u00e8ve\" loading=\"lazy\" \/>\t\t\t\t\t\t\t\t<\/a>\n\t\t\t\t\t\t\t\t\t\t\t\t\t\t\t<\/div>\n\t\t\t\t<\/div>\n\t\t\t\t<div class=\"elementor-element elementor-element-40e6bae elementor-widget elementor-widget-heading\" data-id=\"40e6bae\" data-element_type=\"widget\" data-e-type=\"widget\" data-widget_type=\"heading.default\">\n\t\t\t\t<div class=\"elementor-widget-container\">\n\t\t\t\t\t<p class=\"elementor-heading-title elementor-size-default\"><a href=\"https:\/\/aigal.ch\/en\/salles-particulieres-a-geneve-mariage-au-palais-eynard\/\">Salles particuli\u00e8res \u00e0 Gen\u00e8ve : mariage au Palais Eynard<\/a><\/p>\t\t\t\t<\/div>\n\t\t\t\t<\/div>\n\t\t\t\t<\/div>\n\t\t\t\t<\/div>\n\t\t\t\t<div data-elementor-type=\"loop-item\" data-elementor-id=\"37252\" class=\"elementor elementor-37252 swiper-slide e-loop-item e-loop-item-46126 post-46126 post type-post status-publish format-standard has-post-thumbnail hentry category-mariage category-civil tag-cologny tag-geneve tag-mariage-civil tag-suisse tag-woodward\" data-elementor-post-type=\"elementor_library\" role=\"group\" aria-roledescription=\"slide\" data-custom-edit-handle=\"1\">\n\t\t\t<div class=\"elementor-element elementor-element-fcfe08c e-con-full e-flex e-con e-parent\" data-id=\"fcfe08c\" data-element_type=\"container\" data-e-type=\"container\" data-settings=\"{&quot;animation&quot;:&quot;none&quot;}\">\n\t\t\t\t<div class=\"elementor-element elementor-element-1fda60f elementor-widget elementor-widget-theme-post-featured-image elementor-widget-image\" data-id=\"1fda60f\" data-element_type=\"widget\" data-e-type=\"widget\" data-widget_type=\"theme-post-featured-image.default\">\n\t\t\t\t<div class=\"elementor-widget-container\">\n\t\t\t\t\t\t\t\t\t\t\t\t\t\t\t\t<a href=\"https:\/\/aigal.ch\/en\/mariage-genevois-a-cologny-parc-des-eaux-vives-et-a-hotel-woodward\/\">\n\t\t\t\t\t\t\t<img decoding=\"async\" src=\"https:\/\/aigal.ch\/wp-content\/uploads\/elementor\/thumbs\/Aigal_131154_08573-scaled-r12ezyj6emgum3vg6vjlu79458719wapl3h5i6cn40.jpg\" title=\"Aigal_131154_08573\" alt=\"Photographe mariage Gen\u00e8ve \u00e0 Cologny Parc Grange H\u00f4tel Woodward\" loading=\"lazy\" \/>\t\t\t\t\t\t\t\t<\/a>\n\t\t\t\t\t\t\t\t\t\t\t\t\t\t\t<\/div>\n\t\t\t\t<\/div>\n\t\t\t\t<div class=\"elementor-element elementor-element-40e6bae elementor-widget elementor-widget-heading\" data-id=\"40e6bae\" data-element_type=\"widget\" data-e-type=\"widget\" data-widget_type=\"heading.default\">\n\t\t\t\t<div class=\"elementor-widget-container\">\n\t\t\t\t\t<p class=\"elementor-heading-title elementor-size-default\"><a href=\"https:\/\/aigal.ch\/en\/mariage-genevois-a-cologny-parc-des-eaux-vives-et-a-hotel-woodward\/\">Mariage Genevois entre Cologny et l&rsquo;h\u00f4tel Woodward<\/a><\/p>\t\t\t\t<\/div>\n\t\t\t\t<\/div>\n\t\t\t\t<\/div>\n\t\t\t\t<\/div>\n\t\t\t\t<div data-elementor-type=\"loop-item\" data-elementor-id=\"37252\" class=\"elementor elementor-37252 swiper-slide e-loop-item e-loop-item-45615 post-45615 post type-post status-publish format-standard has-post-thumbnail hentry category-mariage tag-duo tag-lavaux tag-mariage tag-photographe tag-suisse tag-vaud tag-videaste\" data-elementor-post-type=\"elementor_library\" role=\"group\" aria-roledescription=\"slide\" data-custom-edit-handle=\"1\">\n\t\t\t<div class=\"elementor-element elementor-element-fcfe08c e-con-full e-flex e-con e-parent\" data-id=\"fcfe08c\" data-element_type=\"container\" data-e-type=\"container\" data-settings=\"{&quot;animation&quot;:&quot;none&quot;}\">\n\t\t\t\t<div class=\"elementor-element elementor-element-1fda60f elementor-widget elementor-widget-theme-post-featured-image elementor-widget-image\" data-id=\"1fda60f\" data-element_type=\"widget\" data-e-type=\"widget\" data-widget_type=\"theme-post-featured-image.default\">\n\t\t\t\t<div class=\"elementor-widget-container\">\n\t\t\t\t\t\t\t\t\t\t\t\t\t\t\t\t<a href=\"https:\/\/aigal.ch\/en\/mariage-hotel-prealpina-duo-photo-video\/\">\n\t\t\t\t\t\t\t<img decoding=\"async\" src=\"https:\/\/aigal.ch\/wp-content\/uploads\/elementor\/thumbs\/Aigal_201903_06273-qy0nsh7037v58mgt7ujypcjs627lbsj9x89myu6gao.jpg\" title=\"Mariage de Bruna et Volkan \u00e0 l&rsquo;h\u00f4tel Pr\u00e9alpina\" alt=\"Photographe de mariage H\u00f4tel Pr\u00e9alpina\" loading=\"lazy\" \/>\t\t\t\t\t\t\t\t<\/a>\n\t\t\t\t\t\t\t\t\t\t\t\t\t\t\t<\/div>\n\t\t\t\t<\/div>\n\t\t\t\t<div class=\"elementor-element elementor-element-40e6bae elementor-widget elementor-widget-heading\" data-id=\"40e6bae\" data-element_type=\"widget\" data-e-type=\"widget\" data-widget_type=\"heading.default\">\n\t\t\t\t<div class=\"elementor-widget-container\">\n\t\t\t\t\t<p class=\"elementor-heading-title elementor-size-default\"><a href=\"https:\/\/aigal.ch\/en\/mariage-hotel-prealpina-duo-photo-video\/\">Mariage de Bruna et Volkan \u00e0 l&rsquo;h\u00f4tel Pr\u00e9alpina<\/a><\/p>\t\t\t\t<\/div>\n\t\t\t\t<\/div>\n\t\t\t\t<\/div>\n\t\t\t\t<\/div>\n\t\t\t\t<div data-elementor-type=\"loop-item\" data-elementor-id=\"37252\" class=\"elementor elementor-37252 swiper-slide e-loop-item e-loop-item-45385 post-45385 post type-post status-publish format-standard has-post-thumbnail hentry category-mariage tag-duo tag-first-look tag-mariage tag-photographe tag-porte-des-iris tag-suisse tag-vaud tag-videaste\" data-elementor-post-type=\"elementor_library\" role=\"group\" aria-roledescription=\"slide\" data-custom-edit-handle=\"1\">\n\t\t\t<div class=\"elementor-element elementor-element-fcfe08c e-con-full e-flex e-con e-parent\" data-id=\"fcfe08c\" data-element_type=\"container\" data-e-type=\"container\" data-settings=\"{&quot;animation&quot;:&quot;none&quot;}\">\n\t\t\t\t<div class=\"elementor-element elementor-element-1fda60f elementor-widget elementor-widget-theme-post-featured-image elementor-widget-image\" data-id=\"1fda60f\" data-element_type=\"widget\" data-e-type=\"widget\" data-widget_type=\"theme-post-featured-image.default\">\n\t\t\t\t<div class=\"elementor-widget-container\">\n\t\t\t\t\t\t\t\t\t\t\t\t\t\t\t\t<a href=\"https:\/\/aigal.ch\/en\/duo-photo-et-video-mariage-porte-des-iris\/\">\n\t\t\t\t\t\t\t<img decoding=\"async\" src=\"https:\/\/aigal.ch\/wp-content\/uploads\/elementor\/thumbs\/Aigal_131429_05671-qxysjmswgzwtuwvm8xbghqnavw8s30y9f5vmatl7gg.jpg\" title=\"Mariage d&rsquo;Aurore et Mickael \u00e0 la Porte des Iris\" alt=\"Photographe de mariage \u00e0 la Porte des Iris\" loading=\"lazy\" \/>\t\t\t\t\t\t\t\t<\/a>\n\t\t\t\t\t\t\t\t\t\t\t\t\t\t\t<\/div>\n\t\t\t\t<\/div>\n\t\t\t\t<div class=\"elementor-element elementor-element-40e6bae elementor-widget elementor-widget-heading\" data-id=\"40e6bae\" data-element_type=\"widget\" data-e-type=\"widget\" data-widget_type=\"heading.default\">\n\t\t\t\t<div class=\"elementor-widget-container\">\n\t\t\t\t\t<p class=\"elementor-heading-title elementor-size-default\"><a href=\"https:\/\/aigal.ch\/en\/duo-photo-et-video-mariage-porte-des-iris\/\">Mariage d&rsquo;Aurore et Mickael \u00e0 la porte des Iris<\/a><\/p>\t\t\t\t<\/div>\n\t\t\t\t<\/div>\n\t\t\t\t<\/div>\n\t\t\t\t<\/div>\n\t\t\t\t<div data-elementor-type=\"loop-item\" data-elementor-id=\"37252\" class=\"elementor elementor-37252 swiper-slide e-loop-item e-loop-item-47220 post-47220 post type-post status-publish format-standard has-post-thumbnail hentry category-mariage tag-chateau-des-bois tag-geneve tag-mariage tag-satigny tag-suisse\" data-elementor-post-type=\"elementor_library\" role=\"group\" aria-roledescription=\"slide\" data-custom-edit-handle=\"1\">\n\t\t\t<div class=\"elementor-element elementor-element-fcfe08c e-con-full e-flex e-con e-parent\" data-id=\"fcfe08c\" data-element_type=\"container\" data-e-type=\"container\" data-settings=\"{&quot;animation&quot;:&quot;none&quot;}\">\n\t\t\t\t<div class=\"elementor-element elementor-element-1fda60f elementor-widget elementor-widget-theme-post-featured-image elementor-widget-image\" data-id=\"1fda60f\" data-element_type=\"widget\" data-e-type=\"widget\" data-widget_type=\"theme-post-featured-image.default\">\n\t\t\t\t<div class=\"elementor-widget-container\">\n\t\t\t\t\t\t\t\t\t\t\t\t\t\t\t\t<a href=\"https:\/\/aigal.ch\/en\/mariage-au-chateau-des-bois-satigny\/\">\n\t\t\t\t\t\t\t<img decoding=\"async\" src=\"https:\/\/aigal.ch\/wp-content\/uploads\/elementor\/thumbs\/Aigal_041812_09940-scaled-r1qoe7o0lqjjta8uigokecwbdjbu8sv5hsxaa0lw5c.jpg\" title=\"Aigal_041812_09940\" alt=\"Mariage au Ch\u00e2teau des Bois \u00e0 Satigny canton de Gen\u00e8ve\" loading=\"lazy\" \/>\t\t\t\t\t\t\t\t<\/a>\n\t\t\t\t\t\t\t\t\t\t\t\t\t\t\t<\/div>\n\t\t\t\t<\/div>\n\t\t\t\t<div class=\"elementor-element elementor-element-40e6bae elementor-widget elementor-widget-heading\" data-id=\"40e6bae\" data-element_type=\"widget\" data-e-type=\"widget\" data-widget_type=\"heading.default\">\n\t\t\t\t<div class=\"elementor-widget-container\">\n\t\t\t\t\t<p class=\"elementor-heading-title elementor-size-default\"><a href=\"https:\/\/aigal.ch\/en\/mariage-au-chateau-des-bois-satigny\/\">Mariage au charmant Ch\u00e2teau des Bois de Satigny<\/a><\/p>\t\t\t\t<\/div>\n\t\t\t\t<\/div>\n\t\t\t\t<\/div>\n\t\t\t\t<\/div>\n\t\t\t\t<div data-elementor-type=\"loop-item\" data-elementor-id=\"37252\" class=\"elementor elementor-37252 swiper-slide e-loop-item e-loop-item-47088 post-47088 post type-post status-publish format-standard has-post-thumbnail hentry category-mariage category-civil tag-geneve tag-mairie-de-dardagny tag-mariage tag-suisse\" data-elementor-post-type=\"elementor_library\" role=\"group\" aria-roledescription=\"slide\" data-custom-edit-handle=\"1\">\n\t\t\t<div class=\"elementor-element elementor-element-fcfe08c e-con-full e-flex e-con e-parent\" data-id=\"fcfe08c\" data-element_type=\"container\" data-e-type=\"container\" data-settings=\"{&quot;animation&quot;:&quot;none&quot;}\">\n\t\t\t\t<div class=\"elementor-element elementor-element-1fda60f elementor-widget elementor-widget-theme-post-featured-image elementor-widget-image\" data-id=\"1fda60f\" data-element_type=\"widget\" data-e-type=\"widget\" data-widget_type=\"theme-post-featured-image.default\">\n\t\t\t\t<div class=\"elementor-widget-container\">\n\t\t\t\t\t\t\t\t\t\t\t\t\t\t\t\t<a href=\"https:\/\/aigal.ch\/en\/photographe-mariage-civil-mairie-de-dardagny-geneve\/\">\n\t\t\t\t\t\t\t<img decoding=\"async\" src=\"https:\/\/aigal.ch\/wp-content\/uploads\/elementor\/thumbs\/Aigal_271724_05018-scaled-r1oht17y1hlytvsaxj9liai3yfzq5l7xuo0pbngkcg.jpg\" title=\"Aigal_271724_05018\" alt=\"Aigal_271724_05018\" loading=\"lazy\" \/>\t\t\t\t\t\t\t\t<\/a>\n\t\t\t\t\t\t\t\t\t\t\t\t\t\t\t<\/div>\n\t\t\t\t<\/div>\n\t\t\t\t<div class=\"elementor-element elementor-element-40e6bae elementor-widget elementor-widget-heading\" data-id=\"40e6bae\" data-element_type=\"widget\" data-e-type=\"widget\" data-widget_type=\"heading.default\">\n\t\t\t\t<div class=\"elementor-widget-container\">\n\t\t\t\t\t<p class=\"elementor-heading-title elementor-size-default\"><a href=\"https:\/\/aigal.ch\/en\/photographe-mariage-civil-mairie-de-dardagny-geneve\/\">Mariage civil \u00e0 la mairie de Dardagny \u00e0 Gen\u00e8ve<\/a><\/p>\t\t\t\t<\/div>\n\t\t\t\t<\/div>\n\t\t\t\t<\/div>\n\t\t\t\t<\/div>\n\t\t\t\t<div data-elementor-type=\"loop-item\" data-elementor-id=\"37252\" class=\"elementor elementor-37252 swiper-slide e-loop-item e-loop-item-46993 post-46993 post type-post status-publish format-standard has-post-thumbnail hentry category-mariage tag-castel-bois-genoud tag-crissier tag-mariage tag-suisse\" data-elementor-post-type=\"elementor_library\" role=\"group\" aria-roledescription=\"slide\" data-custom-edit-handle=\"1\">\n\t\t\t<div class=\"elementor-element elementor-element-fcfe08c e-con-full e-flex e-con e-parent\" data-id=\"fcfe08c\" data-element_type=\"container\" data-e-type=\"container\" data-settings=\"{&quot;animation&quot;:&quot;none&quot;}\">\n\t\t\t\t<div class=\"elementor-element elementor-element-1fda60f elementor-widget elementor-widget-theme-post-featured-image elementor-widget-image\" data-id=\"1fda60f\" data-element_type=\"widget\" data-e-type=\"widget\" data-widget_type=\"theme-post-featured-image.default\">\n\t\t\t\t<div class=\"elementor-widget-container\">\n\t\t\t\t\t\t\t\t\t\t\t\t\t\t\t\t<a href=\"https:\/\/aigal.ch\/en\/mariage-au-castel-de-bois-genoud-a-crissier\/\">\n\t\t\t\t\t\t\t<img decoding=\"async\" src=\"https:\/\/aigal.ch\/wp-content\/uploads\/elementor\/thumbs\/Aigal_211707_07752-scaled-r1n8vcz85z4xx5jp0abwci7rtxar2763fxds4a00sg.jpg\" title=\"Aigal_211707_07752\" alt=\"Photographe mariage au Castel Bois Genoud Crissier Vaud\" loading=\"lazy\" \/>\t\t\t\t\t\t\t\t<\/a>\n\t\t\t\t\t\t\t\t\t\t\t\t\t\t\t<\/div>\n\t\t\t\t<\/div>\n\t\t\t\t<div class=\"elementor-element elementor-element-40e6bae elementor-widget elementor-widget-heading\" data-id=\"40e6bae\" data-element_type=\"widget\" data-e-type=\"widget\" data-widget_type=\"heading.default\">\n\t\t\t\t<div class=\"elementor-widget-container\">\n\t\t\t\t\t<p class=\"elementor-heading-title elementor-size-default\"><a href=\"https:\/\/aigal.ch\/en\/mariage-au-castel-de-bois-genoud-a-crissier\/\">Mariage au Castel de Bois Genoud \u00e0 Crissier<\/a><\/p>\t\t\t\t<\/div>\n\t\t\t\t<\/div>\n\t\t\t\t<\/div>\n\t\t\t\t<\/div>\n\t\t\t\t<div data-elementor-type=\"loop-item\" data-elementor-id=\"37252\" class=\"elementor elementor-37252 swiper-slide e-loop-item e-loop-item-46363 post-46363 post type-post status-publish format-standard has-post-thumbnail hentry category-mariage category-civil tag-lac-leman tag-mariage-civil tag-suisse tag-vevey\" data-elementor-post-type=\"elementor_library\" role=\"group\" aria-roledescription=\"slide\" data-custom-edit-handle=\"1\">\n\t\t\t<div class=\"elementor-element elementor-element-fcfe08c e-con-full e-flex e-con e-parent\" data-id=\"fcfe08c\" data-element_type=\"container\" data-e-type=\"container\" data-settings=\"{&quot;animation&quot;:&quot;none&quot;}\">\n\t\t\t\t<div class=\"elementor-element elementor-element-1fda60f elementor-widget elementor-widget-theme-post-featured-image elementor-widget-image\" data-id=\"1fda60f\" data-element_type=\"widget\" data-e-type=\"widget\" data-widget_type=\"theme-post-featured-image.default\">\n\t\t\t\t<div class=\"elementor-widget-container\">\n\t\t\t\t\t\t\t\t\t\t\t\t\t\t\t\t<a href=\"https:\/\/aigal.ch\/en\/mariage-hotel-des-trois-couronnes-a-vevey\/\">\n\t\t\t\t\t\t\t<img decoding=\"async\" src=\"https:\/\/aigal.ch\/wp-content\/uploads\/elementor\/thumbs\/Aigal_301950_07362-scaled-r126vlsaqo99kaj8c05xth4wpv666yo722teyxtse8.jpg\" title=\"Mariage de Val\u00e9rie et Fr\u00e9d\u00e9ric \u00e0 l&rsquo;H\u00f4tel des Trois Couronnes \u00e0 Vevey\" alt=\"Photographe mariage Vevey\" loading=\"lazy\" \/>\t\t\t\t\t\t\t\t<\/a>\n\t\t\t\t\t\t\t\t\t\t\t\t\t\t\t<\/div>\n\t\t\t\t<\/div>\n\t\t\t\t<div class=\"elementor-element elementor-element-40e6bae elementor-widget elementor-widget-heading\" data-id=\"40e6bae\" data-element_type=\"widget\" data-e-type=\"widget\" data-widget_type=\"heading.default\">\n\t\t\t\t<div class=\"elementor-widget-container\">\n\t\t\t\t\t<p class=\"elementor-heading-title elementor-size-default\"><a href=\"https:\/\/aigal.ch\/en\/mariage-hotel-des-trois-couronnes-a-vevey\/\">Mariage de Val\u00e9rie et Fr\u00e9d\u00e9ric \u00e0 l\u2019H\u00f4tel des Trois Couronnes \u00e0 Vevey<\/a><\/p>\t\t\t\t<\/div>\n\t\t\t\t<\/div>\n\t\t\t\t<\/div>\n\t\t\t\t<\/div>\n\t\t\t\t<div data-elementor-type=\"loop-item\" data-elementor-id=\"37252\" class=\"elementor elementor-37252 swiper-slide e-loop-item e-loop-item-45816 post-45816 post type-post status-publish format-standard has-post-thumbnail hentry category-mariage tag-duo tag-lavaux tag-mariage tag-suisse tag-trois-couronnes tag-vaud tag-vevey tag-videaste\" data-elementor-post-type=\"elementor_library\" role=\"group\" aria-roledescription=\"slide\" data-custom-edit-handle=\"1\">\n\t\t\t<div class=\"elementor-element elementor-element-fcfe08c e-con-full e-flex e-con e-parent\" data-id=\"fcfe08c\" data-element_type=\"container\" data-e-type=\"container\" data-settings=\"{&quot;animation&quot;:&quot;none&quot;}\">\n\t\t\t\t<div class=\"elementor-element elementor-element-1fda60f elementor-widget elementor-widget-theme-post-featured-image elementor-widget-image\" data-id=\"1fda60f\" data-element_type=\"widget\" data-e-type=\"widget\" data-widget_type=\"theme-post-featured-image.default\">\n\t\t\t\t<div class=\"elementor-widget-container\">\n\t\t\t\t\t\t\t\t\t\t\t\t\t\t\t\t<a href=\"https:\/\/aigal.ch\/en\/videaste-mariage-hotel-trois-couronnes-vevey\/\">\n\t\t\t\t\t\t\t<img decoding=\"async\" src=\"https:\/\/aigal.ch\/wp-content\/uploads\/elementor\/thumbs\/Teaser_2.1.1-scaled-r0c7qv595prl10g3rqh7q5m13me1buzk9330e6vfgg.jpg\" title=\"Mariage d&rsquo;Eug\u00e9nie et Michel \u00e0 l&rsquo;Hotel des Trois Couronnes\" alt=\"Vid\u00e9aste de mariage \u00e0 Vevey\" loading=\"lazy\" \/>\t\t\t\t\t\t\t\t<\/a>\n\t\t\t\t\t\t\t\t\t\t\t\t\t\t\t<\/div>\n\t\t\t\t<\/div>\n\t\t\t\t<div class=\"elementor-element elementor-element-40e6bae elementor-widget elementor-widget-heading\" data-id=\"40e6bae\" data-element_type=\"widget\" data-e-type=\"widget\" data-widget_type=\"heading.default\">\n\t\t\t\t<div class=\"elementor-widget-container\">\n\t\t\t\t\t<p class=\"elementor-heading-title elementor-size-default\"><a href=\"https:\/\/aigal.ch\/en\/videaste-mariage-hotel-trois-couronnes-vevey\/\">Mariage d&rsquo;Eug\u00e9nie et Michel \u00e0 l&rsquo;h\u00f4tel des Trois Couronnes \u00e0 Vevey<\/a><\/p>\t\t\t\t<\/div>\n\t\t\t\t<\/div>\n\t\t\t\t<\/div>\n\t\t\t\t<\/div>\n\t\t\t\t<div data-elementor-type=\"loop-item\" data-elementor-id=\"37252\" class=\"elementor elementor-37252 swiper-slide e-loop-item e-loop-item-46815 post-46815 post type-post status-publish format-standard has-post-thumbnail hentry category-mariage tag-castel-bois-genoud tag-lausanne tag-mariage tag-suisse\" data-elementor-post-type=\"elementor_library\" role=\"group\" aria-roledescription=\"slide\" data-custom-edit-handle=\"1\">\n\t\t\t<div class=\"elementor-element elementor-element-fcfe08c e-con-full e-flex e-con e-parent\" data-id=\"fcfe08c\" data-element_type=\"container\" data-e-type=\"container\" data-settings=\"{&quot;animation&quot;:&quot;none&quot;}\">\n\t\t\t\t<div class=\"elementor-element elementor-element-1fda60f elementor-widget elementor-widget-theme-post-featured-image elementor-widget-image\" data-id=\"1fda60f\" data-element_type=\"widget\" data-e-type=\"widget\" data-widget_type=\"theme-post-featured-image.default\">\n\t\t\t\t<div class=\"elementor-widget-container\">\n\t\t\t\t\t\t\t\t\t\t\t\t\t\t\t\t<a href=\"https:\/\/aigal.ch\/en\/mariage-au-castel-de-bois-genoud-pres-de-lausanne\/\">\n\t\t\t\t\t\t\t<img decoding=\"async\" src=\"https:\/\/aigal.ch\/wp-content\/uploads\/elementor\/thumbs\/Aigal_171844_04947-scaled-r1n6omztshdfktw7orbq0vd0t7b3erndmagu70pzwg.jpg\" title=\"Aigal_171844_04947\" alt=\"Photographe mariage au Castel Bois Genoud Lausanne Vaud\" loading=\"lazy\" \/>\t\t\t\t\t\t\t\t<\/a>\n\t\t\t\t\t\t\t\t\t\t\t\t\t\t\t<\/div>\n\t\t\t\t<\/div>\n\t\t\t\t<div class=\"elementor-element elementor-element-40e6bae elementor-widget elementor-widget-heading\" data-id=\"40e6bae\" data-element_type=\"widget\" data-e-type=\"widget\" data-widget_type=\"heading.default\">\n\t\t\t\t<div class=\"elementor-widget-container\">\n\t\t\t\t\t<p class=\"elementor-heading-title elementor-size-default\"><a href=\"https:\/\/aigal.ch\/en\/mariage-au-castel-de-bois-genoud-pres-de-lausanne\/\">Mariage au Castel de Bois Genoud pr\u00e8s de Lausanne<\/a><\/p>\t\t\t\t<\/div>\n\t\t\t\t<\/div>\n\t\t\t\t<\/div>\n\t\t\t\t<\/div>\n\t\t\t\t<div data-elementor-type=\"loop-item\" data-elementor-id=\"37252\" class=\"elementor elementor-37252 swiper-slide e-loop-item e-loop-item-47176 post-47176 post type-post status-publish format-standard has-post-thumbnail hentry category-mariage tag-chateau-de-la-ripaille tag-evian-les-bains tag-france tag-geneve tag-mariage tag-thonon-les-bains\" data-elementor-post-type=\"elementor_library\" role=\"group\" aria-roledescription=\"slide\" data-custom-edit-handle=\"1\">\n\t\t\t<div class=\"elementor-element elementor-element-fcfe08c e-con-full e-flex e-con e-parent\" data-id=\"fcfe08c\" data-element_type=\"container\" data-e-type=\"container\" data-settings=\"{&quot;animation&quot;:&quot;none&quot;}\">\n\t\t\t\t<div class=\"elementor-element elementor-element-1fda60f elementor-widget elementor-widget-theme-post-featured-image elementor-widget-image\" data-id=\"1fda60f\" data-element_type=\"widget\" data-e-type=\"widget\" data-widget_type=\"theme-post-featured-image.default\">\n\t\t\t\t<div class=\"elementor-widget-container\">\n\t\t\t\t\t\t\t\t\t\t\t\t\t\t\t\t<a href=\"https:\/\/aigal.ch\/en\/mariage-au-chateau-de-la-ripaille\/\">\n\t\t\t\t\t\t\t<img decoding=\"async\" src=\"https:\/\/aigal.ch\/wp-content\/uploads\/elementor\/thumbs\/Aigal_031905_06418-scaled-r1qjxmwl2mq4ffhq61wzfvni1usha9dxf0t4uap340.jpg\" title=\"Aigal_031905_06418\" alt=\"Mariage ch\u00e2teau de Ripaille\" loading=\"lazy\" \/>\t\t\t\t\t\t\t\t<\/a>\n\t\t\t\t\t\t\t\t\t\t\t\t\t\t\t<\/div>\n\t\t\t\t<\/div>\n\t\t\t\t<div class=\"elementor-element elementor-element-40e6bae elementor-widget elementor-widget-heading\" data-id=\"40e6bae\" data-element_type=\"widget\" data-e-type=\"widget\" data-widget_type=\"heading.default\">\n\t\t\t\t<div class=\"elementor-widget-container\">\n\t\t\t\t\t<p class=\"elementor-heading-title elementor-size-default\"><a href=\"https:\/\/aigal.ch\/en\/mariage-au-chateau-de-la-ripaille\/\">Mariage au ch\u00e2teau de la Ripaille<\/a><\/p>\t\t\t\t<\/div>\n\t\t\t\t<\/div>\n\t\t\t\t<\/div>\n\t\t\t\t<\/div>\n\t\t\t\t<div data-elementor-type=\"loop-item\" data-elementor-id=\"37252\" class=\"elementor elementor-37252 swiper-slide e-loop-item e-loop-item-47509 post-47509 post type-post status-publish format-standard has-post-thumbnail hentry category-mariage category-lieux-de-reception-mariage tag-domaine-de-choully tag-geneve tag-mariage tag-suisse\" data-elementor-post-type=\"elementor_library\" role=\"group\" aria-roledescription=\"slide\" data-custom-edit-handle=\"1\">\n\t\t\t<div class=\"elementor-element elementor-element-fcfe08c e-con-full e-flex e-con e-parent\" data-id=\"fcfe08c\" data-element_type=\"container\" data-e-type=\"container\" data-settings=\"{&quot;animation&quot;:&quot;none&quot;}\">\n\t\t\t\t<div class=\"elementor-element elementor-element-1fda60f elementor-widget elementor-widget-theme-post-featured-image elementor-widget-image\" data-id=\"1fda60f\" data-element_type=\"widget\" data-e-type=\"widget\" data-widget_type=\"theme-post-featured-image.default\">\n\t\t\t\t<div class=\"elementor-widget-container\">\n\t\t\t\t\t\t\t\t\t\t\t\t\t\t\t\t<a href=\"https:\/\/aigal.ch\/en\/mariage-au-domaine-de-choully\/\">\n\t\t\t\t\t\t\t<img decoding=\"async\" src=\"https:\/\/aigal.ch\/wp-content\/uploads\/elementor\/thumbs\/Aigal_271609_01023-scaled-r3fnh0qgayt4kx7iti8n687ko5ywe1xlgdw1g4pc74.jpg\" title=\"Aigal_271609_01023\" alt=\"Mariage au domaine de Choully\" loading=\"lazy\" \/>\t\t\t\t\t\t\t\t<\/a>\n\t\t\t\t\t\t\t\t\t\t\t\t\t\t\t<\/div>\n\t\t\t\t<\/div>\n\t\t\t\t<div class=\"elementor-element elementor-element-40e6bae elementor-widget elementor-widget-heading\" data-id=\"40e6bae\" data-element_type=\"widget\" data-e-type=\"widget\" data-widget_type=\"heading.default\">\n\t\t\t\t<div class=\"elementor-widget-container\">\n\t\t\t\t\t<p class=\"elementor-heading-title elementor-size-default\"><a href=\"https:\/\/aigal.ch\/en\/mariage-au-domaine-de-choully\/\">Mariage au Domaine de Choully<\/a><\/p>\t\t\t\t<\/div>\n\t\t\t\t<\/div>\n\t\t\t\t<\/div>\n\t\t\t\t<\/div>\n\t\t\t\t<div data-elementor-type=\"loop-item\" data-elementor-id=\"37252\" class=\"elementor elementor-37252 swiper-slide e-loop-item e-loop-item-47340 post-47340 post type-post status-publish format-standard has-post-thumbnail hentry category-mariage category-lieux-de-reception-mariage tag-cocktail tag-fiancailles tag-suisse tag-trois-couronnes tag-vevey\" data-elementor-post-type=\"elementor_library\" role=\"group\" aria-roledescription=\"slide\" data-custom-edit-handle=\"1\">\n\t\t\t<div class=\"elementor-element elementor-element-fcfe08c e-con-full e-flex e-con e-parent\" data-id=\"fcfe08c\" data-element_type=\"container\" data-e-type=\"container\" data-settings=\"{&quot;animation&quot;:&quot;none&quot;}\">\n\t\t\t\t<div class=\"elementor-element elementor-element-1fda60f elementor-widget elementor-widget-theme-post-featured-image elementor-widget-image\" data-id=\"1fda60f\" data-element_type=\"widget\" data-e-type=\"widget\" data-widget_type=\"theme-post-featured-image.default\">\n\t\t\t\t<div class=\"elementor-widget-container\">\n\t\t\t\t\t\t\t\t\t\t\t\t\t\t\t\t<a href=\"https:\/\/aigal.ch\/en\/cocktail-fiancailles-mariage-hotel-des-trois-couronnes-vevey\/\">\n\t\t\t\t\t\t\t<img decoding=\"async\" src=\"https:\/\/aigal.ch\/wp-content\/uploads\/elementor\/thumbs\/Aigal_041818_05907-scaled-r3fka5uf6rkrwa1oicwszpmvi638tiydbw33bx06io.jpg\" title=\"Aigal_041818_05907\" alt=\"Photographe mariage Vevey Trois Couronnes\" loading=\"lazy\" \/>\t\t\t\t\t\t\t\t<\/a>\n\t\t\t\t\t\t\t\t\t\t\t\t\t\t\t<\/div>\n\t\t\t\t<\/div>\n\t\t\t\t<div class=\"elementor-element elementor-element-40e6bae elementor-widget elementor-widget-heading\" data-id=\"40e6bae\" data-element_type=\"widget\" data-e-type=\"widget\" data-widget_type=\"heading.default\">\n\t\t\t\t<div class=\"elementor-widget-container\">\n\t\t\t\t\t<p class=\"elementor-heading-title elementor-size-default\"><a href=\"https:\/\/aigal.ch\/en\/cocktail-fiancailles-mariage-hotel-des-trois-couronnes-vevey\/\">Cocktail de fian\u00e7ailles \u00e0 l&rsquo;h\u00f4tel des Trois Couronnes<\/a><\/p>\t\t\t\t<\/div>\n\t\t\t\t<\/div>\n\t\t\t\t<\/div>\n\t\t\t\t<\/div>\n\t\t\t\t<div data-elementor-type=\"loop-item\" data-elementor-id=\"37252\" class=\"elementor elementor-37252 swiper-slide e-loop-item e-loop-item-45810 post-45810 post type-post status-publish format-standard has-post-thumbnail hentry category-mariage tag-mariage tag-neuchatel tag-neuveville tag-photographe tag-pont-de-thielle tag-suisse\" data-elementor-post-type=\"elementor_library\" role=\"group\" aria-roledescription=\"slide\" data-custom-edit-handle=\"1\">\n\t\t\t<div class=\"elementor-element elementor-element-fcfe08c e-con-full e-flex e-con e-parent\" data-id=\"fcfe08c\" data-element_type=\"container\" data-e-type=\"container\" data-settings=\"{&quot;animation&quot;:&quot;none&quot;}\">\n\t\t\t\t<div class=\"elementor-element elementor-element-1fda60f elementor-widget elementor-widget-theme-post-featured-image elementor-widget-image\" data-id=\"1fda60f\" data-element_type=\"widget\" data-e-type=\"widget\" data-widget_type=\"theme-post-featured-image.default\">\n\t\t\t\t<div class=\"elementor-widget-container\">\n\t\t\t\t\t\t\t\t\t\t\t\t\t\t\t\t<a href=\"https:\/\/aigal.ch\/en\/photographe-mariage-2024-pont-de-thielle\/\">\n\t\t\t\t\t\t\t<img decoding=\"async\" src=\"https:\/\/aigal.ch\/wp-content\/uploads\/elementor\/thumbs\/Aigal_221407_08314-scaled-r0c5iwzfv0blj0ksm6dknbwm5sg4mnlgldi8wxewow.jpg\" title=\"Mariage de Manon &amp; Andy au Pont-de-Thielle\" alt=\"Photographe de mariage au Pont-de-Thielle\" loading=\"lazy\" \/>\t\t\t\t\t\t\t\t<\/a>\n\t\t\t\t\t\t\t\t\t\t\t\t\t\t\t<\/div>\n\t\t\t\t<\/div>\n\t\t\t\t<div class=\"elementor-element elementor-element-40e6bae elementor-widget elementor-widget-heading\" data-id=\"40e6bae\" data-element_type=\"widget\" data-e-type=\"widget\" data-widget_type=\"heading.default\">\n\t\t\t\t<div class=\"elementor-widget-container\">\n\t\t\t\t\t<p class=\"elementor-heading-title elementor-size-default\"><a href=\"https:\/\/aigal.ch\/en\/photographe-mariage-2024-pont-de-thielle\/\">Mariage de Manon et Andy au Pont-de-Thielle<\/a><\/p>\t\t\t\t<\/div>\n\t\t\t\t<\/div>\n\t\t\t\t<\/div>\n\t\t\t\t<\/div>\n\t\t\t\t<div data-elementor-type=\"loop-item\" data-elementor-id=\"37252\" class=\"elementor elementor-37252 swiper-slide e-loop-item e-loop-item-42528 post-42528 post type-post status-publish format-standard has-post-thumbnail hentry category-mariage tag-geneve tag-mariage tag-prix\" data-elementor-post-type=\"elementor_library\" role=\"group\" aria-roledescription=\"slide\" data-custom-edit-handle=\"1\">\n\t\t\t<div class=\"elementor-element elementor-element-fcfe08c e-con-full e-flex e-con e-parent\" data-id=\"fcfe08c\" data-element_type=\"container\" data-e-type=\"container\" data-settings=\"{&quot;animation&quot;:&quot;none&quot;}\">\n\t\t\t\t<div class=\"elementor-element elementor-element-1fda60f elementor-widget elementor-widget-theme-post-featured-image elementor-widget-image\" data-id=\"1fda60f\" data-element_type=\"widget\" data-e-type=\"widget\" data-widget_type=\"theme-post-featured-image.default\">\n\t\t\t\t<div class=\"elementor-widget-container\">\n\t\t\t\t\t\t\t\t\t\t\t\t\t\t\t\t<a href=\"https:\/\/aigal.ch\/en\/photographe-mariage-geneve-prix\/\">\n\t\t\t\t\t\t\t<img decoding=\"async\" src=\"https:\/\/aigal.ch\/wp-content\/uploads\/elementor\/thumbs\/Photographe_Mariage_Geneve_Drone-scaled-e1630067196142-pc8d59mca8kw5opcroygzibbualv40h2bap03hz4e8.jpg\" title=\"Photographe_Mariage_Geneve_Drone\" alt=\"Photographe Mariage Geneve\" loading=\"lazy\" \/>\t\t\t\t\t\t\t\t<\/a>\n\t\t\t\t\t\t\t\t\t\t\t\t\t\t\t<\/div>\n\t\t\t\t<\/div>\n\t\t\t\t<div class=\"elementor-element elementor-element-40e6bae elementor-widget elementor-widget-heading\" data-id=\"40e6bae\" data-element_type=\"widget\" data-e-type=\"widget\" data-widget_type=\"heading.default\">\n\t\t\t\t<div class=\"elementor-widget-container\">\n\t\t\t\t\t<p class=\"elementor-heading-title elementor-size-default\"><a href=\"https:\/\/aigal.ch\/en\/photographe-mariage-geneve-prix\/\">Quel est le tarif d&rsquo;un photographe de mariage \u00e0 Gen\u00e8ve ?<\/a><\/p>\t\t\t\t<\/div>\n\t\t\t\t<\/div>\n\t\t\t\t<\/div>\n\t\t\t\t<\/div>\n\t\t\t\t<div data-elementor-type=\"loop-item\" data-elementor-id=\"37252\" class=\"elementor elementor-37252 swiper-slide e-loop-item e-loop-item-42027 post-42027 post type-post status-publish format-standard has-post-thumbnail hentry category-mariage category-civil tag-geneve tag-la-reserve tag-mairie-des-eaux-vives tag-mariage-civil\" data-elementor-post-type=\"elementor_library\" role=\"group\" aria-roledescription=\"slide\" data-custom-edit-handle=\"1\">\n\t\t\t<div class=\"elementor-element elementor-element-fcfe08c e-con-full e-flex e-con e-parent\" data-id=\"fcfe08c\" data-element_type=\"container\" data-e-type=\"container\" data-settings=\"{&quot;animation&quot;:&quot;none&quot;}\">\n\t\t\t\t<div class=\"elementor-element elementor-element-1fda60f elementor-widget elementor-widget-theme-post-featured-image elementor-widget-image\" data-id=\"1fda60f\" data-element_type=\"widget\" data-e-type=\"widget\" data-widget_type=\"theme-post-featured-image.default\">\n\t\t\t\t<div class=\"elementor-widget-container\">\n\t\t\t\t\t\t\t\t\t\t\t\t\t\t\t\t<a href=\"https:\/\/aigal.ch\/en\/mariage-a-la-reserve-a-geneve\/\">\n\t\t\t\t\t\t\t<img decoding=\"async\" src=\"https:\/\/aigal.ch\/wp-content\/uploads\/elementor\/thumbs\/Aigal_0347_09484-qrz58xv29mnffj9tiq0yj7qfg75at9wwo2egdjfksg.jpg\" title=\"Aigal_0347_09484\" alt=\"Mariage \u00e0 La R\u00e9serve Gen\u00e8ve Hotel and Spa\" loading=\"lazy\" \/>\t\t\t\t\t\t\t\t<\/a>\n\t\t\t\t\t\t\t\t\t\t\t\t\t\t\t<\/div>\n\t\t\t\t<\/div>\n\t\t\t\t<div class=\"elementor-element elementor-element-40e6bae elementor-widget elementor-widget-heading\" data-id=\"40e6bae\" data-element_type=\"widget\" data-e-type=\"widget\" data-widget_type=\"heading.default\">\n\t\t\t\t<div class=\"elementor-widget-container\">\n\t\t\t\t\t<p class=\"elementor-heading-title elementor-size-default\"><a href=\"https:\/\/aigal.ch\/en\/mariage-a-la-reserve-a-geneve\/\">Mariage d&rsquo;Alicia et Baseem \u00e0 La R\u00e9serve Gen\u00e8ve<\/a><\/p>\t\t\t\t<\/div>\n\t\t\t\t<\/div>\n\t\t\t\t<\/div>\n\t\t\t\t<\/div>\n\t\t\t\t<div data-elementor-type=\"loop-item\" data-elementor-id=\"37252\" class=\"elementor elementor-37252 swiper-slide e-loop-item e-loop-item-40979 post-40979 post type-post status-publish format-standard has-post-thumbnail hentry category-mariage category-lieux-de-reception-mariage tag-chartreuse-de-pomier\" data-elementor-post-type=\"elementor_library\" role=\"group\" aria-roledescription=\"slide\" data-custom-edit-handle=\"1\">\n\t\t\t<div class=\"elementor-element elementor-element-fcfe08c e-con-full e-flex e-con e-parent\" data-id=\"fcfe08c\" data-element_type=\"container\" data-e-type=\"container\" data-settings=\"{&quot;animation&quot;:&quot;none&quot;}\">\n\t\t\t\t<div class=\"elementor-element elementor-element-1fda60f elementor-widget elementor-widget-theme-post-featured-image elementor-widget-image\" data-id=\"1fda60f\" data-element_type=\"widget\" data-e-type=\"widget\" data-widget_type=\"theme-post-featured-image.default\">\n\t\t\t\t<div class=\"elementor-widget-container\">\n\t\t\t\t\t\t\t\t\t\t\t\t\t\t\t\t<a href=\"https:\/\/aigal.ch\/en\/domaine-la-chartreuse-de-pomier-lieu-ideal-mariage\/\">\n\t\t\t\t\t\t\t<img decoding=\"async\" src=\"https:\/\/aigal.ch\/wp-content\/uploads\/elementor\/thumbs\/Aigal_Panorama_Chartreuse_Pomier-qrz57x7cv398uqr2gs6ibyzga65zh2vdj0yinqxxj4.jpg\" title=\"Mariage de Laetitia et Grianfranco\" alt=\"Mariage de Laetitia et Grianfranco \u00e0 la Chartreuse de Pomier\" loading=\"lazy\" \/>\t\t\t\t\t\t\t\t<\/a>\n\t\t\t\t\t\t\t\t\t\t\t\t\t\t\t<\/div>\n\t\t\t\t<\/div>\n\t\t\t\t<div class=\"elementor-element elementor-element-40e6bae elementor-widget elementor-widget-heading\" data-id=\"40e6bae\" data-element_type=\"widget\" data-e-type=\"widget\" data-widget_type=\"heading.default\">\n\t\t\t\t<div class=\"elementor-widget-container\">\n\t\t\t\t\t<p class=\"elementor-heading-title elementor-size-default\"><a href=\"https:\/\/aigal.ch\/en\/domaine-la-chartreuse-de-pomier-lieu-ideal-mariage\/\">Domaine de la Chartreuse de Pomier : le lieu id\u00e9al pour votre mariage<\/a><\/p>\t\t\t\t<\/div>\n\t\t\t\t<\/div>\n\t\t\t\t<\/div>\n\t\t\t\t<\/div>\n\t\t\t\t<div data-elementor-type=\"loop-item\" data-elementor-id=\"37252\" class=\"elementor elementor-37252 swiper-slide e-loop-item e-loop-item-41363 post-41363 post type-post status-publish format-standard has-post-thumbnail hentry category-mariage category-lieux-de-reception-mariage tag-cologny\" data-elementor-post-type=\"elementor_library\" role=\"group\" aria-roledescription=\"slide\" data-custom-edit-handle=\"1\">\n\t\t\t<div class=\"elementor-element elementor-element-fcfe08c e-con-full e-flex e-con e-parent\" data-id=\"fcfe08c\" data-element_type=\"container\" data-e-type=\"container\" data-settings=\"{&quot;animation&quot;:&quot;none&quot;}\">\n\t\t\t\t<div class=\"elementor-element elementor-element-1fda60f elementor-widget elementor-widget-theme-post-featured-image elementor-widget-image\" data-id=\"1fda60f\" data-element_type=\"widget\" data-e-type=\"widget\" data-widget_type=\"theme-post-featured-image.default\">\n\t\t\t\t<div class=\"elementor-widget-container\">\n\t\t\t\t\t\t\t\t\t\t\t\t\t\t\t\t<a href=\"https:\/\/aigal.ch\/en\/mariage-au-temple-de-cologny-et-a-lauberge-le-lion-dor\/\">\n\t\t\t\t\t\t\t<img decoding=\"async\" src=\"https:\/\/aigal.ch\/wp-content\/uploads\/elementor\/thumbs\/Aigal_0009_03647-qrz58d6m39v4c43uvh360cyadpz83xmt981rtga8lc.jpg\" title=\"Aigal_0009_03647\" alt=\"Mariage au temple de Cologny\" loading=\"lazy\" \/>\t\t\t\t\t\t\t\t<\/a>\n\t\t\t\t\t\t\t\t\t\t\t\t\t\t\t<\/div>\n\t\t\t\t<\/div>\n\t\t\t\t<div class=\"elementor-element elementor-element-40e6bae elementor-widget elementor-widget-heading\" data-id=\"40e6bae\" data-element_type=\"widget\" data-e-type=\"widget\" data-widget_type=\"heading.default\">\n\t\t\t\t<div class=\"elementor-widget-container\">\n\t\t\t\t\t<p class=\"elementor-heading-title elementor-size-default\"><a href=\"https:\/\/aigal.ch\/en\/mariage-au-temple-de-cologny-et-a-lauberge-le-lion-dor\/\">Mariage au temple de Cologny et \u00e0 l&rsquo;auberge le Lion d&rsquo;Or<\/a><\/p>\t\t\t\t<\/div>\n\t\t\t\t<\/div>\n\t\t\t\t<\/div>\n\t\t\t\t<\/div>\n\t\t\t\t<div data-elementor-type=\"loop-item\" data-elementor-id=\"37252\" class=\"elementor elementor-37252 swiper-slide e-loop-item e-loop-item-41213 post-41213 post type-post status-publish format-standard has-post-thumbnail hentry category-mariage category-civil tag-civil tag-geneve tag-mariage tag-vandoeuvres tag-yatch-club\" data-elementor-post-type=\"elementor_library\" role=\"group\" aria-roledescription=\"slide\" data-custom-edit-handle=\"1\">\n\t\t\t<div class=\"elementor-element elementor-element-fcfe08c e-con-full e-flex e-con e-parent\" data-id=\"fcfe08c\" data-element_type=\"container\" data-e-type=\"container\" data-settings=\"{&quot;animation&quot;:&quot;none&quot;}\">\n\t\t\t\t<div class=\"elementor-element elementor-element-1fda60f elementor-widget elementor-widget-theme-post-featured-image elementor-widget-image\" data-id=\"1fda60f\" data-element_type=\"widget\" data-e-type=\"widget\" data-widget_type=\"theme-post-featured-image.default\">\n\t\t\t\t<div class=\"elementor-widget-container\">\n\t\t\t\t\t\t\t\t\t\t\t\t\t\t\t\t<a href=\"https:\/\/aigal.ch\/en\/mariage-annabel-cedric-mairie-vandoeuvres\/\">\n\t\t\t\t\t\t\t<img decoding=\"async\" src=\"https:\/\/aigal.ch\/wp-content\/uploads\/elementor\/thumbs\/Aigal_0167_01355-qrz594fxlgwfot09gavcio2nlw8vb5n10yyuqh5tkw.jpg\" title=\"Aigal_0167_01355\" alt=\"Mariage \u00e0 la mairie de Vand\u0153uvres\" loading=\"lazy\" \/>\t\t\t\t\t\t\t\t<\/a>\n\t\t\t\t\t\t\t\t\t\t\t\t\t\t\t<\/div>\n\t\t\t\t<\/div>\n\t\t\t\t<div class=\"elementor-element elementor-element-40e6bae elementor-widget elementor-widget-heading\" data-id=\"40e6bae\" data-element_type=\"widget\" data-e-type=\"widget\" data-widget_type=\"heading.default\">\n\t\t\t\t<div class=\"elementor-widget-container\">\n\t\t\t\t\t<p class=\"elementor-heading-title elementor-size-default\"><a href=\"https:\/\/aigal.ch\/en\/mariage-annabel-cedric-mairie-vandoeuvres\/\">Mariage d&rsquo;Annabel et C\u00e9dric \u00e0 Vand\u0153uvres<\/a><\/p>\t\t\t\t<\/div>\n\t\t\t\t<\/div>\n\t\t\t\t<\/div>\n\t\t\t\t<\/div>\n\t\t\t\t<div data-elementor-type=\"loop-item\" data-elementor-id=\"37252\" class=\"elementor elementor-37252 swiper-slide e-loop-item e-loop-item-41248 post-41248 post type-post status-publish format-standard has-post-thumbnail hentry category-mariage category-lieux-de-reception-mariage tag-chateau-de-saint-sixt tag-france tag-haute-savoie tag-mariage\" data-elementor-post-type=\"elementor_library\" role=\"group\" aria-roledescription=\"slide\" data-custom-edit-handle=\"1\">\n\t\t\t<div class=\"elementor-element elementor-element-fcfe08c e-con-full e-flex e-con e-parent\" data-id=\"fcfe08c\" data-element_type=\"container\" data-e-type=\"container\" data-settings=\"{&quot;animation&quot;:&quot;none&quot;}\">\n\t\t\t\t<div class=\"elementor-element elementor-element-1fda60f elementor-widget elementor-widget-theme-post-featured-image elementor-widget-image\" data-id=\"1fda60f\" data-element_type=\"widget\" data-e-type=\"widget\" data-widget_type=\"theme-post-featured-image.default\">\n\t\t\t\t<div class=\"elementor-widget-container\">\n\t\t\t\t\t\t\t\t\t\t\t\t\t\t\t\t<a href=\"https:\/\/aigal.ch\/en\/mariage-de-shannon-et-yannick-au-chateau-de-saint-sixt\/\">\n\t\t\t\t\t\t\t<img decoding=\"async\" src=\"https:\/\/aigal.ch\/wp-content\/uploads\/elementor\/thumbs\/Aigal_0513_03268-qrz593i3emv5d71mlsgpy6b70idi3gjaoubd9777r4.jpg\" title=\"Aigal_0513_03268\" alt=\"Aigal_0513_03268\" loading=\"lazy\" \/>\t\t\t\t\t\t\t\t<\/a>\n\t\t\t\t\t\t\t\t\t\t\t\t\t\t\t<\/div>\n\t\t\t\t<\/div>\n\t\t\t\t<div class=\"elementor-element elementor-element-40e6bae elementor-widget elementor-widget-heading\" data-id=\"40e6bae\" data-element_type=\"widget\" data-e-type=\"widget\" data-widget_type=\"heading.default\">\n\t\t\t\t<div class=\"elementor-widget-container\">\n\t\t\t\t\t<p class=\"elementor-heading-title elementor-size-default\"><a href=\"https:\/\/aigal.ch\/en\/mariage-de-shannon-et-yannick-au-chateau-de-saint-sixt\/\">Mariage de Shannon et Yannick au Ch\u00e2teau de Saint-Sixt<\/a><\/p>\t\t\t\t<\/div>\n\t\t\t\t<\/div>\n\t\t\t\t<\/div>\n\t\t\t\t<\/div>\n\t\t\t\t<div data-elementor-type=\"loop-item\" data-elementor-id=\"37252\" class=\"elementor elementor-37252 swiper-slide e-loop-item e-loop-item-41160 post-41160 post type-post status-publish format-standard has-post-thumbnail hentry category-mariage category-civil tag-carouge tag-civil tag-geneve tag-mariage tag-suisse\" data-elementor-post-type=\"elementor_library\" role=\"group\" aria-roledescription=\"slide\" data-custom-edit-handle=\"1\">\n\t\t\t<div class=\"elementor-element elementor-element-fcfe08c e-con-full e-flex e-con e-parent\" data-id=\"fcfe08c\" data-element_type=\"container\" data-e-type=\"container\" data-settings=\"{&quot;animation&quot;:&quot;none&quot;}\">\n\t\t\t\t<div class=\"elementor-element elementor-element-1fda60f elementor-widget elementor-widget-theme-post-featured-image elementor-widget-image\" data-id=\"1fda60f\" data-element_type=\"widget\" data-e-type=\"widget\" data-widget_type=\"theme-post-featured-image.default\">\n\t\t\t\t<div class=\"elementor-widget-container\">\n\t\t\t\t\t\t\t\t\t\t\t\t\t\t\t\t<a href=\"https:\/\/aigal.ch\/en\/photographe-mariage-carouge-daria-ivan\/\">\n\t\t\t\t\t\t\t<img decoding=\"async\" src=\"https:\/\/aigal.ch\/wp-content\/uploads\/elementor\/thumbs\/Aigal_0028_08891-qrz582ue03gyseivjum9qxk7uhe6r9hrjsvfjepkhs.jpg\" title=\"Aigal_0028_08891\" alt=\"Photographe mariage Carouge Daria et Ivan\" loading=\"lazy\" \/>\t\t\t\t\t\t\t\t<\/a>\n\t\t\t\t\t\t\t\t\t\t\t\t\t\t\t<\/div>\n\t\t\t\t<\/div>\n\t\t\t\t<div class=\"elementor-element elementor-element-40e6bae elementor-widget elementor-widget-heading\" data-id=\"40e6bae\" data-element_type=\"widget\" data-e-type=\"widget\" data-widget_type=\"heading.default\">\n\t\t\t\t<div class=\"elementor-widget-container\">\n\t\t\t\t\t<p class=\"elementor-heading-title elementor-size-default\"><a href=\"https:\/\/aigal.ch\/en\/photographe-mariage-carouge-daria-ivan\/\">Mariage de Daria et Ivan \u00e0 Carouge<\/a><\/p>\t\t\t\t<\/div>\n\t\t\t\t<\/div>\n\t\t\t\t<\/div>\n\t\t\t\t<\/div>\n\t\t\t\t<div data-elementor-type=\"loop-item\" data-elementor-id=\"37252\" class=\"elementor elementor-37252 swiper-slide e-loop-item e-loop-item-39351 post-39351 post type-post status-publish format-gallery has-post-thumbnail hentry category-civil tag-geneve tag-la-reserve tag-mariage tag-mariage-civil tag-suisse tag-vernier post_format-post-format-gallery\" data-elementor-post-type=\"elementor_library\" role=\"group\" aria-roledescription=\"slide\" data-custom-edit-handle=\"1\">\n\t\t\t<div class=\"elementor-element elementor-element-fcfe08c e-con-full e-flex e-con e-parent\" data-id=\"fcfe08c\" data-element_type=\"container\" data-e-type=\"container\" data-settings=\"{&quot;animation&quot;:&quot;none&quot;}\">\n\t\t\t\t<div class=\"elementor-element elementor-element-1fda60f elementor-widget elementor-widget-theme-post-featured-image elementor-widget-image\" data-id=\"1fda60f\" data-element_type=\"widget\" data-e-type=\"widget\" data-widget_type=\"theme-post-featured-image.default\">\n\t\t\t\t<div class=\"elementor-widget-container\">\n\t\t\t\t\t\t\t\t\t\t\t\t\t\t\t\t<a href=\"https:\/\/aigal.ch\/en\/photographe-mariage-intime-mairie-vernier-hotel-la-reserve-geneve\/\">\n\t\t\t\t\t\t\t<img decoding=\"async\" src=\"https:\/\/aigal.ch\/wp-content\/uploads\/elementor\/thumbs\/0009_Aigal_6016-q88uui1y1cef9uwm3narfvgv3k877lzzlm9y290ruo.jpg\" title=\"Mariage \u00e0 la mairie de Vernier et \u00e0 l&rsquo;h\u00f4tel La R\u00e9serve \u00e0 Gen\u00e8ve\" alt=\"Photographe Mariage luxe haut de gamme La R\u00e9serve Gen\u00e8ve\" loading=\"lazy\" \/>\t\t\t\t\t\t\t\t<\/a>\n\t\t\t\t\t\t\t\t\t\t\t\t\t\t\t<\/div>\n\t\t\t\t<\/div>\n\t\t\t\t<div class=\"elementor-element elementor-element-40e6bae elementor-widget elementor-widget-heading\" data-id=\"40e6bae\" data-element_type=\"widget\" data-e-type=\"widget\" data-widget_type=\"heading.default\">\n\t\t\t\t<div class=\"elementor-widget-container\">\n\t\t\t\t\t<p class=\"elementor-heading-title elementor-size-default\"><a href=\"https:\/\/aigal.ch\/en\/photographe-mariage-intime-mairie-vernier-hotel-la-reserve-geneve\/\">A. et M. (priv\u00e9)<\/a><\/p>\t\t\t\t<\/div>\n\t\t\t\t<\/div>\n\t\t\t\t<\/div>\n\t\t\t\t<\/div>\n\t\t\t\t<div data-elementor-type=\"loop-item\" data-elementor-id=\"37252\" class=\"elementor elementor-37252 swiper-slide e-loop-item e-loop-item-38406 post-38406 post type-post status-publish format-gallery has-post-thumbnail hentry category-mariage tag-four-seasons-hotel-des-bergues tag-geneve tag-mariage tag-suisse post_format-post-format-gallery\" data-elementor-post-type=\"elementor_library\" role=\"group\" aria-roledescription=\"slide\" data-custom-edit-handle=\"1\">\n\t\t\t<div class=\"elementor-element elementor-element-fcfe08c e-con-full e-flex e-con e-parent\" data-id=\"fcfe08c\" data-element_type=\"container\" data-e-type=\"container\" data-settings=\"{&quot;animation&quot;:&quot;none&quot;}\">\n\t\t\t\t<div class=\"elementor-element elementor-element-1fda60f elementor-widget elementor-widget-theme-post-featured-image elementor-widget-image\" data-id=\"1fda60f\" data-element_type=\"widget\" data-e-type=\"widget\" data-widget_type=\"theme-post-featured-image.default\">\n\t\t\t\t<div class=\"elementor-widget-container\">\n\t\t\t\t\t\t\t\t\t\t\t\t\t\t\t\t<a href=\"https:\/\/aigal.ch\/en\/photographe-mariage-four-seasons-geneve\/\">\n\t\t\t\t\t\t\t<img decoding=\"async\" src=\"https:\/\/aigal.ch\/wp-content\/uploads\/elementor\/thumbs\/0698_Aigal_07216-q6p8smaazoot2y8oybc7wgtmof7xo3okd0s9ppooao.jpg\" title=\"0698_Aigal_07216\" alt=\"Photographe mariage \u00e9l\u00e9gant suisse Gen\u00e8ve photographe suisse romande Four Seasons Luxury photographer\" loading=\"lazy\" \/>\t\t\t\t\t\t\t\t<\/a>\n\t\t\t\t\t\t\t\t\t\t\t\t\t\t\t<\/div>\n\t\t\t\t<\/div>\n\t\t\t\t<div class=\"elementor-element elementor-element-40e6bae elementor-widget elementor-widget-heading\" data-id=\"40e6bae\" data-element_type=\"widget\" data-e-type=\"widget\" data-widget_type=\"heading.default\">\n\t\t\t\t<div class=\"elementor-widget-container\">\n\t\t\t\t\t<p class=\"elementor-heading-title elementor-size-default\"><a href=\"https:\/\/aigal.ch\/en\/photographe-mariage-four-seasons-geneve\/\">Evelyn et Steve<\/a><\/p>\t\t\t\t<\/div>\n\t\t\t\t<\/div>\n\t\t\t\t<\/div>\n\t\t\t\t<\/div>\n\t\t\t\t<div data-elementor-type=\"loop-item\" data-elementor-id=\"37252\" class=\"elementor elementor-37252 swiper-slide e-loop-item e-loop-item-36266 post-36266 post type-post status-publish format-gallery has-post-thumbnail hentry category-mariage tag-chateau-de-bossey tag-mariage tag-suisse tag-vaud post_format-post-format-gallery\" data-elementor-post-type=\"elementor_library\" role=\"group\" aria-roledescription=\"slide\" data-custom-edit-handle=\"1\">\n\t\t\t<div class=\"elementor-element elementor-element-fcfe08c e-con-full e-flex e-con e-parent\" data-id=\"fcfe08c\" data-element_type=\"container\" data-e-type=\"container\" data-settings=\"{&quot;animation&quot;:&quot;none&quot;}\">\n\t\t\t\t<div class=\"elementor-element elementor-element-1fda60f elementor-widget elementor-widget-theme-post-featured-image elementor-widget-image\" data-id=\"1fda60f\" data-element_type=\"widget\" data-e-type=\"widget\" data-widget_type=\"theme-post-featured-image.default\">\n\t\t\t\t<div class=\"elementor-widget-container\">\n\t\t\t\t\t\t\t\t\t\t\t\t\t\t\t\t<a href=\"https:\/\/aigal.ch\/en\/photo-video-mariage-chateau-de-bossey-amanda-et-maxwell\/\">\n\t\t\t\t\t\t\t<img decoding=\"async\" src=\"https:\/\/aigal.ch\/wp-content\/uploads\/elementor\/thumbs\/1_6291-qrz59gnu2bd5vqiigy5hx2znbwkn37zjeng5z2npc0.jpg\" title=\"Mariage au Ch\u00e2teau de Bossey\" alt=\"Photo de mariage au Ch\u00e2teau de Bossey, canton de Vaud\" loading=\"lazy\" \/>\t\t\t\t\t\t\t\t<\/a>\n\t\t\t\t\t\t\t\t\t\t\t\t\t\t\t<\/div>\n\t\t\t\t<\/div>\n\t\t\t\t<div class=\"elementor-element elementor-element-40e6bae elementor-widget elementor-widget-heading\" data-id=\"40e6bae\" data-element_type=\"widget\" data-e-type=\"widget\" data-widget_type=\"heading.default\">\n\t\t\t\t<div class=\"elementor-widget-container\">\n\t\t\t\t\t<p class=\"elementor-heading-title elementor-size-default\"><a href=\"https:\/\/aigal.ch\/en\/photo-video-mariage-chateau-de-bossey-amanda-et-maxwell\/\">Amanda et Maxwell<\/a><\/p>\t\t\t\t<\/div>\n\t\t\t\t<\/div>\n\t\t\t\t<\/div>\n\t\t\t\t<\/div>\n\t\t\t\t<div data-elementor-type=\"loop-item\" data-elementor-id=\"37252\" class=\"elementor elementor-37252 swiper-slide e-loop-item e-loop-item-36995 post-36995 post type-post status-publish format-gallery has-post-thumbnail hentry category-civil tag-geneve tag-mairie-des-eaux-vives tag-mariage tag-mariage-civil post_format-post-format-gallery\" data-elementor-post-type=\"elementor_library\" role=\"group\" aria-roledescription=\"slide\" data-custom-edit-handle=\"1\">\n\t\t\t<div class=\"elementor-element elementor-element-fcfe08c e-con-full e-flex e-con e-parent\" data-id=\"fcfe08c\" data-element_type=\"container\" data-e-type=\"container\" data-settings=\"{&quot;animation&quot;:&quot;none&quot;}\">\n\t\t\t\t<div class=\"elementor-element elementor-element-1fda60f elementor-widget elementor-widget-theme-post-featured-image elementor-widget-image\" data-id=\"1fda60f\" data-element_type=\"widget\" data-e-type=\"widget\" data-widget_type=\"theme-post-featured-image.default\">\n\t\t\t\t<div class=\"elementor-widget-container\">\n\t\t\t\t\t\t\t\t\t\t\t\t\t\t\t\t<a href=\"https:\/\/aigal.ch\/en\/photographe_mariage_mairie_eaux_vives_geneve_nicole_borja\/\">\n\t\t\t\t\t\t\t<img decoding=\"async\" src=\"https:\/\/aigal.ch\/wp-content\/uploads\/elementor\/thumbs\/0140_Aigal_09356-q6lj7p5k0bn125gso4rzwhc5mnryiplo72qlnxx3pc.jpg\" title=\"Mariage \u00e0 la mairie des Eaux-Vives \u00e0 Gen\u00e8ve\" alt=\"Photographe mariage mairie des Eaux-Vives Gen\u00e8ve\" loading=\"lazy\" \/>\t\t\t\t\t\t\t\t<\/a>\n\t\t\t\t\t\t\t\t\t\t\t\t\t\t\t<\/div>\n\t\t\t\t<\/div>\n\t\t\t\t<div class=\"elementor-element elementor-element-40e6bae elementor-widget elementor-widget-heading\" data-id=\"40e6bae\" data-element_type=\"widget\" data-e-type=\"widget\" data-widget_type=\"heading.default\">\n\t\t\t\t<div class=\"elementor-widget-container\">\n\t\t\t\t\t<p class=\"elementor-heading-title elementor-size-default\"><a href=\"https:\/\/aigal.ch\/en\/photographe_mariage_mairie_eaux_vives_geneve_nicole_borja\/\">Nicole &#038; Borja<\/a><\/p>\t\t\t\t<\/div>\n\t\t\t\t<\/div>\n\t\t\t\t<\/div>\n\t\t\t\t<\/div>\n\t\t\t\t<div data-elementor-type=\"loop-item\" data-elementor-id=\"37252\" class=\"elementor elementor-37252 swiper-slide e-loop-item e-loop-item-36949 post-36949 post type-post status-publish format-gallery has-post-thumbnail hentry category-civil tag-geneve tag-mairie-des-eaux-vives tag-mariage tag-mariage-civil post_format-post-format-gallery\" data-elementor-post-type=\"elementor_library\" role=\"group\" aria-roledescription=\"slide\" data-custom-edit-handle=\"1\">\n\t\t\t<div class=\"elementor-element elementor-element-fcfe08c e-con-full e-flex e-con e-parent\" data-id=\"fcfe08c\" data-element_type=\"container\" data-e-type=\"container\" data-settings=\"{&quot;animation&quot;:&quot;none&quot;}\">\n\t\t\t\t<div class=\"elementor-element elementor-element-1fda60f elementor-widget elementor-widget-theme-post-featured-image elementor-widget-image\" data-id=\"1fda60f\" data-element_type=\"widget\" data-e-type=\"widget\" data-widget_type=\"theme-post-featured-image.default\">\n\t\t\t\t<div class=\"elementor-widget-container\">\n\t\t\t\t\t\t\t\t\t\t\t\t\t\t\t\t<a href=\"https:\/\/aigal.ch\/en\/photographe_mariage_mairie_eaux_vives_geneve_elena_scott\/\">\n\t\t\t\t\t\t\t<img decoding=\"async\" src=\"https:\/\/aigal.ch\/wp-content\/uploads\/elementor\/thumbs\/178_08848-qrz59n8pe5m6508yeizvwjbvhlo7l3pnrk0kc0dy4g.jpg\" title=\"Mariage \u00e0 la Mairie des Eaux-Vives \u00e0 Gen\u00e8ve\" alt=\"Photographe Mariage Mairie des Eaux-Vives Gen\u00e8ve\" loading=\"lazy\" \/>\t\t\t\t\t\t\t\t<\/a>\n\t\t\t\t\t\t\t\t\t\t\t\t\t\t\t<\/div>\n\t\t\t\t<\/div>\n\t\t\t\t<div class=\"elementor-element elementor-element-40e6bae elementor-widget elementor-widget-heading\" data-id=\"40e6bae\" data-element_type=\"widget\" data-e-type=\"widget\" data-widget_type=\"heading.default\">\n\t\t\t\t<div class=\"elementor-widget-container\">\n\t\t\t\t\t<p class=\"elementor-heading-title elementor-size-default\"><a href=\"https:\/\/aigal.ch\/en\/photographe_mariage_mairie_eaux_vives_geneve_elena_scott\/\">Elena &#038; Scott<\/a><\/p>\t\t\t\t<\/div>\n\t\t\t\t<\/div>\n\t\t\t\t<\/div>\n\t\t\t\t<\/div>\n\t\t\t\t<div data-elementor-type=\"loop-item\" data-elementor-id=\"37252\" class=\"elementor elementor-37252 swiper-slide e-loop-item e-loop-item-36299 post-36299 post type-post status-publish format-gallery has-post-thumbnail hentry category-civil tag-cologny tag-geneve tag-mariage tag-mariage-civil post_format-post-format-gallery\" data-elementor-post-type=\"elementor_library\" role=\"group\" aria-roledescription=\"slide\" data-custom-edit-handle=\"1\">\n\t\t\t<div class=\"elementor-element elementor-element-fcfe08c e-con-full e-flex e-con e-parent\" data-id=\"fcfe08c\" data-element_type=\"container\" data-e-type=\"container\" data-settings=\"{&quot;animation&quot;:&quot;none&quot;}\">\n\t\t\t\t<div class=\"elementor-element elementor-element-1fda60f elementor-widget elementor-widget-theme-post-featured-image elementor-widget-image\" data-id=\"1fda60f\" data-element_type=\"widget\" data-e-type=\"widget\" data-widget_type=\"theme-post-featured-image.default\">\n\t\t\t\t<div class=\"elementor-widget-container\">\n\t\t\t\t\t\t\t\t\t\t\t\t\t\t\t\t<a href=\"https:\/\/aigal.ch\/en\/photographe-mariage-mairie-cologny-geneve-deborah-esteban\/\">\n\t\t\t\t\t\t\t<img decoding=\"async\" src=\"https:\/\/aigal.ch\/wp-content\/uploads\/elementor\/thumbs\/266_05939-1-scaled-e1681938064557-qrz59kf6tnib66d1uzs0721hpg23y0egr623w6i4n4.jpg\" title=\"Mariage \u00e0 la Mairie de Cologny, Gen\u00e8ve\" alt=\"Photographe Mariage Mairie de Cologny Gen\u00e8ve\" loading=\"lazy\" \/>\t\t\t\t\t\t\t\t<\/a>\n\t\t\t\t\t\t\t\t\t\t\t\t\t\t\t<\/div>\n\t\t\t\t<\/div>\n\t\t\t\t<div class=\"elementor-element elementor-element-40e6bae elementor-widget elementor-widget-heading\" data-id=\"40e6bae\" data-element_type=\"widget\" data-e-type=\"widget\" data-widget_type=\"heading.default\">\n\t\t\t\t<div class=\"elementor-widget-container\">\n\t\t\t\t\t<p class=\"elementor-heading-title elementor-size-default\"><a href=\"https:\/\/aigal.ch\/en\/photographe-mariage-mairie-cologny-geneve-deborah-esteban\/\">D\u00e9borah &#038; Esteban<\/a><\/p>\t\t\t\t<\/div>\n\t\t\t\t<\/div>\n\t\t\t\t<\/div>\n\t\t\t\t<\/div>\n\t\t\t\t<div data-elementor-type=\"loop-item\" data-elementor-id=\"37252\" class=\"elementor elementor-37252 swiper-slide e-loop-item e-loop-item-38021 post-38021 post type-post status-publish format-gallery has-post-thumbnail hentry category-mariage tag-baron-tavernier tag-inspiration tag-lavaux tag-mariage tag-vaud post_format-post-format-gallery\" data-elementor-post-type=\"elementor_library\" role=\"group\" aria-roledescription=\"slide\" data-custom-edit-handle=\"1\">\n\t\t\t<div class=\"elementor-element elementor-element-fcfe08c e-con-full e-flex e-con e-parent\" data-id=\"fcfe08c\" data-element_type=\"container\" data-e-type=\"container\" data-settings=\"{&quot;animation&quot;:&quot;none&quot;}\">\n\t\t\t\t<div class=\"elementor-element elementor-element-1fda60f elementor-widget elementor-widget-theme-post-featured-image elementor-widget-image\" data-id=\"1fda60f\" data-element_type=\"widget\" data-e-type=\"widget\" data-widget_type=\"theme-post-featured-image.default\">\n\t\t\t\t<div class=\"elementor-widget-container\">\n\t\t\t\t\t\t\t\t\t\t\t\t\t\t\t\t<a href=\"https:\/\/aigal.ch\/en\/photographe-mariage-lavaux-baron-tavernier\/\">\n\t\t\t\t\t\t\t<img decoding=\"async\" src=\"https:\/\/aigal.ch\/wp-content\/uploads\/elementor\/thumbs\/AigalWedding_01910-qrz59mav7bkvteabk0l9c1kew7sudelxffd2uqfcao.jpg\" title=\"AigalWedding_01910\" alt=\"Photographe Mariage Lavaux Baron Tavernier\" loading=\"lazy\" \/>\t\t\t\t\t\t\t\t<\/a>\n\t\t\t\t\t\t\t\t\t\t\t\t\t\t\t<\/div>\n\t\t\t\t<\/div>\n\t\t\t\t<div class=\"elementor-element elementor-element-40e6bae elementor-widget elementor-widget-heading\" data-id=\"40e6bae\" data-element_type=\"widget\" data-e-type=\"widget\" data-widget_type=\"heading.default\">\n\t\t\t\t<div class=\"elementor-widget-container\">\n\t\t\t\t\t<p class=\"elementor-heading-title elementor-size-default\"><a href=\"https:\/\/aigal.ch\/en\/photographe-mariage-lavaux-baron-tavernier\/\">Inspiration Lavaux<\/a><\/p>\t\t\t\t<\/div>\n\t\t\t\t<\/div>\n\t\t\t\t<\/div>\n\t\t\t\t<\/div>\n\t\t\t\t<div data-elementor-type=\"loop-item\" data-elementor-id=\"37252\" class=\"elementor elementor-37252 swiper-slide e-loop-item e-loop-item-38072 post-38072 post type-post status-publish format-gallery has-post-thumbnail hentry category-mariage tag-annecy tag-france tag-haute-savoie tag-mariage tag-mariage-civil post_format-post-format-gallery\" data-elementor-post-type=\"elementor_library\" role=\"group\" aria-roledescription=\"slide\" data-custom-edit-handle=\"1\">\n\t\t\t<div class=\"elementor-element elementor-element-fcfe08c e-con-full e-flex e-con e-parent\" data-id=\"fcfe08c\" data-element_type=\"container\" data-e-type=\"container\" data-settings=\"{&quot;animation&quot;:&quot;none&quot;}\">\n\t\t\t\t<div class=\"elementor-element elementor-element-1fda60f elementor-widget elementor-widget-theme-post-featured-image elementor-widget-image\" data-id=\"1fda60f\" data-element_type=\"widget\" data-e-type=\"widget\" data-widget_type=\"theme-post-featured-image.default\">\n\t\t\t\t<div class=\"elementor-widget-container\">\n\t\t\t\t\t\t\t\t\t\t\t\t\t\t\t\t<a href=\"https:\/\/aigal.ch\/en\/photographe-mariage-annecy-pont-amour-aude-maxime\/\">\n\t\t\t\t\t\t\t<img decoding=\"async\" src=\"https:\/\/aigal.ch\/wp-content\/uploads\/elementor\/thumbs\/79_05094-qrz59svqj5tw2o0rhlfnbhwn1wwevac1sbxh7o5l34.jpg\" title=\"Mariage \u00e0 Annecy, l&rsquo;Imperial Palace, Pont des Amours\" alt=\"Photographe Mariage Annecy Imperial Palace Pont Amours\" loading=\"lazy\" \/>\t\t\t\t\t\t\t\t<\/a>\n\t\t\t\t\t\t\t\t\t\t\t\t\t\t\t<\/div>\n\t\t\t\t<\/div>\n\t\t\t\t<div class=\"elementor-element elementor-element-40e6bae elementor-widget elementor-widget-heading\" data-id=\"40e6bae\" data-element_type=\"widget\" data-e-type=\"widget\" data-widget_type=\"heading.default\">\n\t\t\t\t<div class=\"elementor-widget-container\">\n\t\t\t\t\t<p class=\"elementor-heading-title elementor-size-default\"><a href=\"https:\/\/aigal.ch\/en\/photographe-mariage-annecy-pont-amour-aude-maxime\/\">Aude et Maxime<\/a><\/p>\t\t\t\t<\/div>\n\t\t\t\t<\/div>\n\t\t\t\t<\/div>\n\t\t\t\t<\/div>\n\t\t\t\t<div data-elementor-type=\"loop-item\" data-elementor-id=\"37252\" class=\"elementor elementor-37252 swiper-slide e-loop-item e-loop-item-36231 post-36231 post type-post status-publish format-gallery has-post-thumbnail hentry category-civil tag-beau-rivage-geneve tag-geneve tag-mairie-des-eaux-vives tag-mariage tag-mariage-civil post_format-post-format-gallery\" data-elementor-post-type=\"elementor_library\" role=\"group\" aria-roledescription=\"slide\" data-custom-edit-handle=\"1\">\n\t\t\t<div class=\"elementor-element elementor-element-fcfe08c e-con-full e-flex e-con e-parent\" data-id=\"fcfe08c\" data-element_type=\"container\" data-e-type=\"container\" data-settings=\"{&quot;animation&quot;:&quot;none&quot;}\">\n\t\t\t\t<div class=\"elementor-element elementor-element-1fda60f elementor-widget elementor-widget-theme-post-featured-image elementor-widget-image\" data-id=\"1fda60f\" data-element_type=\"widget\" data-e-type=\"widget\" data-widget_type=\"theme-post-featured-image.default\">\n\t\t\t\t<div class=\"elementor-widget-container\">\n\t\t\t\t\t\t\t\t\t\t\t\t\t\t\t\t<a href=\"https:\/\/aigal.ch\/en\/photographe-mariage-civil-geneve-florina-lionel\/\">\n\t\t\t\t\t\t\t<img decoding=\"async\" src=\"https:\/\/aigal.ch\/wp-content\/uploads\/elementor\/thumbs\/15_02604-qrz59kf6tnib66d1uzs0721hpg23y0egr623w6i4n4.jpg\" title=\"Mariage \u00e0 la Mairie des Eaux-Vives \u00e0 Gen\u00e8ve\" alt=\"Photographe Mariage Mairie des Eaux-Vives Gen\u00e8ve\" loading=\"lazy\" \/>\t\t\t\t\t\t\t\t<\/a>\n\t\t\t\t\t\t\t\t\t\t\t\t\t\t\t<\/div>\n\t\t\t\t<\/div>\n\t\t\t\t<div class=\"elementor-element elementor-element-40e6bae elementor-widget elementor-widget-heading\" data-id=\"40e6bae\" data-element_type=\"widget\" data-e-type=\"widget\" data-widget_type=\"heading.default\">\n\t\t\t\t<div class=\"elementor-widget-container\">\n\t\t\t\t\t<p class=\"elementor-heading-title elementor-size-default\"><a href=\"https:\/\/aigal.ch\/en\/photographe-mariage-civil-geneve-florina-lionel\/\">Florina &#038; Lionel<\/a><\/p>\t\t\t\t<\/div>\n\t\t\t\t<\/div>\n\t\t\t\t<\/div>\n\t\t\t\t<\/div>\n\t\t\t\t<div data-elementor-type=\"loop-item\" data-elementor-id=\"37252\" class=\"elementor elementor-37252 swiper-slide e-loop-item e-loop-item-38360 post-38360 post type-post status-publish format-standard has-post-thumbnail hentry category-civil tag-cologny tag-geneve tag-mariage tag-mariage-civil tag-suisse\" data-elementor-post-type=\"elementor_library\" role=\"group\" aria-roledescription=\"slide\" data-custom-edit-handle=\"1\">\n\t\t\t<div class=\"elementor-element elementor-element-fcfe08c e-con-full e-flex e-con e-parent\" data-id=\"fcfe08c\" data-element_type=\"container\" data-e-type=\"container\" data-settings=\"{&quot;animation&quot;:&quot;none&quot;}\">\n\t\t\t\t<div class=\"elementor-element elementor-element-1fda60f elementor-widget elementor-widget-theme-post-featured-image elementor-widget-image\" data-id=\"1fda60f\" data-element_type=\"widget\" data-e-type=\"widget\" data-widget_type=\"theme-post-featured-image.default\">\n\t\t\t\t<div class=\"elementor-widget-container\">\n\t\t\t\t\t\t\t\t\t\t\t\t\t\t\t\t<a href=\"https:\/\/aigal.ch\/en\/photographe-mariage-mairie-cologny-jana-pierre-victor\/\">\n\t\t\t\t\t\t\t<img decoding=\"async\" src=\"https:\/\/aigal.ch\/wp-content\/uploads\/elementor\/thumbs\/197_09074-q6p7w33eg45j8thwx932lodaibkl98j0jzx9qxx7nk.jpg\" title=\"197_09074\" alt=\"Photographe Mariage Mairie de Cologny Gen\u00e8ve\" loading=\"lazy\" \/>\t\t\t\t\t\t\t\t<\/a>\n\t\t\t\t\t\t\t\t\t\t\t\t\t\t\t<\/div>\n\t\t\t\t<\/div>\n\t\t\t\t<div class=\"elementor-element elementor-element-40e6bae elementor-widget elementor-widget-heading\" data-id=\"40e6bae\" data-element_type=\"widget\" data-e-type=\"widget\" data-widget_type=\"heading.default\">\n\t\t\t\t<div class=\"elementor-widget-container\">\n\t\t\t\t\t<p class=\"elementor-heading-title elementor-size-default\"><a href=\"https:\/\/aigal.ch\/en\/photographe-mariage-mairie-cologny-jana-pierre-victor\/\">Jana et Pierre-Victor<\/a><\/p>\t\t\t\t<\/div>\n\t\t\t\t<\/div>\n\t\t\t\t<\/div>\n\t\t\t\t<\/div>\n\t\t\t\t<div data-elementor-type=\"loop-item\" data-elementor-id=\"37252\" class=\"elementor elementor-37252 swiper-slide e-loop-item e-loop-item-37975 post-37975 post type-post status-publish format-gallery has-post-thumbnail hentry category-civil tag-geneve tag-mairie-des-eaux-vives tag-mariage tag-mariage-civil post_format-post-format-gallery\" data-elementor-post-type=\"elementor_library\" role=\"group\" aria-roledescription=\"slide\" data-custom-edit-handle=\"1\">\n\t\t\t<div class=\"elementor-element elementor-element-fcfe08c e-con-full e-flex e-con e-parent\" data-id=\"fcfe08c\" data-element_type=\"container\" data-e-type=\"container\" data-settings=\"{&quot;animation&quot;:&quot;none&quot;}\">\n\t\t\t\t<div class=\"elementor-element elementor-element-1fda60f elementor-widget elementor-widget-theme-post-featured-image elementor-widget-image\" data-id=\"1fda60f\" data-element_type=\"widget\" data-e-type=\"widget\" data-widget_type=\"theme-post-featured-image.default\">\n\t\t\t\t<div class=\"elementor-widget-container\">\n\t\t\t\t\t\t\t\t\t\t\t\t\t\t\t\t<a href=\"https:\/\/aigal.ch\/en\/photographe_mariage_mairie_eaux_vives_salima_benoit\/\">\n\t\t\t\t\t\t\t<img decoding=\"async\" src=\"https:\/\/aigal.ch\/wp-content\/uploads\/elementor\/thumbs\/42_06939-q6nogfz0ew9pswa22mi0t9qb3zu6zdysuhhhe0vq4g.jpg\" title=\"Mariage de Salima et Benoit \u00e0 la Mairie des Eaux-Vives Gen\u00e8ve\" alt=\"Photographe Mariage Mairie des Eaux-Vives Gen\u00e8ve\" loading=\"lazy\" \/>\t\t\t\t\t\t\t\t<\/a>\n\t\t\t\t\t\t\t\t\t\t\t\t\t\t\t<\/div>\n\t\t\t\t<\/div>\n\t\t\t\t<div class=\"elementor-element elementor-element-40e6bae elementor-widget elementor-widget-heading\" data-id=\"40e6bae\" data-element_type=\"widget\" data-e-type=\"widget\" data-widget_type=\"heading.default\">\n\t\t\t\t<div class=\"elementor-widget-container\">\n\t\t\t\t\t<p class=\"elementor-heading-title elementor-size-default\"><a href=\"https:\/\/aigal.ch\/en\/photographe_mariage_mairie_eaux_vives_salima_benoit\/\">Salima &#038; Benoit<\/a><\/p>\t\t\t\t<\/div>\n\t\t\t\t<\/div>\n\t\t\t\t<\/div>\n\t\t\t\t<\/div>\n\t\t\t\t<div data-elementor-type=\"loop-item\" data-elementor-id=\"37252\" class=\"elementor elementor-37252 swiper-slide e-loop-item e-loop-item-37307 post-37307 post type-post status-publish format-standard has-post-thumbnail hentry category-mariage tag-chartreuse-de-pomier tag-france tag-geneve tag-haute-savoie tag-mariage tag-religieux tag-suisse\" data-elementor-post-type=\"elementor_library\" role=\"group\" aria-roledescription=\"slide\" data-custom-edit-handle=\"1\">\n\t\t\t<div class=\"elementor-element elementor-element-fcfe08c e-con-full e-flex e-con e-parent\" data-id=\"fcfe08c\" data-element_type=\"container\" data-e-type=\"container\" data-settings=\"{&quot;animation&quot;:&quot;none&quot;}\">\n\t\t\t\t<div class=\"elementor-element elementor-element-1fda60f elementor-widget elementor-widget-theme-post-featured-image elementor-widget-image\" data-id=\"1fda60f\" data-element_type=\"widget\" data-e-type=\"widget\" data-widget_type=\"theme-post-featured-image.default\">\n\t\t\t\t<div class=\"elementor-widget-container\">\n\t\t\t\t\t\t\t\t\t\t\t\t\t\t\t\t<a href=\"https:\/\/aigal.ch\/en\/photographe_mariage_chartreuse_pommier_haute-savoie\/\">\n\t\t\t\t\t\t\t<img decoding=\"async\" src=\"https:\/\/aigal.ch\/wp-content\/uploads\/elementor\/thumbs\/510_05592-q6lsx0w9wru9t41tumpm1tw58rzq57ehw2vtcxyxa8.jpg\" title=\"510_05592\" alt=\"Photographe Mariage Chartreuse de Pomier Haute-Savoie\" loading=\"lazy\" \/>\t\t\t\t\t\t\t\t<\/a>\n\t\t\t\t\t\t\t\t\t\t\t\t\t\t\t<\/div>\n\t\t\t\t<\/div>\n\t\t\t\t<div class=\"elementor-element elementor-element-40e6bae elementor-widget elementor-widget-heading\" data-id=\"40e6bae\" data-element_type=\"widget\" data-e-type=\"widget\" data-widget_type=\"heading.default\">\n\t\t\t\t<div class=\"elementor-widget-container\">\n\t\t\t\t\t<p class=\"elementor-heading-title elementor-size-default\"><a href=\"https:\/\/aigal.ch\/en\/photographe_mariage_chartreuse_pommier_haute-savoie\/\">Mariage d&rsquo;Elda &#038; Camille \u00e0 la Chartreuse de Pomier<\/a><\/p>\t\t\t\t<\/div>\n\t\t\t\t<\/div>\n\t\t\t\t<\/div>\n\t\t\t\t<\/div>\n\t\t\t\t<div data-elementor-type=\"loop-item\" data-elementor-id=\"37252\" class=\"elementor elementor-37252 swiper-slide e-loop-item e-loop-item-39440 post-39440 post type-post status-publish format-standard has-post-thumbnail hentry category-mariage tag-ambassador tag-chateau tag-chateau-de-nyon tag-mariage tag-mariage-civil tag-nyon tag-suisse\" data-elementor-post-type=\"elementor_library\" role=\"group\" aria-roledescription=\"slide\" data-custom-edit-handle=\"1\">\n\t\t\t<div class=\"elementor-element elementor-element-fcfe08c e-con-full e-flex e-con e-parent\" data-id=\"fcfe08c\" data-element_type=\"container\" data-e-type=\"container\" data-settings=\"{&quot;animation&quot;:&quot;none&quot;}\">\n\t\t\t\t<div class=\"elementor-element elementor-element-1fda60f elementor-widget elementor-widget-theme-post-featured-image elementor-widget-image\" data-id=\"1fda60f\" data-element_type=\"widget\" data-e-type=\"widget\" data-widget_type=\"theme-post-featured-image.default\">\n\t\t\t\t<div class=\"elementor-widget-container\">\n\t\t\t\t\t\t\t\t\t\t\t\t\t\t\t\t<a href=\"https:\/\/aigal.ch\/en\/photographe-mariage-nyon-chateau-ambassador\/\">\n\t\t\t\t\t\t\t<img decoding=\"async\" src=\"https:\/\/aigal.ch\/wp-content\/uploads\/elementor\/thumbs\/A7_00406-q893wqvc4906xj0m2626d1pdl27hto63gdpxinam80.jpg\" title=\"Mariage au ch\u00e2teau de Nyon et \u00e0 l&rsquo;hotel Ambassador\" alt=\"Photographe Mariage Nyon Ch\u00e2teau Ambassador\" loading=\"lazy\" \/>\t\t\t\t\t\t\t\t<\/a>\n\t\t\t\t\t\t\t\t\t\t\t\t\t\t\t<\/div>\n\t\t\t\t<\/div>\n\t\t\t\t<div class=\"elementor-element elementor-element-40e6bae elementor-widget elementor-widget-heading\" data-id=\"40e6bae\" data-element_type=\"widget\" data-e-type=\"widget\" data-widget_type=\"heading.default\">\n\t\t\t\t<div class=\"elementor-widget-container\">\n\t\t\t\t\t<p class=\"elementor-heading-title elementor-size-default\"><a href=\"https:\/\/aigal.ch\/en\/photographe-mariage-nyon-chateau-ambassador\/\">Veronica &#038; Denis<\/a><\/p>\t\t\t\t<\/div>\n\t\t\t\t<\/div>\n\t\t\t\t<\/div>\n\t\t\t\t<\/div>\n\t\t\t\t<div data-elementor-type=\"loop-item\" data-elementor-id=\"37252\" class=\"elementor elementor-37252 swiper-slide e-loop-item e-loop-item-39715 post-39715 post type-post status-publish format-standard has-post-thumbnail hentry category-mariage category-civil tag-collonge-bellerive tag-geneve tag-mairie tag-mariage tag-mariage-civil\" data-elementor-post-type=\"elementor_library\" role=\"group\" aria-roledescription=\"slide\" data-custom-edit-handle=\"1\">\n\t\t\t<div class=\"elementor-element elementor-element-fcfe08c e-con-full e-flex e-con e-parent\" data-id=\"fcfe08c\" data-element_type=\"container\" data-e-type=\"container\" data-settings=\"{&quot;animation&quot;:&quot;none&quot;}\">\n\t\t\t\t<div class=\"elementor-element elementor-element-1fda60f elementor-widget elementor-widget-theme-post-featured-image elementor-widget-image\" data-id=\"1fda60f\" data-element_type=\"widget\" data-e-type=\"widget\" data-widget_type=\"theme-post-featured-image.default\">\n\t\t\t\t<div class=\"elementor-widget-container\">\n\t\t\t\t\t\t\t\t\t\t\t\t\t\t\t\t<a href=\"https:\/\/aigal.ch\/en\/photographe-mariage-collonge-bellerive-geneve\/\">\n\t\t\t\t\t\t\t<img decoding=\"async\" src=\"https:\/\/aigal.ch\/wp-content\/uploads\/elementor\/thumbs\/20_03359-q8hkm0la4v3xc3jg871krhnef22ly8esl860711reo.jpg\" title=\"Mariage \u00e0 la mairie de Collonge-Bellerive et \u00e0 La Belotte, Cologny\" alt=\"Photographe mariage Gen\u00e8ve Collonge-Bellerive Cologny\" loading=\"lazy\" \/>\t\t\t\t\t\t\t\t<\/a>\n\t\t\t\t\t\t\t\t\t\t\t\t\t\t\t<\/div>\n\t\t\t\t<\/div>\n\t\t\t\t<div class=\"elementor-element elementor-element-40e6bae elementor-widget elementor-widget-heading\" data-id=\"40e6bae\" data-element_type=\"widget\" data-e-type=\"widget\" data-widget_type=\"heading.default\">\n\t\t\t\t<div class=\"elementor-widget-container\">\n\t\t\t\t\t<p class=\"elementor-heading-title elementor-size-default\"><a href=\"https:\/\/aigal.ch\/en\/photographe-mariage-collonge-bellerive-geneve\/\">Lauren &#038; L\u00e9onard<\/a><\/p>\t\t\t\t<\/div>\n\t\t\t\t<\/div>\n\t\t\t\t<\/div>\n\t\t\t\t<\/div>\n\t\t\t\t<div data-elementor-type=\"loop-item\" data-elementor-id=\"37252\" class=\"elementor elementor-37252 swiper-slide e-loop-item e-loop-item-38309 post-38309 post type-post status-publish format-gallery has-post-thumbnail hentry category-mariage tag-bateau tag-lac-leman tag-mariage tag-suisse tag-vaud post_format-post-format-gallery\" data-elementor-post-type=\"elementor_library\" role=\"group\" aria-roledescription=\"slide\" data-custom-edit-handle=\"1\">\n\t\t\t<div class=\"elementor-element elementor-element-fcfe08c e-con-full e-flex e-con e-parent\" data-id=\"fcfe08c\" data-element_type=\"container\" data-e-type=\"container\" data-settings=\"{&quot;animation&quot;:&quot;none&quot;}\">\n\t\t\t\t<div class=\"elementor-element elementor-element-1fda60f elementor-widget elementor-widget-theme-post-featured-image elementor-widget-image\" data-id=\"1fda60f\" data-element_type=\"widget\" data-e-type=\"widget\" data-widget_type=\"theme-post-featured-image.default\">\n\t\t\t\t<div class=\"elementor-widget-container\">\n\t\t\t\t\t\t\t\t\t\t\t\t\t\t\t\t<a href=\"https:\/\/aigal.ch\/en\/photographer-elopement-swiss-lac-boat-moutains\/\">\n\t\t\t\t\t\t\t<img decoding=\"async\" src=\"https:\/\/aigal.ch\/wp-content\/uploads\/elementor\/thumbs\/453_03633-q6oty91dod6grifvabxleb9x4l1vqoa0w58xwpzxmo.jpg\" title=\"453_03633\" alt=\"Photographe Mariage Gen\u00e8ve Lac L\u00e9man Suisse\" loading=\"lazy\" \/>\t\t\t\t\t\t\t\t<\/a>\n\t\t\t\t\t\t\t\t\t\t\t\t\t\t\t<\/div>\n\t\t\t\t<\/div>\n\t\t\t\t<div class=\"elementor-element elementor-element-40e6bae elementor-widget elementor-widget-heading\" data-id=\"40e6bae\" data-element_type=\"widget\" data-e-type=\"widget\" data-widget_type=\"heading.default\">\n\t\t\t\t<div class=\"elementor-widget-container\">\n\t\t\t\t\t<p class=\"elementor-heading-title elementor-size-default\"><a href=\"https:\/\/aigal.ch\/en\/photographer-elopement-swiss-lac-boat-moutains\/\">Kelsey et Tyler<\/a><\/p>\t\t\t\t<\/div>\n\t\t\t\t<\/div>\n\t\t\t\t<\/div>\n\t\t\t\t<\/div>\n\t\t\t\t<div data-elementor-type=\"loop-item\" data-elementor-id=\"37252\" class=\"elementor elementor-37252 swiper-slide e-loop-item e-loop-item-38143 post-38143 post type-post status-publish format-standard has-post-thumbnail hentry category-mariage tag-geneve tag-mariage tag-religieux tag-suisse\" data-elementor-post-type=\"elementor_library\" role=\"group\" aria-roledescription=\"slide\" data-custom-edit-handle=\"1\">\n\t\t\t<div class=\"elementor-element elementor-element-fcfe08c e-con-full e-flex e-con e-parent\" data-id=\"fcfe08c\" data-element_type=\"container\" data-e-type=\"container\" data-settings=\"{&quot;animation&quot;:&quot;none&quot;}\">\n\t\t\t\t<div class=\"elementor-element elementor-element-1fda60f elementor-widget elementor-widget-theme-post-featured-image elementor-widget-image\" data-id=\"1fda60f\" data-element_type=\"widget\" data-e-type=\"widget\" data-widget_type=\"theme-post-featured-image.default\">\n\t\t\t\t<div class=\"elementor-widget-container\">\n\t\t\t\t\t\t\t\t\t\t\t\t\t\t\t\t<a href=\"https:\/\/aigal.ch\/en\/photographe-mariage-genevois-gwendoline-damien\/\">\n\t\t\t\t\t\t\t<img decoding=\"async\" src=\"https:\/\/aigal.ch\/wp-content\/uploads\/elementor\/thumbs\/617A4302227-q6olr6ja9n92691naaaq69trx5euf7vfboqpgpi0w0.jpg\" title=\"Mariage \u00e0 Gen\u00e8ve de Gwendoline et Damien\" alt=\"Photographe Mariage Gen\u00e8ve \u00c9glise\" loading=\"lazy\" \/>\t\t\t\t\t\t\t\t<\/a>\n\t\t\t\t\t\t\t\t\t\t\t\t\t\t\t<\/div>\n\t\t\t\t<\/div>\n\t\t\t\t<div class=\"elementor-element elementor-element-40e6bae elementor-widget elementor-widget-heading\" data-id=\"40e6bae\" data-element_type=\"widget\" data-e-type=\"widget\" data-widget_type=\"heading.default\">\n\t\t\t\t<div class=\"elementor-widget-container\">\n\t\t\t\t\t<p class=\"elementor-heading-title elementor-size-default\"><a href=\"https:\/\/aigal.ch\/en\/photographe-mariage-genevois-gwendoline-damien\/\">Gwendoline et Damien<\/a><\/p>\t\t\t\t<\/div>\n\t\t\t\t<\/div>\n\t\t\t\t<\/div>\n\t\t\t\t<\/div>\n\t\t\t\t<div data-elementor-type=\"loop-item\" data-elementor-id=\"37252\" class=\"elementor elementor-37252 swiper-slide e-loop-item e-loop-item-38733 post-38733 post type-post status-publish format-gallery has-post-thumbnail hentry category-mariage tag-domaine-la-capitaine tag-mariage tag-suisse tag-vaud post_format-post-format-gallery\" data-elementor-post-type=\"elementor_library\" role=\"group\" aria-roledescription=\"slide\" data-custom-edit-handle=\"1\">\n\t\t\t<div class=\"elementor-element elementor-element-fcfe08c e-con-full e-flex e-con e-parent\" data-id=\"fcfe08c\" data-element_type=\"container\" data-e-type=\"container\" data-settings=\"{&quot;animation&quot;:&quot;none&quot;}\">\n\t\t\t\t<div class=\"elementor-element elementor-element-1fda60f elementor-widget elementor-widget-theme-post-featured-image elementor-widget-image\" data-id=\"1fda60f\" data-element_type=\"widget\" data-e-type=\"widget\" data-widget_type=\"theme-post-featured-image.default\">\n\t\t\t\t<div class=\"elementor-widget-container\">\n\t\t\t\t\t\t\t\t\t\t\t\t\t\t\t\t<a href=\"https:\/\/aigal.ch\/en\/photographe-mariage-vaud-domaine-la-capitaine-shkurte-almer\/\">\n\t\t\t\t\t\t\t<img decoding=\"async\" src=\"https:\/\/aigal.ch\/wp-content\/uploads\/elementor\/thumbs\/A7_01326-qrz57tg03r43kawj2qk01zxlwmoimagg6ickqn3i80.jpg\" title=\"Mariage au Domaine La Capitaine dans le canton de Vaud\" alt=\"Photographe mariage Vaud Domaine La Capitaine\" loading=\"lazy\" \/>\t\t\t\t\t\t\t\t<\/a>\n\t\t\t\t\t\t\t\t\t\t\t\t\t\t\t<\/div>\n\t\t\t\t<\/div>\n\t\t\t\t<div class=\"elementor-element elementor-element-40e6bae elementor-widget elementor-widget-heading\" data-id=\"40e6bae\" data-element_type=\"widget\" data-e-type=\"widget\" data-widget_type=\"heading.default\">\n\t\t\t\t<div class=\"elementor-widget-container\">\n\t\t\t\t\t<p class=\"elementor-heading-title elementor-size-default\"><a href=\"https:\/\/aigal.ch\/en\/photographe-mariage-vaud-domaine-la-capitaine-shkurte-almer\/\">Shkurte et Almer<\/a><\/p>\t\t\t\t<\/div>\n\t\t\t\t<\/div>\n\t\t\t\t<\/div>\n\t\t\t\t<\/div>\n\t\t\t\t<div data-elementor-type=\"loop-item\" data-elementor-id=\"37252\" class=\"elementor elementor-37252 swiper-slide e-loop-item e-loop-item-37187 post-37187 post type-post status-publish format-standard has-post-thumbnail hentry category-mariage tag-bourgogne tag-france tag-mariage tag-religieux\" data-elementor-post-type=\"elementor_library\" role=\"group\" aria-roledescription=\"slide\" data-custom-edit-handle=\"1\">\n\t\t\t<div class=\"elementor-element elementor-element-fcfe08c e-con-full e-flex e-con e-parent\" data-id=\"fcfe08c\" data-element_type=\"container\" data-e-type=\"container\" data-settings=\"{&quot;animation&quot;:&quot;none&quot;}\">\n\t\t\t\t<div class=\"elementor-element elementor-element-1fda60f elementor-widget elementor-widget-theme-post-featured-image elementor-widget-image\" data-id=\"1fda60f\" data-element_type=\"widget\" data-e-type=\"widget\" data-widget_type=\"theme-post-featured-image.default\">\n\t\t\t\t<div class=\"elementor-widget-container\">\n\t\t\t\t\t\t\t\t\t\t\t\t\t\t\t\t<a href=\"https:\/\/aigal.ch\/en\/photographe-videaste-mariage-chateau-de-vallery\/\">\n\t\t\t\t\t\t\t<img decoding=\"async\" src=\"https:\/\/aigal.ch\/wp-content\/uploads\/elementor\/thumbs\/277_R3_02650-q6loe3jdakt1ecpl87dluxzugf1bxwlfho1yqbjjsw.jpg\" title=\"Mariage au Ch\u00e2teau de Vallery en Bourgogne\" alt=\"Photographe mariage Ch\u00e2teau de Vallery Bourgogne\" loading=\"lazy\" \/>\t\t\t\t\t\t\t\t<\/a>\n\t\t\t\t\t\t\t\t\t\t\t\t\t\t\t<\/div>\n\t\t\t\t<\/div>\n\t\t\t\t<div class=\"elementor-element elementor-element-40e6bae elementor-widget elementor-widget-heading\" data-id=\"40e6bae\" data-element_type=\"widget\" data-e-type=\"widget\" data-widget_type=\"heading.default\">\n\t\t\t\t<div class=\"elementor-widget-container\">\n\t\t\t\t\t<p class=\"elementor-heading-title elementor-size-default\"><a href=\"https:\/\/aigal.ch\/en\/photographe-videaste-mariage-chateau-de-vallery\/\">Lauriane &#038; Thomas<\/a><\/p>\t\t\t\t<\/div>\n\t\t\t\t<\/div>\n\t\t\t\t<\/div>\n\t\t\t\t<\/div>\n\t\t\t\t<\/div>\n\t\t<\/div>\n\t\t\t\t\t\t<\/div>\n\t\t\t\t<\/div>\n\t\t\t\t<div class=\"elementor-element elementor-element-3f4a025 elementor-widget__width-inherit elementor-widget elementor-widget-heading\" data-id=\"3f4a025\" data-element_type=\"widget\" data-e-type=\"widget\" data-widget_type=\"heading.default\">\n\t\t\t\t<div class=\"elementor-widget-container\">\n\t\t\t\t\t<h2 class=\"elementor-heading-title elementor-size-large\">Je vous suis dans toutes vos aventures<\/h2>\t\t\t\t<\/div>\n\t\t\t\t<\/div>\n\t\t\t\t<div class=\"elementor-element elementor-element-1f0ea87 elementor-nav-menu--dropdown-none elementor-nav-menu__align-center elementor-widget__width-inherit elementor-widget elementor-widget-nav-menu\" data-id=\"1f0ea87\" data-element_type=\"widget\" data-e-type=\"widget\" data-settings=\"{&quot;layout&quot;:&quot;horizontal&quot;,&quot;submenu_icon&quot;:{&quot;value&quot;:&quot;&lt;svg aria-hidden=\\&quot;true\\&quot; class=\\&quot;e-font-icon-svg e-fas-caret-down\\&quot; viewBox=\\&quot;0 0 320 512\\&quot; xmlns=\\&quot;http:\\\/\\\/www.w3.org\\\/2000\\\/svg\\&quot;&gt;&lt;path d=\\&quot;M31.3 192h257.3c17.8 0 26.7 21.5 14.1 34.1L174.1 354.8c-7.8 7.8-20.5 7.8-28.3 0L17.2 226.1C4.6 213.5 13.5 192 31.3 192z\\&quot;&gt;&lt;\\\/path&gt;&lt;\\\/svg&gt;&quot;,&quot;library&quot;:&quot;fa-solid&quot;}}\" data-widget_type=\"nav-menu.default\">\n\t\t\t\t<div class=\"elementor-widget-container\">\n\t\t\t\t\t\t\t\t<nav aria-label=\"Menu\" class=\"elementor-nav-menu--main elementor-nav-menu__container elementor-nav-menu--layout-horizontal e--pointer-none\">\n\t\t\t\t<ul id=\"menu-1-1f0ea87\" class=\"elementor-nav-menu\"><li class=\"menu-item menu-item-type-post_type menu-item-object-page menu-item-44052\"><a href=\"https:\/\/aigal.ch\/en\/photographe-mariage-geneve\/\" class=\"elementor-item\">Gen\u00e8ve<\/a><\/li>\n<li class=\"menu-item menu-item-type-post_type menu-item-object-page menu-item-44053\"><a href=\"https:\/\/aigal.ch\/en\/photographe-mariage-lausanne\/\" class=\"elementor-item\">Lausanne<\/a><\/li>\n<li class=\"menu-item menu-item-type-post_type menu-item-object-page menu-item-44054\"><a href=\"https:\/\/aigal.ch\/en\/photographe-mariage-nyon\/\" class=\"elementor-item\">Nyon<\/a><\/li>\n<li class=\"menu-item menu-item-type-post_type menu-item-object-page menu-item-44057\"><a href=\"https:\/\/aigal.ch\/en\/photographe-mariage-vevey\/\" class=\"elementor-item\">Vevey<\/a><\/li>\n<li class=\"menu-item menu-item-type-post_type menu-item-object-page menu-item-44055\"><a href=\"https:\/\/aigal.ch\/en\/photographe-mariage-fribourg\/\" class=\"elementor-item\">Fribourg<\/a><\/li>\n<\/ul>\t\t\t<\/nav>\n\t\t\t\t\t\t<nav class=\"elementor-nav-menu--dropdown elementor-nav-menu__container\" aria-hidden=\"true\">\n\t\t\t\t<ul id=\"menu-2-1f0ea87\" class=\"elementor-nav-menu\"><li class=\"menu-item menu-item-type-post_type menu-item-object-page menu-item-44052\"><a href=\"https:\/\/aigal.ch\/en\/photographe-mariage-geneve\/\" class=\"elementor-item\" tabindex=\"-1\">Gen\u00e8ve<\/a><\/li>\n<li class=\"menu-item menu-item-type-post_type menu-item-object-page menu-item-44053\"><a href=\"https:\/\/aigal.ch\/en\/photographe-mariage-lausanne\/\" class=\"elementor-item\" tabindex=\"-1\">Lausanne<\/a><\/li>\n<li class=\"menu-item menu-item-type-post_type menu-item-object-page menu-item-44054\"><a href=\"https:\/\/aigal.ch\/en\/photographe-mariage-nyon\/\" class=\"elementor-item\" tabindex=\"-1\">Nyon<\/a><\/li>\n<li class=\"menu-item menu-item-type-post_type menu-item-object-page menu-item-44057\"><a href=\"https:\/\/aigal.ch\/en\/photographe-mariage-vevey\/\" class=\"elementor-item\" tabindex=\"-1\">Vevey<\/a><\/li>\n<li class=\"menu-item menu-item-type-post_type menu-item-object-page menu-item-44055\"><a href=\"https:\/\/aigal.ch\/en\/photographe-mariage-fribourg\/\" class=\"elementor-item\" tabindex=\"-1\">Fribourg<\/a><\/li>\n<\/ul>\t\t\t<\/nav>\n\t\t\t\t\t\t<\/div>\n\t\t\t\t<\/div>\n\t\t\t\t\t<\/div>\n\t\t\t\t<\/div>\n\t\t\t\t<\/div>\n\t\t\t\t<\/div>\n\t\t\t\t\t\t<\/div>\n\t\t\t\t<\/div>\n\t\t\t\t<\/div>\n\t\t\t\t<\/div>\n\t\t","protected":false},"excerpt":{"rendered":"<p>Id\u00e9alement situ\u00e9e sur les rives du lac L\u00e9man et entour\u00e9e de magnifiques paysages, Nyon est un endroit id\u00e9al pour illustrer vos belles photos de mariage. Il y a plusieurs endroits pittoresques pour prendre des photos \u00e0 Nyon, tels que la vieille ville avec ses rues pav\u00e9es, la promenade du lac avec sa vue sur le [&hellip;]<\/p>\n","protected":false},"author":1,"featured_media":0,"parent":0,"menu_order":0,"comment_status":"closed","ping_status":"closed","template":"","meta":{"_acf_changed":false,"footnotes":""},"class_list":["post-31854","page","type-page","status-publish","hentry"],"acf":[],"_links":{"self":[{"href":"https:\/\/aigal.ch\/en\/wp-json\/wp\/v2\/pages\/31854","targetHints":{"allow":["GET"]}}],"collection":[{"href":"https:\/\/aigal.ch\/en\/wp-json\/wp\/v2\/pages"}],"about":[{"href":"https:\/\/aigal.ch\/en\/wp-json\/wp\/v2\/types\/page"}],"author":[{"embeddable":true,"href":"https:\/\/aigal.ch\/en\/wp-json\/wp\/v2\/users\/1"}],"replies":[{"embeddable":true,"href":"https:\/\/aigal.ch\/en\/wp-json\/wp\/v2\/comments?post=31854"}],"version-history":[{"count":0,"href":"https:\/\/aigal.ch\/en\/wp-json\/wp\/v2\/pages\/31854\/revisions"}],"wp:attachment":[{"href":"https:\/\/aigal.ch\/en\/wp-json\/wp\/v2\/media?parent=31854"}],"curies":[{"name":"wp","href":"https:\/\/api.w.org\/{rel}","templated":true}]}}