{"id":36,"date":"2017-02-16T09:13:19","date_gmt":"2017-02-16T08:13:19","guid":{"rendered":"http:\/\/mxajfmgl.preview.infomaniak.website\/?page_id=36"},"modified":"2026-03-11T09:10:39","modified_gmt":"2026-03-11T08:10:39","slug":"photographe-et-videaste-de-mariage-suisse","status":"publish","type":"page","link":"https:\/\/aigal.ch\/en\/","title":{"rendered":"Swiss wedding photographer and filmmaker"},"content":{"rendered":"<div data-elementor-type=\"wp-page\" data-elementor-id=\"36\" class=\"elementor elementor-36\" data-elementor-post-type=\"page\">\n\t\t\t\t<div class=\"elementor-element elementor-element-55fd526 e-con-full e-flex e-con e-parent\" data-id=\"55fd526\" data-element_type=\"container\" data-e-type=\"container\">\n\t\t\t\t<div class=\"elementor-element elementor-element-cf2c55c elementor-widget elementor-widget-image-carousel\" data-id=\"cf2c55c\" data-element_type=\"widget\" data-e-type=\"widget\" data-settings=\"{&quot;slides_to_show&quot;:&quot;4&quot;,&quot;navigation&quot;:&quot;none&quot;,&quot;slides_to_show_tablet&quot;:&quot;3&quot;,&quot;slides_to_show_mobile&quot;:&quot;2&quot;,&quot;lazyload&quot;:&quot;yes&quot;,&quot;slides_to_scroll&quot;:&quot;4&quot;,&quot;autoplay_speed&quot;:3000,&quot;autoplay&quot;:&quot;yes&quot;,&quot;infinite&quot;:&quot;yes&quot;,&quot;speed&quot;:500}\" data-widget_type=\"image-carousel.default\">\n\t\t\t\t<div class=\"elementor-widget-container\">\n\t\t\t\t\t\t\t<div class=\"elementor-image-carousel-wrapper swiper\" role=\"region\" aria-roledescription=\"carousel\" aria-label=\"Image Carousel\" dir=\"ltr\">\n\t\t\t<div class=\"elementor-image-carousel swiper-wrapper\" aria-live=\"off\">\n\t\t\t\t\t\t\t\t<div class=\"swiper-slide\" role=\"group\" aria-roledescription=\"slide\" aria-label=\"1 sur 14\"><figure class=\"swiper-slide-inner\"><img class=\"swiper-slide-image swiper-lazy\" data-src=\"https:\/\/aigal.ch\/wp-content\/uploads\/2024\/07\/Aigal_041818_05907-768x1229.jpg\" alt=\"Photographe mariage Vevey Trois Couronnes\" \/><div class=\"swiper-lazy-preloader\"><\/div><\/figure><\/div><div class=\"swiper-slide\" role=\"group\" aria-roledescription=\"slide\" aria-label=\"2 sur 14\"><figure class=\"swiper-slide-inner\"><img class=\"swiper-slide-image swiper-lazy\" data-src=\"https:\/\/aigal.ch\/wp-content\/uploads\/2024\/05\/AigalWedding_01905-768x1151.jpg\" alt=\"AigalWedding_01905-scaled.jpg\" \/><div class=\"swiper-lazy-preloader\"><\/div><\/figure><\/div><div class=\"swiper-slide\" role=\"group\" aria-roledescription=\"slide\" aria-label=\"3 sur 14\"><figure class=\"swiper-slide-inner\"><img class=\"swiper-slide-image swiper-lazy\" data-src=\"https:\/\/aigal.ch\/wp-content\/uploads\/2023\/05\/0698_Aigal_07216-768x1152.jpg\" alt=\"Photographe mariage \u00e9l\u00e9gant suisse Gen\u00e8ve photographe suisse romande Four Seasons Luxury photographer\" \/><div class=\"swiper-lazy-preloader\"><\/div><\/figure><\/div><div class=\"swiper-slide\" role=\"group\" aria-roledescription=\"slide\" aria-label=\"4 sur 14\"><figure class=\"swiper-slide-inner\"><img class=\"swiper-slide-image swiper-lazy\" data-src=\"https:\/\/aigal.ch\/wp-content\/uploads\/2023\/03\/1_6297-768x1151.jpg\" alt=\"Photographe de mariage \u00e9l\u00e9gant au Ch\u00e2teau de Bossey, capturant des moments raffin\u00e9s en Suisse romande, sp\u00e9cialis\u00e9 dans la photographie de mariage de luxe.\" \/><div class=\"swiper-lazy-preloader\"><\/div><\/figure><\/div><div class=\"swiper-slide\" role=\"group\" aria-roledescription=\"slide\" aria-label=\"5 sur 14\"><figure class=\"swiper-slide-inner\"><img class=\"swiper-slide-image swiper-lazy\" data-src=\"https:\/\/aigal.ch\/wp-content\/uploads\/2023\/05\/R4_03034-768x1151.jpg\" alt=\"Photographe mariage asiatique Paris\" \/><div class=\"swiper-lazy-preloader\"><\/div><\/figure><\/div><div class=\"swiper-slide\" role=\"group\" aria-roledescription=\"slide\" aria-label=\"6 sur 14\"><figure class=\"swiper-slide-inner\"><img class=\"swiper-slide-image swiper-lazy\" data-src=\"https:\/\/aigal.ch\/wp-content\/uploads\/2025\/02\/Aigal_011709_09273-768x1152.jpg\" alt=\"Photographe mariage H\u00f4tel des Bergues Four Seasons Gen\u00e8ve\" \/><div class=\"swiper-lazy-preloader\"><\/div><\/figure><\/div><div class=\"swiper-slide\" role=\"group\" aria-roledescription=\"slide\" aria-label=\"7 sur 14\"><figure class=\"swiper-slide-inner\"><img class=\"swiper-slide-image swiper-lazy\" data-src=\"https:\/\/aigal.ch\/wp-content\/uploads\/2023\/05\/0177_Aigal_09645-768x1151.jpg\" alt=\"Photographe mariage mairie des Eaux-Vives Gen\u00e8ve\" \/><div class=\"swiper-lazy-preloader\"><\/div><\/figure><\/div><div class=\"swiper-slide\" role=\"group\" aria-roledescription=\"slide\" aria-label=\"8 sur 14\"><figure class=\"swiper-slide-inner\"><img class=\"swiper-slide-image swiper-lazy\" data-src=\"https:\/\/aigal.ch\/wp-content\/uploads\/2025\/02\/Aigal_301404_05326-768x1152.jpg\" alt=\"Photographe mariage Vevey\" \/><div class=\"swiper-lazy-preloader\"><\/div><\/figure><\/div><div class=\"swiper-slide\" role=\"group\" aria-roledescription=\"slide\" aria-label=\"9 sur 14\"><figure class=\"swiper-slide-inner\"><img class=\"swiper-slide-image swiper-lazy\" data-src=\"https:\/\/aigal.ch\/wp-content\/uploads\/2023\/05\/188_09021-768x1152.jpg\" alt=\"Photographe Mariage Haut de Gamme Mairie de Cologny Gen\u00e8ve\" \/><div class=\"swiper-lazy-preloader\"><\/div><\/figure><\/div><div class=\"swiper-slide\" role=\"group\" aria-roledescription=\"slide\" aria-label=\"10 sur 14\"><figure class=\"swiper-slide-inner\"><img class=\"swiper-slide-image swiper-lazy\" data-src=\"https:\/\/aigal.ch\/wp-content\/uploads\/2023\/05\/42_06939-768x1152.jpg\" alt=\"Photographe Mariage Mairie des Eaux-Vives Gen\u00e8ve\" \/><div class=\"swiper-lazy-preloader\"><\/div><\/figure><\/div><div class=\"swiper-slide\" role=\"group\" aria-roledescription=\"slide\" aria-label=\"11 sur 14\"><figure class=\"swiper-slide-inner\"><img class=\"swiper-slide-image swiper-lazy\" data-src=\"https:\/\/aigal.ch\/wp-content\/uploads\/2024\/08\/R4_00271-768x1152.jpg\" alt=\"&quot;Photographe de mariage \u00e9l\u00e9gant \u00e0 Gen\u00e8ve, Suisse romande, capturant des moments luxueux \u00e0 Cologny, sp\u00e9cialis\u00e9 dans la photographie de mariage haut de gamme.&quot;\" \/><div class=\"swiper-lazy-preloader\"><\/div><\/figure><\/div><div class=\"swiper-slide\" role=\"group\" aria-roledescription=\"slide\" aria-label=\"12 sur 14\"><figure class=\"swiper-slide-inner\"><img class=\"swiper-slide-image swiper-lazy\" data-src=\"https:\/\/aigal.ch\/wp-content\/uploads\/2024\/05\/79_05094-768x1151.jpg\" alt=\"79_05094-scaled.jpg\" \/><div class=\"swiper-lazy-preloader\"><\/div><\/figure><\/div><div class=\"swiper-slide\" role=\"group\" aria-roledescription=\"slide\" aria-label=\"13 sur 14\"><figure class=\"swiper-slide-inner\"><img class=\"swiper-slide-image swiper-lazy\" data-src=\"https:\/\/aigal.ch\/wp-content\/uploads\/2023\/05\/625A4302273-768x1152.jpg\" alt=\"Photographe Mariage Gen\u00e8ve \u00c9glise\" \/><div class=\"swiper-lazy-preloader\"><\/div><\/figure><\/div><div class=\"swiper-slide\" role=\"group\" aria-roledescription=\"slide\" aria-label=\"14 sur 14\"><figure class=\"swiper-slide-inner\"><img class=\"swiper-slide-image swiper-lazy\" data-src=\"https:\/\/aigal.ch\/wp-content\/uploads\/2023\/06\/0009_Aigal_6016-768x1152.jpg\" alt=\"Photographe Mariage luxe haut de gamme La R\u00e9serve Gen\u00e8ve\" \/><div class=\"swiper-lazy-preloader\"><\/div><\/figure><\/div>\t\t\t<\/div>\n\t\t\t\t\t\t\t\n\t\t\t\t\t\t\t\t\t<\/div>\n\t\t\t\t\t\t<\/div>\n\t\t\t\t<\/div>\n\t\t\t\t<div class=\"elementor-element elementor-element-4004243 elementor-widget__width-inherit elementor-widget elementor-widget-heading\" data-id=\"4004243\" data-element_type=\"widget\" data-e-type=\"widget\" data-widget_type=\"heading.default\">\n\t\t\t\t<div class=\"elementor-widget-container\">\n\t\t\t\t\t<h1 class=\"elementor-heading-title elementor-size-default\">Wedding Photographer &amp; Videographer in Geneva Since 2017<\/h1>\t\t\t\t<\/div>\n\t\t\t\t<\/div>\n\t\t\t\t<div class=\"elementor-element elementor-element-ef73ebf elementor-widget__width-inherit elementor-widget elementor-widget-heading\" data-id=\"ef73ebf\" data-element_type=\"widget\" data-e-type=\"widget\" data-widget_type=\"heading.default\">\n\t\t\t\t<div class=\"elementor-widget-container\">\n\t\t\t\t\t<p class=\"elementor-heading-title elementor-size-default\">Authentic imagery,<br>\nwith natural refinement.<\/p>\t\t\t\t<\/div>\n\t\t\t\t<\/div>\n\t\t\t\t<div class=\"elementor-element elementor-element-ca7b658 elementor-widget__width-initial elementor-widget elementor-widget-text-editor\" data-id=\"ca7b658\" data-element_type=\"widget\" data-e-type=\"widget\" data-widget_type=\"text-editor.default\">\n\t\t\t\t<div class=\"elementor-widget-container\">\n\t\t\t\t\t\t\t\t\t<p>Through subtle and poetic wedding photography, I capture your union in a way that will move you for years to come. I document timeless moments, creating memories to be passed down and cherished from generation to generation.<\/p>\t\t\t\t\t\t\t\t<\/div>\n\t\t\t\t<\/div>\n\t\t\t\t<\/div>\n\t\t<div class=\"elementor-element elementor-element-b59dadd e-con-full e-flex e-con e-parent\" data-id=\"b59dadd\" data-element_type=\"container\" data-e-type=\"container\" id=\"mariages\" data-settings=\"{&quot;background_background&quot;:&quot;classic&quot;}\">\n\t\t<div class=\"elementor-element elementor-element-6959534 e-con-full e-flex e-con e-child\" data-id=\"6959534\" data-element_type=\"container\" data-e-type=\"container\" data-settings=\"{&quot;background_background&quot;:&quot;classic&quot;}\">\n\t\t\t\t<div class=\"elementor-element elementor-element-f2fda2b elementor-widget elementor-widget-heading\" data-id=\"f2fda2b\" data-element_type=\"widget\" data-e-type=\"widget\" data-widget_type=\"heading.default\">\n\t\t\t\t<div class=\"elementor-widget-container\">\n\t\t\t\t\t<h2 class=\"elementor-heading-title elementor-size-default\">Our Services<\/h2>\t\t\t\t<\/div>\n\t\t\t\t<\/div>\n\t\t\t\t<div class=\"elementor-element elementor-element-8aefb7e elementor-widget elementor-widget-icon-box\" data-id=\"8aefb7e\" data-element_type=\"widget\" data-e-type=\"widget\" data-widget_type=\"icon-box.default\">\n\t\t\t\t<div class=\"elementor-widget-container\">\n\t\t\t\t\t\t\t<div class=\"elementor-icon-box-wrapper\">\n\n\t\t\t\n\t\t\t\t\t\t<div class=\"elementor-icon-box-content\">\n\n\t\t\t\t\t\t\t\t\t<h2 class=\"elementor-icon-box-title\">\n\t\t\t\t\t\t<a href=\"https:\/\/aigal.ch\/photographe-mariage\/\" >\n\t\t\t\t\t\t\tPhotographer \u203a\t\t\t\t\t\t<\/a>\n\t\t\t\t\t<\/h2>\n\t\t\t\t\n\t\t\t\t\t\t\t\t\t<p class=\"elementor-icon-box-description\">\n\t\t\t\t\t\tElegant and timeless photography for your wedding.\t\t\t\t\t<\/p>\n\t\t\t\t\n\t\t\t<\/div>\n\t\t\t\n\t\t<\/div>\n\t\t\t\t\t\t<\/div>\n\t\t\t\t<\/div>\n\t\t\t\t<div class=\"elementor-element elementor-element-332018c elementor-widget elementor-widget-icon-box\" data-id=\"332018c\" data-element_type=\"widget\" data-e-type=\"widget\" data-widget_type=\"icon-box.default\">\n\t\t\t\t<div class=\"elementor-widget-container\">\n\t\t\t\t\t\t\t<div class=\"elementor-icon-box-wrapper\">\n\n\t\t\t\n\t\t\t\t\t\t<div class=\"elementor-icon-box-content\">\n\n\t\t\t\t\t\t\t\t\t<h2 class=\"elementor-icon-box-title\">\n\t\t\t\t\t\t<a href=\"https:\/\/aigal.ch\/videaste-mariage\/\" >\n\t\t\t\t\t\t\tVideographer \u203a\t\t\t\t\t\t<\/a>\n\t\t\t\t\t<\/h2>\n\t\t\t\t\n\t\t\t\t\t\t\t\t\t<p class=\"elementor-icon-box-description\">\n\t\t\t\t\t\tEmotional wedding films, created with finesse.\t\t\t\t\t<\/p>\n\t\t\t\t\n\t\t\t<\/div>\n\t\t\t\n\t\t<\/div>\n\t\t\t\t\t\t<\/div>\n\t\t\t\t<\/div>\n\t\t\t\t<div class=\"elementor-element elementor-element-9736f8b elementor-widget elementor-widget-icon-box\" data-id=\"9736f8b\" data-element_type=\"widget\" data-e-type=\"widget\" data-widget_type=\"icon-box.default\">\n\t\t\t\t<div class=\"elementor-widget-container\">\n\t\t\t\t\t\t\t<div class=\"elementor-icon-box-wrapper\">\n\n\t\t\t\n\t\t\t\t\t\t<div class=\"elementor-icon-box-content\">\n\n\t\t\t\t\t\t\t\t\t<h2 class=\"elementor-icon-box-title\">\n\t\t\t\t\t\t<a href=\"https:\/\/aigal.ch\/duo-photo-et-video-de-mariage\/\" >\n\t\t\t\t\t\t\tPhotography &amp; Videography Duo \u203a\t\t\t\t\t\t<\/a>\n\t\t\t\t\t<\/h2>\n\t\t\t\t\n\t\t\t\t\t\t\t\t\t<p class=\"elementor-icon-box-description\">\n\t\t\t\t\t\tComplementary memories of your beautiful day.\t\t\t\t\t<\/p>\n\t\t\t\t\n\t\t\t<\/div>\n\t\t\t\n\t\t<\/div>\n\t\t\t\t\t\t<\/div>\n\t\t\t\t<\/div>\n\t\t\t\t<\/div>\n\t\t\t\t<\/div>\n\t\t<div class=\"elementor-element elementor-element-b3d2c24 e-flex e-con-boxed e-con e-parent\" data-id=\"b3d2c24\" data-element_type=\"container\" data-e-type=\"container\">\n\t\t\t\t\t<div class=\"e-con-inner\">\n\t\t\t\t<div class=\"elementor-element elementor-element-25fcf3d elementor-widget__width-inherit elementor-widget elementor-widget-heading\" data-id=\"25fcf3d\" data-element_type=\"widget\" data-e-type=\"widget\" data-widget_type=\"heading.default\">\n\t\t\t\t<div class=\"elementor-widget-container\">\n\t\t\t\t\t<h2 class=\"elementor-heading-title elementor-size-default\">Latest Articles<\/h2>\t\t\t\t<\/div>\n\t\t\t\t<\/div>\n\t\t\t\t<div class=\"elementor-element elementor-element-8a22632 elementor-pagination-type-fraction elementor-arrows-position-inside elementor-pagination-position-outside elementor-widget elementor-widget-loop-carousel\" data-id=\"8a22632\" data-element_type=\"widget\" data-e-type=\"widget\" data-settings=\"{&quot;template_id&quot;:&quot;37252&quot;,&quot;autoplay_speed&quot;:3000,&quot;pagination&quot;:&quot;fraction&quot;,&quot;image_spacing_custom&quot;:{&quot;unit&quot;:&quot;px&quot;,&quot;size&quot;:60,&quot;sizes&quot;:[]},&quot;_skin&quot;:&quot;post&quot;,&quot;slides_to_show&quot;:&quot;3&quot;,&quot;slides_to_show_tablet&quot;:&quot;2&quot;,&quot;slides_to_show_mobile&quot;:&quot;1&quot;,&quot;slides_to_scroll&quot;:&quot;1&quot;,&quot;edit_handle_selector&quot;:&quot;.elementor-loop-container&quot;,&quot;autoplay&quot;:&quot;yes&quot;,&quot;pause_on_hover&quot;:&quot;yes&quot;,&quot;pause_on_interaction&quot;:&quot;yes&quot;,&quot;infinite&quot;:&quot;yes&quot;,&quot;speed&quot;:500,&quot;offset_sides&quot;:&quot;none&quot;,&quot;arrows&quot;:&quot;yes&quot;,&quot;image_spacing_custom_tablet&quot;:{&quot;unit&quot;:&quot;px&quot;,&quot;size&quot;:&quot;&quot;,&quot;sizes&quot;:[]},&quot;image_spacing_custom_mobile&quot;:{&quot;unit&quot;:&quot;px&quot;,&quot;size&quot;:&quot;&quot;,&quot;sizes&quot;:[]}}\" data-widget_type=\"loop-carousel.post\">\n\t\t\t\t<div class=\"elementor-widget-container\">\n\t\t\t\t\t\t\t<div class=\"swiper elementor-loop-container elementor-grid\" role=\"list\" dir=\"ltr\">\n\t\t\t\t<div class=\"swiper-wrapper\" aria-live=\"off\">\n\t\t<style id=\"loop-37252\">.elementor-37252 .elementor-element.elementor-element-fcfe08c{--display:flex;--min-height:0px;--gap:0em 0em;--row-gap:0em;--column-gap:0em;border-style:none;--border-style:none;--padding-top:0em;--padding-bottom:0em;--padding-left:0em;--padding-right:0em;}.elementor-37252 .elementor-element.elementor-element-fcfe08c:hover{border-style:none;}.elementor-37252 .elementor-element.elementor-element-fcfe08c, .elementor-37252 .elementor-element.elementor-element-fcfe08c::before{--border-transition:0.3s;}.elementor-37252 .elementor-element.elementor-element-1fda60f{text-align:center;}.elementor-37252 .elementor-element.elementor-element-1fda60f img{width:40vw;height:40vh;object-fit:cover;object-position:top center;}.elementor-37252 .elementor-element.elementor-element-1fda60f.elementor-element{--flex-grow:0;--flex-shrink:0;}.elementor-37252 .elementor-element.elementor-element-40e6bae{text-align:center;}.elementor-37252 .elementor-element.elementor-element-40e6bae .elementor-heading-title{font-family:var( --e-global-typography-text-font-family ), Sans-serif;font-size:var( --e-global-typography-text-font-size );letter-spacing:var( --e-global-typography-text-letter-spacing );}.elementor-37252 .elementor-element.elementor-element-40e6bae > .elementor-widget-container{padding:1rem 0.5rem 1rem 0.5rem;}@media(max-width:1024px){.elementor-37252 .elementor-element.elementor-element-1fda60f img{height:30vh;}.elementor-37252 .elementor-element.elementor-element-40e6bae .elementor-heading-title{font-size:var( --e-global-typography-text-font-size );letter-spacing:var( --e-global-typography-text-letter-spacing );}}@media(min-width:768px){.elementor-37252 .elementor-element.elementor-element-fcfe08c{--width:100%;}}@media(max-width:767px){.elementor-37252 .elementor-element.elementor-element-fcfe08c{--gap:0em 0em;--row-gap:0em;--column-gap:0em;--padding-top:1rem;--padding-bottom:1rem;--padding-left:1rem;--padding-right:1rem;}.elementor-37252 .elementor-element.elementor-element-1fda60f img{width:100%;max-width:100%;height:200px;object-fit:cover;}.elementor-37252 .elementor-element.elementor-element-1fda60f.elementor-element{--flex-grow:0;--flex-shrink:0;}.elementor-37252 .elementor-element.elementor-element-40e6bae .elementor-heading-title{font-size:var( --e-global-typography-text-font-size );letter-spacing:var( --e-global-typography-text-letter-spacing );}.elementor-37252 .elementor-element.elementor-element-40e6bae > .elementor-widget-container{padding:1rem 0rem 0rem 0rem;}}<\/style>\t\t<div data-elementor-type=\"loop-item\" data-elementor-id=\"37252\" class=\"elementor elementor-37252 swiper-slide e-loop-item e-loop-item-48273 post-48273 post type-post status-publish format-standard has-post-thumbnail hentry category-mariage category-lieux-de-reception-mariage category-civil\" data-elementor-post-type=\"elementor_library\" role=\"group\" aria-roledescription=\"slide\" data-custom-edit-handle=\"1\">\n\t\t\t<div class=\"elementor-element elementor-element-fcfe08c e-con-full e-flex e-con e-parent\" data-id=\"fcfe08c\" data-element_type=\"container\" data-e-type=\"container\" data-settings=\"{&quot;animation&quot;:&quot;none&quot;}\">\n\t\t\t\t<div class=\"elementor-element elementor-element-1fda60f elementor-widget elementor-widget-theme-post-featured-image elementor-widget-image\" data-id=\"1fda60f\" data-element_type=\"widget\" data-e-type=\"widget\" data-widget_type=\"theme-post-featured-image.default\">\n\t\t\t\t<div class=\"elementor-widget-container\">\n\t\t\t\t\t\t\t\t\t\t\t\t\t\t\t\t<a href=\"https:\/\/aigal.ch\/en\/photographe-mariage-original-tram-historique-geneve-agmt\/\">\n\t\t\t\t\t\t\t<img decoding=\"async\" src=\"https:\/\/aigal.ch\/wp-content\/uploads\/elementor\/thumbs\/Aigal_131242_00852-scaled-raxcuy11bdvkz5vcu748gjt4o6119t9kghhlzlc6ps.jpg\" title=\"Aigal_131242_00852\" alt=\"Mariage tram historique Gen\u00e8ve\" loading=\"lazy\" \/>\t\t\t\t\t\t\t\t<\/a>\n\t\t\t\t\t\t\t\t\t\t\t\t\t\t\t<\/div>\n\t\t\t\t<\/div>\n\t\t\t\t<div class=\"elementor-element elementor-element-40e6bae elementor-widget elementor-widget-heading\" data-id=\"40e6bae\" data-element_type=\"widget\" data-e-type=\"widget\" data-widget_type=\"heading.default\">\n\t\t\t\t<div class=\"elementor-widget-container\">\n\t\t\t\t\t<p class=\"elementor-heading-title elementor-size-default\"><a href=\"https:\/\/aigal.ch\/en\/photographe-mariage-original-tram-historique-geneve-agmt\/\">Surprise your guests with a historic tram in Geneva<\/a><\/p>\t\t\t\t<\/div>\n\t\t\t\t<\/div>\n\t\t\t\t<\/div>\n\t\t\t\t<\/div>\n\t\t\t\t<div data-elementor-type=\"loop-item\" data-elementor-id=\"37252\" class=\"elementor elementor-37252 swiper-slide e-loop-item e-loop-item-48110 post-48110 post type-post status-publish format-standard has-post-thumbnail hentry category-mariage category-lieux-de-reception-mariage category-civil tag-eynard tag-geneve tag-mariage-civil tag-palais tag-suisse\" data-elementor-post-type=\"elementor_library\" role=\"group\" aria-roledescription=\"slide\" data-custom-edit-handle=\"1\">\n\t\t\t<div class=\"elementor-element elementor-element-fcfe08c e-con-full e-flex e-con e-parent\" data-id=\"fcfe08c\" data-element_type=\"container\" data-e-type=\"container\" data-settings=\"{&quot;animation&quot;:&quot;none&quot;}\">\n\t\t\t\t<div class=\"elementor-element elementor-element-1fda60f elementor-widget elementor-widget-theme-post-featured-image elementor-widget-image\" data-id=\"1fda60f\" data-element_type=\"widget\" data-e-type=\"widget\" data-widget_type=\"theme-post-featured-image.default\">\n\t\t\t\t<div class=\"elementor-widget-container\">\n\t\t\t\t\t\t\t\t\t\t\t\t\t\t\t\t<a href=\"https:\/\/aigal.ch\/en\/salles-particulieres-a-geneve-mariage-au-palais-eynard\/\">\n\t\t\t\t\t\t\t<img decoding=\"async\" src=\"https:\/\/aigal.ch\/wp-content\/uploads\/elementor\/thumbs\/Aigal_211454_00967-scaled-rax3b2ql3b59mpcysk3naboh7kwzc24n6hovlf730g.jpg\" title=\"Aigal_211454_00967\" alt=\"Mariage civil au Palais Eynard \u00e0 Gen\u00e8ve\" loading=\"lazy\" \/>\t\t\t\t\t\t\t\t<\/a>\n\t\t\t\t\t\t\t\t\t\t\t\t\t\t\t<\/div>\n\t\t\t\t<\/div>\n\t\t\t\t<div class=\"elementor-element elementor-element-40e6bae elementor-widget elementor-widget-heading\" data-id=\"40e6bae\" data-element_type=\"widget\" data-e-type=\"widget\" data-widget_type=\"heading.default\">\n\t\t\t\t<div class=\"elementor-widget-container\">\n\t\t\t\t\t<p class=\"elementor-heading-title elementor-size-default\"><a href=\"https:\/\/aigal.ch\/en\/salles-particulieres-a-geneve-mariage-au-palais-eynard\/\">Exclusive wedding venues in Geneva : a wedding at Palais Eynard<\/a><\/p>\t\t\t\t<\/div>\n\t\t\t\t<\/div>\n\t\t\t\t<\/div>\n\t\t\t\t<\/div>\n\t\t\t\t<div data-elementor-type=\"loop-item\" data-elementor-id=\"37252\" class=\"elementor elementor-37252 swiper-slide e-loop-item e-loop-item-46126 post-46126 post type-post status-publish format-standard has-post-thumbnail hentry category-mariage category-civil tag-cologny tag-geneve tag-mariage-civil tag-suisse tag-woodward\" data-elementor-post-type=\"elementor_library\" role=\"group\" aria-roledescription=\"slide\" data-custom-edit-handle=\"1\">\n\t\t\t<div class=\"elementor-element elementor-element-fcfe08c e-con-full e-flex e-con e-parent\" data-id=\"fcfe08c\" data-element_type=\"container\" data-e-type=\"container\" data-settings=\"{&quot;animation&quot;:&quot;none&quot;}\">\n\t\t\t\t<div class=\"elementor-element elementor-element-1fda60f elementor-widget elementor-widget-theme-post-featured-image elementor-widget-image\" data-id=\"1fda60f\" data-element_type=\"widget\" data-e-type=\"widget\" data-widget_type=\"theme-post-featured-image.default\">\n\t\t\t\t<div class=\"elementor-widget-container\">\n\t\t\t\t\t\t\t\t\t\t\t\t\t\t\t\t<a href=\"https:\/\/aigal.ch\/en\/mariage-genevois-a-cologny-parc-des-eaux-vives-et-a-hotel-woodward\/\">\n\t\t\t\t\t\t\t<img decoding=\"async\" src=\"https:\/\/aigal.ch\/wp-content\/uploads\/elementor\/thumbs\/Aigal_131154_08573-scaled-r12ezyj6emgum3vg6vjlu79458719wapl3h5i6cn40.jpg\" title=\"Aigal_131154_08573\" alt=\"Photographe mariage Gen\u00e8ve \u00e0 Cologny Parc Grange H\u00f4tel Woodward\" loading=\"lazy\" \/>\t\t\t\t\t\t\t\t<\/a>\n\t\t\t\t\t\t\t\t\t\t\t\t\t\t\t<\/div>\n\t\t\t\t<\/div>\n\t\t\t\t<div class=\"elementor-element elementor-element-40e6bae elementor-widget elementor-widget-heading\" data-id=\"40e6bae\" data-element_type=\"widget\" data-e-type=\"widget\" data-widget_type=\"heading.default\">\n\t\t\t\t<div class=\"elementor-widget-container\">\n\t\t\t\t\t<p class=\"elementor-heading-title elementor-size-default\"><a href=\"https:\/\/aigal.ch\/en\/mariage-genevois-a-cologny-parc-des-eaux-vives-et-a-hotel-woodward\/\">Geneva wedding between Cologny and the Woodward hotel<\/a><\/p>\t\t\t\t<\/div>\n\t\t\t\t<\/div>\n\t\t\t\t<\/div>\n\t\t\t\t<\/div>\n\t\t\t\t<div data-elementor-type=\"loop-item\" data-elementor-id=\"37252\" class=\"elementor elementor-37252 swiper-slide e-loop-item e-loop-item-45615 post-45615 post type-post status-publish format-standard has-post-thumbnail hentry category-mariage tag-duo tag-lavaux tag-mariage tag-photographe tag-suisse tag-vaud tag-videaste\" data-elementor-post-type=\"elementor_library\" role=\"group\" aria-roledescription=\"slide\" data-custom-edit-handle=\"1\">\n\t\t\t<div class=\"elementor-element elementor-element-fcfe08c e-con-full e-flex e-con e-parent\" data-id=\"fcfe08c\" data-element_type=\"container\" data-e-type=\"container\" data-settings=\"{&quot;animation&quot;:&quot;none&quot;}\">\n\t\t\t\t<div class=\"elementor-element elementor-element-1fda60f elementor-widget elementor-widget-theme-post-featured-image elementor-widget-image\" data-id=\"1fda60f\" data-element_type=\"widget\" data-e-type=\"widget\" data-widget_type=\"theme-post-featured-image.default\">\n\t\t\t\t<div class=\"elementor-widget-container\">\n\t\t\t\t\t\t\t\t\t\t\t\t\t\t\t\t<a href=\"https:\/\/aigal.ch\/en\/mariage-hotel-prealpina-duo-photo-video\/\">\n\t\t\t\t\t\t\t<img decoding=\"async\" src=\"https:\/\/aigal.ch\/wp-content\/uploads\/elementor\/thumbs\/Aigal_201903_06273-qy0nsh7037v58mgt7ujypcjs627lbsj9x89myu6gao.jpg\" title=\"Mariage de Bruna et Volkan \u00e0 l&rsquo;h\u00f4tel Pr\u00e9alpina\" alt=\"Photographe de mariage H\u00f4tel Pr\u00e9alpina\" loading=\"lazy\" \/>\t\t\t\t\t\t\t\t<\/a>\n\t\t\t\t\t\t\t\t\t\t\t\t\t\t\t<\/div>\n\t\t\t\t<\/div>\n\t\t\t\t<div class=\"elementor-element elementor-element-40e6bae elementor-widget elementor-widget-heading\" data-id=\"40e6bae\" data-element_type=\"widget\" data-e-type=\"widget\" data-widget_type=\"heading.default\">\n\t\t\t\t<div class=\"elementor-widget-container\">\n\t\t\t\t\t<p class=\"elementor-heading-title elementor-size-default\"><a href=\"https:\/\/aigal.ch\/en\/mariage-hotel-prealpina-duo-photo-video\/\">Bruna and Volkan\u2019s wedding at the Pr\u00e9alpina hotel<\/a><\/p>\t\t\t\t<\/div>\n\t\t\t\t<\/div>\n\t\t\t\t<\/div>\n\t\t\t\t<\/div>\n\t\t\t\t<div data-elementor-type=\"loop-item\" data-elementor-id=\"37252\" class=\"elementor elementor-37252 swiper-slide e-loop-item e-loop-item-45385 post-45385 post type-post status-publish format-standard has-post-thumbnail hentry category-mariage tag-duo tag-first-look tag-mariage tag-photographe tag-porte-des-iris tag-suisse tag-vaud tag-videaste\" data-elementor-post-type=\"elementor_library\" role=\"group\" aria-roledescription=\"slide\" data-custom-edit-handle=\"1\">\n\t\t\t<div class=\"elementor-element elementor-element-fcfe08c e-con-full e-flex e-con e-parent\" data-id=\"fcfe08c\" data-element_type=\"container\" data-e-type=\"container\" data-settings=\"{&quot;animation&quot;:&quot;none&quot;}\">\n\t\t\t\t<div class=\"elementor-element elementor-element-1fda60f elementor-widget elementor-widget-theme-post-featured-image elementor-widget-image\" data-id=\"1fda60f\" data-element_type=\"widget\" data-e-type=\"widget\" data-widget_type=\"theme-post-featured-image.default\">\n\t\t\t\t<div class=\"elementor-widget-container\">\n\t\t\t\t\t\t\t\t\t\t\t\t\t\t\t\t<a href=\"https:\/\/aigal.ch\/en\/duo-photo-et-video-mariage-porte-des-iris\/\">\n\t\t\t\t\t\t\t<img decoding=\"async\" src=\"https:\/\/aigal.ch\/wp-content\/uploads\/elementor\/thumbs\/Aigal_131429_05671-qxysjmswgzwtuwvm8xbghqnavw8s30y9f5vmatl7gg.jpg\" title=\"Mariage d&rsquo;Aurore et Mickael \u00e0 la Porte des Iris\" alt=\"Photographe de mariage \u00e0 la Porte des Iris\" loading=\"lazy\" \/>\t\t\t\t\t\t\t\t<\/a>\n\t\t\t\t\t\t\t\t\t\t\t\t\t\t\t<\/div>\n\t\t\t\t<\/div>\n\t\t\t\t<div class=\"elementor-element elementor-element-40e6bae elementor-widget elementor-widget-heading\" data-id=\"40e6bae\" data-element_type=\"widget\" data-e-type=\"widget\" data-widget_type=\"heading.default\">\n\t\t\t\t<div class=\"elementor-widget-container\">\n\t\t\t\t\t<p class=\"elementor-heading-title elementor-size-default\"><a href=\"https:\/\/aigal.ch\/en\/duo-photo-et-video-mariage-porte-des-iris\/\">Aurore and Mickael\u2019s wedding at la Porte des Iris<\/a><\/p>\t\t\t\t<\/div>\n\t\t\t\t<\/div>\n\t\t\t\t<\/div>\n\t\t\t\t<\/div>\n\t\t\t\t<div data-elementor-type=\"loop-item\" data-elementor-id=\"37252\" class=\"elementor elementor-37252 swiper-slide e-loop-item e-loop-item-47220 post-47220 post type-post status-publish format-standard has-post-thumbnail hentry category-mariage tag-chateau-des-bois tag-geneve tag-mariage tag-satigny tag-suisse\" data-elementor-post-type=\"elementor_library\" role=\"group\" aria-roledescription=\"slide\" data-custom-edit-handle=\"1\">\n\t\t\t<div class=\"elementor-element elementor-element-fcfe08c e-con-full e-flex e-con e-parent\" data-id=\"fcfe08c\" data-element_type=\"container\" data-e-type=\"container\" data-settings=\"{&quot;animation&quot;:&quot;none&quot;}\">\n\t\t\t\t<div class=\"elementor-element elementor-element-1fda60f elementor-widget elementor-widget-theme-post-featured-image elementor-widget-image\" data-id=\"1fda60f\" data-element_type=\"widget\" data-e-type=\"widget\" data-widget_type=\"theme-post-featured-image.default\">\n\t\t\t\t<div class=\"elementor-widget-container\">\n\t\t\t\t\t\t\t\t\t\t\t\t\t\t\t\t<a href=\"https:\/\/aigal.ch\/en\/mariage-au-chateau-des-bois-satigny\/\">\n\t\t\t\t\t\t\t<img decoding=\"async\" src=\"https:\/\/aigal.ch\/wp-content\/uploads\/elementor\/thumbs\/Aigal_041812_09940-scaled-r1qoe7o0lqjjta8uigokecwbdjbu8sv5hsxaa0lw5c.jpg\" title=\"Aigal_041812_09940\" alt=\"Mariage au Ch\u00e2teau des Bois \u00e0 Satigny canton de Gen\u00e8ve\" loading=\"lazy\" \/>\t\t\t\t\t\t\t\t<\/a>\n\t\t\t\t\t\t\t\t\t\t\t\t\t\t\t<\/div>\n\t\t\t\t<\/div>\n\t\t\t\t<div class=\"elementor-element elementor-element-40e6bae elementor-widget elementor-widget-heading\" data-id=\"40e6bae\" data-element_type=\"widget\" data-e-type=\"widget\" data-widget_type=\"heading.default\">\n\t\t\t\t<div class=\"elementor-widget-container\">\n\t\t\t\t\t<p class=\"elementor-heading-title elementor-size-default\"><a href=\"https:\/\/aigal.ch\/en\/mariage-au-chateau-des-bois-satigny\/\">Wedding at the charming Ch\u00e2teau des Bois de Satigny<\/a><\/p>\t\t\t\t<\/div>\n\t\t\t\t<\/div>\n\t\t\t\t<\/div>\n\t\t\t\t<\/div>\n\t\t\t\t<div data-elementor-type=\"loop-item\" data-elementor-id=\"37252\" class=\"elementor elementor-37252 swiper-slide e-loop-item e-loop-item-47088 post-47088 post type-post status-publish format-standard has-post-thumbnail hentry category-mariage category-civil tag-geneve tag-mairie-de-dardagny tag-mariage tag-suisse\" data-elementor-post-type=\"elementor_library\" role=\"group\" aria-roledescription=\"slide\" data-custom-edit-handle=\"1\">\n\t\t\t<div class=\"elementor-element elementor-element-fcfe08c e-con-full e-flex e-con e-parent\" data-id=\"fcfe08c\" data-element_type=\"container\" data-e-type=\"container\" data-settings=\"{&quot;animation&quot;:&quot;none&quot;}\">\n\t\t\t\t<div class=\"elementor-element elementor-element-1fda60f elementor-widget elementor-widget-theme-post-featured-image elementor-widget-image\" data-id=\"1fda60f\" data-element_type=\"widget\" data-e-type=\"widget\" data-widget_type=\"theme-post-featured-image.default\">\n\t\t\t\t<div class=\"elementor-widget-container\">\n\t\t\t\t\t\t\t\t\t\t\t\t\t\t\t\t<a href=\"https:\/\/aigal.ch\/en\/photographe-mariage-civil-mairie-de-dardagny-geneve\/\">\n\t\t\t\t\t\t\t<img decoding=\"async\" src=\"https:\/\/aigal.ch\/wp-content\/uploads\/elementor\/thumbs\/Aigal_271724_05018-scaled-r1oht17y1hlytvsaxj9liai3yfzq5l7xuo0pbngkcg.jpg\" title=\"Aigal_271724_05018\" alt=\"Aigal_271724_05018\" loading=\"lazy\" \/>\t\t\t\t\t\t\t\t<\/a>\n\t\t\t\t\t\t\t\t\t\t\t\t\t\t\t<\/div>\n\t\t\t\t<\/div>\n\t\t\t\t<div class=\"elementor-element elementor-element-40e6bae elementor-widget elementor-widget-heading\" data-id=\"40e6bae\" data-element_type=\"widget\" data-e-type=\"widget\" data-widget_type=\"heading.default\">\n\t\t\t\t<div class=\"elementor-widget-container\">\n\t\t\t\t\t<p class=\"elementor-heading-title elementor-size-default\"><a href=\"https:\/\/aigal.ch\/en\/photographe-mariage-civil-mairie-de-dardagny-geneve\/\">Civil wedding at the town hall of Dardagny in Geneva<\/a><\/p>\t\t\t\t<\/div>\n\t\t\t\t<\/div>\n\t\t\t\t<\/div>\n\t\t\t\t<\/div>\n\t\t\t\t<div data-elementor-type=\"loop-item\" data-elementor-id=\"37252\" class=\"elementor elementor-37252 swiper-slide e-loop-item e-loop-item-46993 post-46993 post type-post status-publish format-standard has-post-thumbnail hentry category-mariage tag-castel-bois-genoud tag-crissier tag-mariage tag-suisse\" data-elementor-post-type=\"elementor_library\" role=\"group\" aria-roledescription=\"slide\" data-custom-edit-handle=\"1\">\n\t\t\t<div class=\"elementor-element elementor-element-fcfe08c e-con-full e-flex e-con e-parent\" data-id=\"fcfe08c\" data-element_type=\"container\" data-e-type=\"container\" data-settings=\"{&quot;animation&quot;:&quot;none&quot;}\">\n\t\t\t\t<div class=\"elementor-element elementor-element-1fda60f elementor-widget elementor-widget-theme-post-featured-image elementor-widget-image\" data-id=\"1fda60f\" data-element_type=\"widget\" data-e-type=\"widget\" data-widget_type=\"theme-post-featured-image.default\">\n\t\t\t\t<div class=\"elementor-widget-container\">\n\t\t\t\t\t\t\t\t\t\t\t\t\t\t\t\t<a href=\"https:\/\/aigal.ch\/en\/mariage-au-castel-de-bois-genoud-a-crissier\/\">\n\t\t\t\t\t\t\t<img decoding=\"async\" src=\"https:\/\/aigal.ch\/wp-content\/uploads\/elementor\/thumbs\/Aigal_211707_07752-scaled-r1n8vcz85z4xx5jp0abwci7rtxar2763fxds4a00sg.jpg\" title=\"Aigal_211707_07752\" alt=\"Photographe mariage au Castel Bois Genoud Crissier Vaud\" loading=\"lazy\" \/>\t\t\t\t\t\t\t\t<\/a>\n\t\t\t\t\t\t\t\t\t\t\t\t\t\t\t<\/div>\n\t\t\t\t<\/div>\n\t\t\t\t<div class=\"elementor-element elementor-element-40e6bae elementor-widget elementor-widget-heading\" data-id=\"40e6bae\" data-element_type=\"widget\" data-e-type=\"widget\" data-widget_type=\"heading.default\">\n\t\t\t\t<div class=\"elementor-widget-container\">\n\t\t\t\t\t<p class=\"elementor-heading-title elementor-size-default\"><a href=\"https:\/\/aigal.ch\/en\/mariage-au-castel-de-bois-genoud-a-crissier\/\">Wedding at Castel de Bois Genoud in Crissier<\/a><\/p>\t\t\t\t<\/div>\n\t\t\t\t<\/div>\n\t\t\t\t<\/div>\n\t\t\t\t<\/div>\n\t\t\t\t<div data-elementor-type=\"loop-item\" data-elementor-id=\"37252\" class=\"elementor elementor-37252 swiper-slide e-loop-item e-loop-item-46363 post-46363 post type-post status-publish format-standard has-post-thumbnail hentry category-mariage category-civil tag-lac-leman tag-mariage-civil tag-suisse tag-vevey\" data-elementor-post-type=\"elementor_library\" role=\"group\" aria-roledescription=\"slide\" data-custom-edit-handle=\"1\">\n\t\t\t<div class=\"elementor-element elementor-element-fcfe08c e-con-full e-flex e-con e-parent\" data-id=\"fcfe08c\" data-element_type=\"container\" data-e-type=\"container\" data-settings=\"{&quot;animation&quot;:&quot;none&quot;}\">\n\t\t\t\t<div class=\"elementor-element elementor-element-1fda60f elementor-widget elementor-widget-theme-post-featured-image elementor-widget-image\" data-id=\"1fda60f\" data-element_type=\"widget\" data-e-type=\"widget\" data-widget_type=\"theme-post-featured-image.default\">\n\t\t\t\t<div class=\"elementor-widget-container\">\n\t\t\t\t\t\t\t\t\t\t\t\t\t\t\t\t<a href=\"https:\/\/aigal.ch\/en\/mariage-hotel-des-trois-couronnes-a-vevey\/\">\n\t\t\t\t\t\t\t<img decoding=\"async\" src=\"https:\/\/aigal.ch\/wp-content\/uploads\/elementor\/thumbs\/Aigal_301950_07362-scaled-r126vlsaqo99kaj8c05xth4wpv666yo722teyxtse8.jpg\" title=\"Val\u00e9rie and Fr\u00e9d\u00e9ric\u2019s wedding at the H\u00f4tel des Trois Couronnes in Vevey\" alt=\"Photographe mariage Vevey\" loading=\"lazy\" \/>\t\t\t\t\t\t\t\t<\/a>\n\t\t\t\t\t\t\t\t\t\t\t\t\t\t\t<\/div>\n\t\t\t\t<\/div>\n\t\t\t\t<div class=\"elementor-element elementor-element-40e6bae elementor-widget elementor-widget-heading\" data-id=\"40e6bae\" data-element_type=\"widget\" data-e-type=\"widget\" data-widget_type=\"heading.default\">\n\t\t\t\t<div class=\"elementor-widget-container\">\n\t\t\t\t\t<p class=\"elementor-heading-title elementor-size-default\"><a href=\"https:\/\/aigal.ch\/en\/mariage-hotel-des-trois-couronnes-a-vevey\/\">Val\u00e9rie and Fr\u00e9d\u00e9ric\u2019s wedding at the H\u00f4tel des Trois Couronnes in Vevey<\/a><\/p>\t\t\t\t<\/div>\n\t\t\t\t<\/div>\n\t\t\t\t<\/div>\n\t\t\t\t<\/div>\n\t\t\t\t<div data-elementor-type=\"loop-item\" data-elementor-id=\"37252\" class=\"elementor elementor-37252 swiper-slide e-loop-item e-loop-item-45816 post-45816 post type-post status-publish format-standard has-post-thumbnail hentry category-mariage tag-duo tag-lavaux tag-mariage tag-suisse tag-trois-couronnes tag-vaud tag-vevey tag-videaste\" data-elementor-post-type=\"elementor_library\" role=\"group\" aria-roledescription=\"slide\" data-custom-edit-handle=\"1\">\n\t\t\t<div class=\"elementor-element elementor-element-fcfe08c e-con-full e-flex e-con e-parent\" data-id=\"fcfe08c\" data-element_type=\"container\" data-e-type=\"container\" data-settings=\"{&quot;animation&quot;:&quot;none&quot;}\">\n\t\t\t\t<div class=\"elementor-element elementor-element-1fda60f elementor-widget elementor-widget-theme-post-featured-image elementor-widget-image\" data-id=\"1fda60f\" data-element_type=\"widget\" data-e-type=\"widget\" data-widget_type=\"theme-post-featured-image.default\">\n\t\t\t\t<div class=\"elementor-widget-container\">\n\t\t\t\t\t\t\t\t\t\t\t\t\t\t\t\t<a href=\"https:\/\/aigal.ch\/en\/videaste-mariage-hotel-trois-couronnes-vevey\/\">\n\t\t\t\t\t\t\t<img decoding=\"async\" src=\"https:\/\/aigal.ch\/wp-content\/uploads\/elementor\/thumbs\/Teaser_2.1.1-scaled-r0c7qv595prl10g3rqh7q5m13me1buzk9330e6vfgg.jpg\" title=\"Mariage d&rsquo;Eug\u00e9nie et Michel \u00e0 l&rsquo;Hotel des Trois Couronnes\" alt=\"Vid\u00e9aste de mariage \u00e0 Vevey\" loading=\"lazy\" \/>\t\t\t\t\t\t\t\t<\/a>\n\t\t\t\t\t\t\t\t\t\t\t\t\t\t\t<\/div>\n\t\t\t\t<\/div>\n\t\t\t\t<div class=\"elementor-element elementor-element-40e6bae elementor-widget elementor-widget-heading\" data-id=\"40e6bae\" data-element_type=\"widget\" data-e-type=\"widget\" data-widget_type=\"heading.default\">\n\t\t\t\t<div class=\"elementor-widget-container\">\n\t\t\t\t\t<p class=\"elementor-heading-title elementor-size-default\"><a href=\"https:\/\/aigal.ch\/en\/videaste-mariage-hotel-trois-couronnes-vevey\/\">Eug\u00e9nie and Michel\u2019s wedding at the H\u00f4tel des Trois Couronnes in Vevey<\/a><\/p>\t\t\t\t<\/div>\n\t\t\t\t<\/div>\n\t\t\t\t<\/div>\n\t\t\t\t<\/div>\n\t\t\t\t<div data-elementor-type=\"loop-item\" data-elementor-id=\"37252\" class=\"elementor elementor-37252 swiper-slide e-loop-item e-loop-item-46815 post-46815 post type-post status-publish format-standard has-post-thumbnail hentry category-mariage tag-castel-bois-genoud tag-lausanne tag-mariage tag-suisse\" data-elementor-post-type=\"elementor_library\" role=\"group\" aria-roledescription=\"slide\" data-custom-edit-handle=\"1\">\n\t\t\t<div class=\"elementor-element elementor-element-fcfe08c e-con-full e-flex e-con e-parent\" data-id=\"fcfe08c\" data-element_type=\"container\" data-e-type=\"container\" data-settings=\"{&quot;animation&quot;:&quot;none&quot;}\">\n\t\t\t\t<div class=\"elementor-element elementor-element-1fda60f elementor-widget elementor-widget-theme-post-featured-image elementor-widget-image\" data-id=\"1fda60f\" data-element_type=\"widget\" data-e-type=\"widget\" data-widget_type=\"theme-post-featured-image.default\">\n\t\t\t\t<div class=\"elementor-widget-container\">\n\t\t\t\t\t\t\t\t\t\t\t\t\t\t\t\t<a href=\"https:\/\/aigal.ch\/en\/mariage-au-castel-de-bois-genoud-pres-de-lausanne\/\">\n\t\t\t\t\t\t\t<img decoding=\"async\" src=\"https:\/\/aigal.ch\/wp-content\/uploads\/elementor\/thumbs\/Aigal_171844_04947-scaled-r1n6omztshdfktw7orbq0vd0t7b3erndmagu70pzwg.jpg\" title=\"Aigal_171844_04947\" alt=\"Photographe mariage au Castel Bois Genoud Lausanne Vaud\" loading=\"lazy\" \/>\t\t\t\t\t\t\t\t<\/a>\n\t\t\t\t\t\t\t\t\t\t\t\t\t\t\t<\/div>\n\t\t\t\t<\/div>\n\t\t\t\t<div class=\"elementor-element elementor-element-40e6bae elementor-widget elementor-widget-heading\" data-id=\"40e6bae\" data-element_type=\"widget\" data-e-type=\"widget\" data-widget_type=\"heading.default\">\n\t\t\t\t<div class=\"elementor-widget-container\">\n\t\t\t\t\t<p class=\"elementor-heading-title elementor-size-default\"><a href=\"https:\/\/aigal.ch\/en\/mariage-au-castel-de-bois-genoud-pres-de-lausanne\/\">Wedding at Castel de Bois Genoud near Lausanne<\/a><\/p>\t\t\t\t<\/div>\n\t\t\t\t<\/div>\n\t\t\t\t<\/div>\n\t\t\t\t<\/div>\n\t\t\t\t<div data-elementor-type=\"loop-item\" data-elementor-id=\"37252\" class=\"elementor elementor-37252 swiper-slide e-loop-item e-loop-item-47176 post-47176 post type-post status-publish format-standard has-post-thumbnail hentry category-mariage tag-chateau-de-la-ripaille tag-evian-les-bains tag-france tag-geneve tag-mariage tag-thonon-les-bains\" data-elementor-post-type=\"elementor_library\" role=\"group\" aria-roledescription=\"slide\" data-custom-edit-handle=\"1\">\n\t\t\t<div class=\"elementor-element elementor-element-fcfe08c e-con-full e-flex e-con e-parent\" data-id=\"fcfe08c\" data-element_type=\"container\" data-e-type=\"container\" data-settings=\"{&quot;animation&quot;:&quot;none&quot;}\">\n\t\t\t\t<div class=\"elementor-element elementor-element-1fda60f elementor-widget elementor-widget-theme-post-featured-image elementor-widget-image\" data-id=\"1fda60f\" data-element_type=\"widget\" data-e-type=\"widget\" data-widget_type=\"theme-post-featured-image.default\">\n\t\t\t\t<div class=\"elementor-widget-container\">\n\t\t\t\t\t\t\t\t\t\t\t\t\t\t\t\t<a href=\"https:\/\/aigal.ch\/en\/mariage-au-chateau-de-la-ripaille\/\">\n\t\t\t\t\t\t\t<img decoding=\"async\" src=\"https:\/\/aigal.ch\/wp-content\/uploads\/elementor\/thumbs\/Aigal_031905_06418-scaled-r1qjxmwl2mq4ffhq61wzfvni1usha9dxf0t4uap340.jpg\" title=\"Aigal_031905_06418\" alt=\"Mariage ch\u00e2teau de Ripaille\" loading=\"lazy\" \/>\t\t\t\t\t\t\t\t<\/a>\n\t\t\t\t\t\t\t\t\t\t\t\t\t\t\t<\/div>\n\t\t\t\t<\/div>\n\t\t\t\t<div class=\"elementor-element elementor-element-40e6bae elementor-widget elementor-widget-heading\" data-id=\"40e6bae\" data-element_type=\"widget\" data-e-type=\"widget\" data-widget_type=\"heading.default\">\n\t\t\t\t<div class=\"elementor-widget-container\">\n\t\t\t\t\t<p class=\"elementor-heading-title elementor-size-default\"><a href=\"https:\/\/aigal.ch\/en\/mariage-au-chateau-de-la-ripaille\/\">Wedding at Ch\u00e2teau de Ripaille<\/a><\/p>\t\t\t\t<\/div>\n\t\t\t\t<\/div>\n\t\t\t\t<\/div>\n\t\t\t\t<\/div>\n\t\t\t\t<div data-elementor-type=\"loop-item\" data-elementor-id=\"37252\" class=\"elementor elementor-37252 swiper-slide e-loop-item e-loop-item-47509 post-47509 post type-post status-publish format-standard has-post-thumbnail hentry category-mariage category-lieux-de-reception-mariage tag-domaine-de-choully tag-geneve tag-mariage tag-suisse\" data-elementor-post-type=\"elementor_library\" role=\"group\" aria-roledescription=\"slide\" data-custom-edit-handle=\"1\">\n\t\t\t<div class=\"elementor-element elementor-element-fcfe08c e-con-full e-flex e-con e-parent\" data-id=\"fcfe08c\" data-element_type=\"container\" data-e-type=\"container\" data-settings=\"{&quot;animation&quot;:&quot;none&quot;}\">\n\t\t\t\t<div class=\"elementor-element elementor-element-1fda60f elementor-widget elementor-widget-theme-post-featured-image elementor-widget-image\" data-id=\"1fda60f\" data-element_type=\"widget\" data-e-type=\"widget\" data-widget_type=\"theme-post-featured-image.default\">\n\t\t\t\t<div class=\"elementor-widget-container\">\n\t\t\t\t\t\t\t\t\t\t\t\t\t\t\t\t<a href=\"https:\/\/aigal.ch\/en\/mariage-au-domaine-de-choully\/\">\n\t\t\t\t\t\t\t<img decoding=\"async\" src=\"https:\/\/aigal.ch\/wp-content\/uploads\/elementor\/thumbs\/Aigal_271609_01023-scaled-r3fnh0qgayt4kx7iti8n687ko5ywe1xlgdw1g4pc74.jpg\" title=\"Aigal_271609_01023\" alt=\"Mariage au domaine de Choully\" loading=\"lazy\" \/>\t\t\t\t\t\t\t\t<\/a>\n\t\t\t\t\t\t\t\t\t\t\t\t\t\t\t<\/div>\n\t\t\t\t<\/div>\n\t\t\t\t<div class=\"elementor-element elementor-element-40e6bae elementor-widget elementor-widget-heading\" data-id=\"40e6bae\" data-element_type=\"widget\" data-e-type=\"widget\" data-widget_type=\"heading.default\">\n\t\t\t\t<div class=\"elementor-widget-container\">\n\t\t\t\t\t<p class=\"elementor-heading-title elementor-size-default\"><a href=\"https:\/\/aigal.ch\/en\/mariage-au-domaine-de-choully\/\">Wedding at Domaine de Choully<\/a><\/p>\t\t\t\t<\/div>\n\t\t\t\t<\/div>\n\t\t\t\t<\/div>\n\t\t\t\t<\/div>\n\t\t\t\t<div data-elementor-type=\"loop-item\" data-elementor-id=\"37252\" class=\"elementor elementor-37252 swiper-slide e-loop-item e-loop-item-47340 post-47340 post type-post status-publish format-standard has-post-thumbnail hentry category-mariage category-lieux-de-reception-mariage tag-cocktail tag-fiancailles tag-suisse tag-trois-couronnes tag-vevey\" data-elementor-post-type=\"elementor_library\" role=\"group\" aria-roledescription=\"slide\" data-custom-edit-handle=\"1\">\n\t\t\t<div class=\"elementor-element elementor-element-fcfe08c e-con-full e-flex e-con e-parent\" data-id=\"fcfe08c\" data-element_type=\"container\" data-e-type=\"container\" data-settings=\"{&quot;animation&quot;:&quot;none&quot;}\">\n\t\t\t\t<div class=\"elementor-element elementor-element-1fda60f elementor-widget elementor-widget-theme-post-featured-image elementor-widget-image\" data-id=\"1fda60f\" data-element_type=\"widget\" data-e-type=\"widget\" data-widget_type=\"theme-post-featured-image.default\">\n\t\t\t\t<div class=\"elementor-widget-container\">\n\t\t\t\t\t\t\t\t\t\t\t\t\t\t\t\t<a href=\"https:\/\/aigal.ch\/en\/cocktail-fiancailles-mariage-hotel-des-trois-couronnes-vevey\/\">\n\t\t\t\t\t\t\t<img decoding=\"async\" src=\"https:\/\/aigal.ch\/wp-content\/uploads\/elementor\/thumbs\/Aigal_041818_05907-scaled-r3fka5uf6rkrwa1oicwszpmvi638tiydbw33bx06io.jpg\" title=\"Aigal_041818_05907\" alt=\"Photographe mariage Vevey Trois Couronnes\" loading=\"lazy\" \/>\t\t\t\t\t\t\t\t<\/a>\n\t\t\t\t\t\t\t\t\t\t\t\t\t\t\t<\/div>\n\t\t\t\t<\/div>\n\t\t\t\t<div class=\"elementor-element elementor-element-40e6bae elementor-widget elementor-widget-heading\" data-id=\"40e6bae\" data-element_type=\"widget\" data-e-type=\"widget\" data-widget_type=\"heading.default\">\n\t\t\t\t<div class=\"elementor-widget-container\">\n\t\t\t\t\t<p class=\"elementor-heading-title elementor-size-default\"><a href=\"https:\/\/aigal.ch\/en\/cocktail-fiancailles-mariage-hotel-des-trois-couronnes-vevey\/\">Engagement party at h\u00f4tel des Trois Couronnes<\/a><\/p>\t\t\t\t<\/div>\n\t\t\t\t<\/div>\n\t\t\t\t<\/div>\n\t\t\t\t<\/div>\n\t\t\t\t<div data-elementor-type=\"loop-item\" data-elementor-id=\"37252\" class=\"elementor elementor-37252 swiper-slide e-loop-item e-loop-item-45810 post-45810 post type-post status-publish format-standard has-post-thumbnail hentry category-mariage tag-mariage tag-neuchatel tag-neuveville tag-photographe tag-pont-de-thielle tag-suisse\" data-elementor-post-type=\"elementor_library\" role=\"group\" aria-roledescription=\"slide\" data-custom-edit-handle=\"1\">\n\t\t\t<div class=\"elementor-element elementor-element-fcfe08c e-con-full e-flex e-con e-parent\" data-id=\"fcfe08c\" data-element_type=\"container\" data-e-type=\"container\" data-settings=\"{&quot;animation&quot;:&quot;none&quot;}\">\n\t\t\t\t<div class=\"elementor-element elementor-element-1fda60f elementor-widget elementor-widget-theme-post-featured-image elementor-widget-image\" data-id=\"1fda60f\" data-element_type=\"widget\" data-e-type=\"widget\" data-widget_type=\"theme-post-featured-image.default\">\n\t\t\t\t<div class=\"elementor-widget-container\">\n\t\t\t\t\t\t\t\t\t\t\t\t\t\t\t\t<a href=\"https:\/\/aigal.ch\/en\/photographe-mariage-2024-pont-de-thielle\/\">\n\t\t\t\t\t\t\t<img decoding=\"async\" src=\"https:\/\/aigal.ch\/wp-content\/uploads\/elementor\/thumbs\/Aigal_221407_08314-scaled-r0c5iwzfv0blj0ksm6dknbwm5sg4mnlgldi8wxewow.jpg\" title=\"Mariage de Manon &amp; Andy au Pont-de-Thielle\" alt=\"Photographe de mariage au Pont-de-Thielle\" loading=\"lazy\" \/>\t\t\t\t\t\t\t\t<\/a>\n\t\t\t\t\t\t\t\t\t\t\t\t\t\t\t<\/div>\n\t\t\t\t<\/div>\n\t\t\t\t<div class=\"elementor-element elementor-element-40e6bae elementor-widget elementor-widget-heading\" data-id=\"40e6bae\" data-element_type=\"widget\" data-e-type=\"widget\" data-widget_type=\"heading.default\">\n\t\t\t\t<div class=\"elementor-widget-container\">\n\t\t\t\t\t<p class=\"elementor-heading-title elementor-size-default\"><a href=\"https:\/\/aigal.ch\/en\/photographe-mariage-2024-pont-de-thielle\/\">Manon and Andy\u2019s Wedding at Pont-de-Thielle<\/a><\/p>\t\t\t\t<\/div>\n\t\t\t\t<\/div>\n\t\t\t\t<\/div>\n\t\t\t\t<\/div>\n\t\t\t\t<div data-elementor-type=\"loop-item\" data-elementor-id=\"37252\" class=\"elementor elementor-37252 swiper-slide e-loop-item e-loop-item-42528 post-42528 post type-post status-publish format-standard has-post-thumbnail hentry category-mariage tag-geneve tag-mariage tag-prix\" data-elementor-post-type=\"elementor_library\" role=\"group\" aria-roledescription=\"slide\" data-custom-edit-handle=\"1\">\n\t\t\t<div class=\"elementor-element elementor-element-fcfe08c e-con-full e-flex e-con e-parent\" data-id=\"fcfe08c\" data-element_type=\"container\" data-e-type=\"container\" data-settings=\"{&quot;animation&quot;:&quot;none&quot;}\">\n\t\t\t\t<div class=\"elementor-element elementor-element-1fda60f elementor-widget elementor-widget-theme-post-featured-image elementor-widget-image\" data-id=\"1fda60f\" data-element_type=\"widget\" data-e-type=\"widget\" data-widget_type=\"theme-post-featured-image.default\">\n\t\t\t\t<div class=\"elementor-widget-container\">\n\t\t\t\t\t\t\t\t\t\t\t\t\t\t\t\t<a href=\"https:\/\/aigal.ch\/en\/photographe-mariage-geneve-prix\/\">\n\t\t\t\t\t\t\t<img decoding=\"async\" src=\"https:\/\/aigal.ch\/wp-content\/uploads\/elementor\/thumbs\/Photographe_Mariage_Geneve_Drone-scaled-e1630067196142-pc8d59mca8kw5opcroygzibbualv40h2bap03hz4e8.jpg\" title=\"Photographe_Mariage_Geneve_Drone\" alt=\"Photographe Mariage Geneve\" loading=\"lazy\" \/>\t\t\t\t\t\t\t\t<\/a>\n\t\t\t\t\t\t\t\t\t\t\t\t\t\t\t<\/div>\n\t\t\t\t<\/div>\n\t\t\t\t<div class=\"elementor-element elementor-element-40e6bae elementor-widget elementor-widget-heading\" data-id=\"40e6bae\" data-element_type=\"widget\" data-e-type=\"widget\" data-widget_type=\"heading.default\">\n\t\t\t\t<div class=\"elementor-widget-container\">\n\t\t\t\t\t<p class=\"elementor-heading-title elementor-size-default\"><a href=\"https:\/\/aigal.ch\/en\/photographe-mariage-geneve-prix\/\">How much does a wedding photographer cost in Geneva?<\/a><\/p>\t\t\t\t<\/div>\n\t\t\t\t<\/div>\n\t\t\t\t<\/div>\n\t\t\t\t<\/div>\n\t\t\t\t<div data-elementor-type=\"loop-item\" data-elementor-id=\"37252\" class=\"elementor elementor-37252 swiper-slide e-loop-item e-loop-item-42027 post-42027 post type-post status-publish format-standard has-post-thumbnail hentry category-mariage category-civil tag-geneve tag-la-reserve tag-mairie-des-eaux-vives tag-mariage-civil\" data-elementor-post-type=\"elementor_library\" role=\"group\" aria-roledescription=\"slide\" data-custom-edit-handle=\"1\">\n\t\t\t<div class=\"elementor-element elementor-element-fcfe08c e-con-full e-flex e-con e-parent\" data-id=\"fcfe08c\" data-element_type=\"container\" data-e-type=\"container\" data-settings=\"{&quot;animation&quot;:&quot;none&quot;}\">\n\t\t\t\t<div class=\"elementor-element elementor-element-1fda60f elementor-widget elementor-widget-theme-post-featured-image elementor-widget-image\" data-id=\"1fda60f\" data-element_type=\"widget\" data-e-type=\"widget\" data-widget_type=\"theme-post-featured-image.default\">\n\t\t\t\t<div class=\"elementor-widget-container\">\n\t\t\t\t\t\t\t\t\t\t\t\t\t\t\t\t<a href=\"https:\/\/aigal.ch\/en\/mariage-a-la-reserve-a-geneve\/\">\n\t\t\t\t\t\t\t<img decoding=\"async\" src=\"https:\/\/aigal.ch\/wp-content\/uploads\/elementor\/thumbs\/Aigal_0347_09484-qrz58xv29mnffj9tiq0yj7qfg75at9wwo2egdjfksg.jpg\" title=\"Aigal_0347_09484\" alt=\"Mariage \u00e0 La R\u00e9serve Gen\u00e8ve Hotel and Spa\" loading=\"lazy\" \/>\t\t\t\t\t\t\t\t<\/a>\n\t\t\t\t\t\t\t\t\t\t\t\t\t\t\t<\/div>\n\t\t\t\t<\/div>\n\t\t\t\t<div class=\"elementor-element elementor-element-40e6bae elementor-widget elementor-widget-heading\" data-id=\"40e6bae\" data-element_type=\"widget\" data-e-type=\"widget\" data-widget_type=\"heading.default\">\n\t\t\t\t<div class=\"elementor-widget-container\">\n\t\t\t\t\t<p class=\"elementor-heading-title elementor-size-default\"><a href=\"https:\/\/aigal.ch\/en\/mariage-a-la-reserve-a-geneve\/\">Alicia and Baseem\u2019s Wedding at La R\u00e9serve in Geneva<\/a><\/p>\t\t\t\t<\/div>\n\t\t\t\t<\/div>\n\t\t\t\t<\/div>\n\t\t\t\t<\/div>\n\t\t\t\t<div data-elementor-type=\"loop-item\" data-elementor-id=\"37252\" class=\"elementor elementor-37252 swiper-slide e-loop-item e-loop-item-40979 post-40979 post type-post status-publish format-standard has-post-thumbnail hentry category-mariage category-lieux-de-reception-mariage tag-chartreuse-de-pomier\" data-elementor-post-type=\"elementor_library\" role=\"group\" aria-roledescription=\"slide\" data-custom-edit-handle=\"1\">\n\t\t\t<div class=\"elementor-element elementor-element-fcfe08c e-con-full e-flex e-con e-parent\" data-id=\"fcfe08c\" data-element_type=\"container\" data-e-type=\"container\" data-settings=\"{&quot;animation&quot;:&quot;none&quot;}\">\n\t\t\t\t<div class=\"elementor-element elementor-element-1fda60f elementor-widget elementor-widget-theme-post-featured-image elementor-widget-image\" data-id=\"1fda60f\" data-element_type=\"widget\" data-e-type=\"widget\" data-widget_type=\"theme-post-featured-image.default\">\n\t\t\t\t<div class=\"elementor-widget-container\">\n\t\t\t\t\t\t\t\t\t\t\t\t\t\t\t\t<a href=\"https:\/\/aigal.ch\/en\/domaine-la-chartreuse-de-pomier-lieu-ideal-mariage\/\">\n\t\t\t\t\t\t\t<img decoding=\"async\" src=\"https:\/\/aigal.ch\/wp-content\/uploads\/elementor\/thumbs\/Aigal_Panorama_Chartreuse_Pomier-qrz57x7cv398uqr2gs6ibyzga65zh2vdj0yinqxxj4.jpg\" title=\"Mariage de Laetitia et Grianfranco\" alt=\"Mariage de Laetitia et Grianfranco \u00e0 la Chartreuse de Pomier\" loading=\"lazy\" \/>\t\t\t\t\t\t\t\t<\/a>\n\t\t\t\t\t\t\t\t\t\t\t\t\t\t\t<\/div>\n\t\t\t\t<\/div>\n\t\t\t\t<div class=\"elementor-element elementor-element-40e6bae elementor-widget elementor-widget-heading\" data-id=\"40e6bae\" data-element_type=\"widget\" data-e-type=\"widget\" data-widget_type=\"heading.default\">\n\t\t\t\t<div class=\"elementor-widget-container\">\n\t\t\t\t\t<p class=\"elementor-heading-title elementor-size-default\"><a href=\"https:\/\/aigal.ch\/en\/domaine-la-chartreuse-de-pomier-lieu-ideal-mariage\/\">Domaine de la Chartreuse de Pomier: The perfect venue for your wedding<\/a><\/p>\t\t\t\t<\/div>\n\t\t\t\t<\/div>\n\t\t\t\t<\/div>\n\t\t\t\t<\/div>\n\t\t\t\t<div data-elementor-type=\"loop-item\" data-elementor-id=\"37252\" class=\"elementor elementor-37252 swiper-slide e-loop-item e-loop-item-41363 post-41363 post type-post status-publish format-standard has-post-thumbnail hentry category-mariage category-lieux-de-reception-mariage tag-cologny\" data-elementor-post-type=\"elementor_library\" role=\"group\" aria-roledescription=\"slide\" data-custom-edit-handle=\"1\">\n\t\t\t<div class=\"elementor-element elementor-element-fcfe08c e-con-full e-flex e-con e-parent\" data-id=\"fcfe08c\" data-element_type=\"container\" data-e-type=\"container\" data-settings=\"{&quot;animation&quot;:&quot;none&quot;}\">\n\t\t\t\t<div class=\"elementor-element elementor-element-1fda60f elementor-widget elementor-widget-theme-post-featured-image elementor-widget-image\" data-id=\"1fda60f\" data-element_type=\"widget\" data-e-type=\"widget\" data-widget_type=\"theme-post-featured-image.default\">\n\t\t\t\t<div class=\"elementor-widget-container\">\n\t\t\t\t\t\t\t\t\t\t\t\t\t\t\t\t<a href=\"https:\/\/aigal.ch\/en\/mariage-au-temple-de-cologny-et-a-lauberge-le-lion-dor\/\">\n\t\t\t\t\t\t\t<img decoding=\"async\" src=\"https:\/\/aigal.ch\/wp-content\/uploads\/elementor\/thumbs\/Aigal_0009_03647-qrz58d6m39v4c43uvh360cyadpz83xmt981rtga8lc.jpg\" title=\"Aigal_0009_03647\" alt=\"Mariage au temple de Cologny\" loading=\"lazy\" \/>\t\t\t\t\t\t\t\t<\/a>\n\t\t\t\t\t\t\t\t\t\t\t\t\t\t\t<\/div>\n\t\t\t\t<\/div>\n\t\t\t\t<div class=\"elementor-element elementor-element-40e6bae elementor-widget elementor-widget-heading\" data-id=\"40e6bae\" data-element_type=\"widget\" data-e-type=\"widget\" data-widget_type=\"heading.default\">\n\t\t\t\t<div class=\"elementor-widget-container\">\n\t\t\t\t\t<p class=\"elementor-heading-title elementor-size-default\"><a href=\"https:\/\/aigal.ch\/en\/mariage-au-temple-de-cologny-et-a-lauberge-le-lion-dor\/\">Wedding at the Cologny temple and auberge le Lion d\u2019Or<\/a><\/p>\t\t\t\t<\/div>\n\t\t\t\t<\/div>\n\t\t\t\t<\/div>\n\t\t\t\t<\/div>\n\t\t\t\t<div data-elementor-type=\"loop-item\" data-elementor-id=\"37252\" class=\"elementor elementor-37252 swiper-slide e-loop-item e-loop-item-41213 post-41213 post type-post status-publish format-standard has-post-thumbnail hentry category-mariage category-civil tag-civil tag-geneve tag-mariage tag-vandoeuvres tag-yatch-club\" data-elementor-post-type=\"elementor_library\" role=\"group\" aria-roledescription=\"slide\" data-custom-edit-handle=\"1\">\n\t\t\t<div class=\"elementor-element elementor-element-fcfe08c e-con-full e-flex e-con e-parent\" data-id=\"fcfe08c\" data-element_type=\"container\" data-e-type=\"container\" data-settings=\"{&quot;animation&quot;:&quot;none&quot;}\">\n\t\t\t\t<div class=\"elementor-element elementor-element-1fda60f elementor-widget elementor-widget-theme-post-featured-image elementor-widget-image\" data-id=\"1fda60f\" data-element_type=\"widget\" data-e-type=\"widget\" data-widget_type=\"theme-post-featured-image.default\">\n\t\t\t\t<div class=\"elementor-widget-container\">\n\t\t\t\t\t\t\t\t\t\t\t\t\t\t\t\t<a href=\"https:\/\/aigal.ch\/en\/mariage-annabel-cedric-mairie-vandoeuvres\/\">\n\t\t\t\t\t\t\t<img decoding=\"async\" src=\"https:\/\/aigal.ch\/wp-content\/uploads\/elementor\/thumbs\/Aigal_0167_01355-qrz594fxlgwfot09gavcio2nlw8vb5n10yyuqh5tkw.jpg\" title=\"Aigal_0167_01355\" alt=\"Mariage \u00e0 la mairie de Vand\u0153uvres\" loading=\"lazy\" \/>\t\t\t\t\t\t\t\t<\/a>\n\t\t\t\t\t\t\t\t\t\t\t\t\t\t\t<\/div>\n\t\t\t\t<\/div>\n\t\t\t\t<div class=\"elementor-element elementor-element-40e6bae elementor-widget elementor-widget-heading\" data-id=\"40e6bae\" data-element_type=\"widget\" data-e-type=\"widget\" data-widget_type=\"heading.default\">\n\t\t\t\t<div class=\"elementor-widget-container\">\n\t\t\t\t\t<p class=\"elementor-heading-title elementor-size-default\"><a href=\"https:\/\/aigal.ch\/en\/mariage-annabel-cedric-mairie-vandoeuvres\/\">Annabel and C\u00e9dric\u2019s Wedding in Vand\u0153uvres<\/a><\/p>\t\t\t\t<\/div>\n\t\t\t\t<\/div>\n\t\t\t\t<\/div>\n\t\t\t\t<\/div>\n\t\t\t\t<\/div>\n\t\t<\/div>\n\t\t\t\t\t<div class=\"elementor-swiper-button elementor-swiper-button-prev\" role=\"button\" tabindex=\"0\" aria-label=\"Previous\">\n\t\t\t\t<svg aria-hidden=\"true\" class=\"e-font-icon-svg e-eicon-chevron-left\" viewbox=\"0 0 1000 1000\" xmlns=\"http:\/\/www.w3.org\/2000\/svg\"><path d=\"M646 125C629 125 613 133 604 142L308 442C296 454 292 471 292 487 292 504 296 521 308 533L604 854C617 867 629 875 646 875 663 875 679 871 692 858 704 846 713 829 713 812 713 796 708 779 692 767L438 487 692 225C700 217 708 204 708 187 708 171 704 154 692 142 675 129 663 125 646 125Z\"><\/path><\/svg>\t\t\t<\/div>\n\t\t\t<div class=\"elementor-swiper-button elementor-swiper-button-next\" role=\"button\" tabindex=\"0\" aria-label=\"Next\">\n\t\t\t\t<svg aria-hidden=\"true\" class=\"e-font-icon-svg e-eicon-chevron-right\" viewbox=\"0 0 1000 1000\" xmlns=\"http:\/\/www.w3.org\/2000\/svg\"><path d=\"M696 533C708 521 713 504 713 487 713 471 708 454 696 446L400 146C388 133 375 125 354 125 338 125 325 129 313 142 300 154 292 171 292 187 292 204 296 221 308 233L563 492 304 771C292 783 288 800 288 817 288 833 296 850 308 863 321 871 338 875 354 875 371 875 388 867 400 854L696 533Z\"><\/path><\/svg>\t\t\t<\/div>\n\t\t\t\t\t<div class=\"swiper-pagination\"><\/div>\n\t\t\t\t\t\t<\/div>\n\t\t\t\t<\/div>\n\t\t\t\t<div class=\"elementor-element elementor-element-d02663c elementor-widget elementor-widget-heading\" data-id=\"d02663c\" data-element_type=\"widget\" data-e-type=\"widget\" data-widget_type=\"heading.default\">\n\t\t\t\t<div class=\"elementor-widget-container\">\n\t\t\t\t\t<p class=\"elementor-heading-title elementor-size-default\"><a href=\"https:\/\/aigal.ch\/blog-actualites-mariage-geneve\/\">Read the Journal \u203a<\/a><\/p>\t\t\t\t<\/div>\n\t\t\t\t<\/div>\n\t\t\t\t\t<\/div>\n\t\t\t\t<\/div>\n\t\t<div class=\"elementor-element elementor-element-3baa4d7 e-flex e-con-boxed e-con e-parent\" data-id=\"3baa4d7\" data-element_type=\"container\" data-e-type=\"container\" data-settings=\"{&quot;background_background&quot;:&quot;classic&quot;}\">\n\t\t\t\t\t<div class=\"e-con-inner\">\n\t\t\t\t<div class=\"elementor-element elementor-element-314e97d elementor-widget__width-inherit elementor-widget elementor-widget-heading\" data-id=\"314e97d\" data-element_type=\"widget\" data-e-type=\"widget\" data-widget_type=\"heading.default\">\n\t\t\t\t<div class=\"elementor-widget-container\">\n\t\t\t\t\t<h2 class=\"elementor-heading-title elementor-size-default\">Behind Aigal Wedding<\/h2>\t\t\t\t<\/div>\n\t\t\t\t<\/div>\n\t\t\t\t<div class=\"elementor-element elementor-element-f8cc7ff elementor-widget__width-initial elementor-widget-mobile__width-auto elementor-widget elementor-widget-text-editor\" data-id=\"f8cc7ff\" data-element_type=\"widget\" data-e-type=\"widget\" data-widget_type=\"text-editor.default\">\n\t\t\t\t<div class=\"elementor-widget-container\">\n\t\t\t\t\t\t\t\t\t<p>\u00ab\u00a0Emeric Caron is a film director and professional photographer based in Geneva, and the founder of Aigal Studio.<\/p><p>Over the years, he has established himself with a distinctive artistic identity.<\/p><p>Since 2017, through the Aigal Wedding brand, he has been capturing the precious moments of weddings through both photography and film. His style, instantly recognizable, draws inspiration from fashion, cinema, and music, creating cinematic and emotion-filled imagery.<\/p><p>Based in Geneva, he guides couples across Switzerland, France, and internationally, capturing each union with passion and precision.\u00a0\u00bb<\/p>\t\t\t\t\t\t\t\t<\/div>\n\t\t\t\t<\/div>\n\t\t\t\t<div class=\"elementor-element elementor-element-a995141 elementor-widget__width-initial elementor-widget-mobile__width-auto elementor-widget-tablet__width-initial elementor-widget elementor-widget-image\" data-id=\"a995141\" data-element_type=\"widget\" data-e-type=\"widget\" data-widget_type=\"image.default\">\n\t\t\t\t<div class=\"elementor-widget-container\">\n\t\t\t\t\t\t\t\t\t\t\t\t\t\t\t<img decoding=\"async\" width=\"2048\" height=\"2048\" src=\"https:\/\/aigal.ch\/wp-content\/uploads\/2024\/08\/A5_00434.avif\" class=\"attachment-full size-full wp-image-44417\" alt=\"Emeric Caron, photographe et vid\u00e9aste de mariage \u00e0 Gen\u00e8ve\" srcset=\"https:\/\/aigal.ch\/wp-content\/uploads\/2024\/08\/A5_00434.avif 2048w, https:\/\/aigal.ch\/wp-content\/uploads\/2024\/08\/A5_00434-768x768.avif 768w, https:\/\/aigal.ch\/wp-content\/uploads\/2024\/08\/A5_00434-1536x1536.avif 1536w, https:\/\/aigal.ch\/wp-content\/uploads\/2024\/08\/A5_00434-12x12.avif 12w\" sizes=\"(max-width: 2048px) 100vw, 2048px\" title=\"\">\t\t\t\t\t\t\t\t\t\t\t\t\t\t\t<\/div>\n\t\t\t\t<\/div>\n\t\t\t\t\t<\/div>\n\t\t\t\t<\/div>\n\t\t\t\t<\/div>","protected":false},"excerpt":{"rendered":"<p>Des images authenthiques, naturellement raffin\u00e9. J&rsquo;immortalise votre union par une photographie de mariage subtile, po\u00e9tique, qui vous touchera pendant des ann\u00e9es. Je capture des moments intemporels, cr\u00e9ant des souvenirs \u00e0 transmettre et \u00e0 ch\u00e9rir de g\u00e9n\u00e9ration en g\u00e9n\u00e9ration. Nos services Photographe \u203a Des photographies \u00e9l\u00e9gantes et intemporelles pour votre mariage. Vid\u00e9aste \u203a Des vid\u00e9os de [&hellip;]<\/p>\n","protected":false},"author":1,"featured_media":38691,"parent":0,"menu_order":1,"comment_status":"closed","ping_status":"closed","template":"elementor_theme","meta":{"_acf_changed":false,"footnotes":""},"class_list":["post-36","page","type-page","status-publish","has-post-thumbnail","hentry"],"acf":[],"_links":{"self":[{"href":"https:\/\/aigal.ch\/en\/wp-json\/wp\/v2\/pages\/36","targetHints":{"allow":["GET"]}}],"collection":[{"href":"https:\/\/aigal.ch\/en\/wp-json\/wp\/v2\/pages"}],"about":[{"href":"https:\/\/aigal.ch\/en\/wp-json\/wp\/v2\/types\/page"}],"author":[{"embeddable":true,"href":"https:\/\/aigal.ch\/en\/wp-json\/wp\/v2\/users\/1"}],"replies":[{"embeddable":true,"href":"https:\/\/aigal.ch\/en\/wp-json\/wp\/v2\/comments?post=36"}],"version-history":[{"count":57,"href":"https:\/\/aigal.ch\/en\/wp-json\/wp\/v2\/pages\/36\/revisions"}],"predecessor-version":[{"id":48530,"href":"https:\/\/aigal.ch\/en\/wp-json\/wp\/v2\/pages\/36\/revisions\/48530"}],"wp:featuredmedia":[{"embeddable":true,"href":"https:\/\/aigal.ch\/en\/wp-json\/wp\/v2\/media\/38691"}],"wp:attachment":[{"href":"https:\/\/aigal.ch\/en\/wp-json\/wp\/v2\/media?parent=36"}],"curies":[{"name":"wp","href":"https:\/\/api.w.org\/{rel}","templated":true}]}}